{"id":25297,"date":"2016-05-11T12:20:51","date_gmt":"2016-05-11T10:20:51","guid":{"rendered":"http:\/\/www.elmar-schmidinger.at\/hk5\/projekt\/nh-jenbach-2\/"},"modified":"2025-10-20T10:41:26","modified_gmt":"2025-10-20T08:41:26","slug":"nh-jenbach-2","status":"publish","type":"projekt","link":"https:\/\/www.hkarchitekten.at\/de\/projekt\/nh-jenbach-2\/","title":{"rendered":"Herbert von Pichler Stra\u00dfe BA 2, Jenbach"},"content":{"rendered":"<p><strong>Mehrgeschossige Wohnanlage mit 67 Wohnungen in Holzbauweise und im Passivhausstandard.<\/strong><\/p>\n<p>Mehrgeschossiger Wohnbau in Holz wird immer mehr gerade im Mietwohnungsbau als Alternative zu herk\u00f6mmlichen Bauten gesehen. Dabei erhofft man sich neben der durchaus belegbaren Verminderung der CO<sub>2<\/sub> Belastung (ca. Faktor 3) durch die Herstellung des Bauwerkes selbst eine Alternative zur herk\u00f6mmlichen Materialwelt im Mehrwohnungsbau. So errichtet der gemeinn\u00fctzige Wohnbautr\u00e4ger Neue Heimat Tirol auf den Niederm\u00fchlbichler Gr\u00fcnden in Jenbach eine Wohnanlage mit 67 Wohnungen in Holzbauweise und im Passivhausstandard. (Energieeinsparung f\u00fcr den Betrieb ca. Faktor 4 gegen\u00fcber Niedrigenergiehaus) Diese Anlage ist bereits der dritte Holzwohnbau der NHT, jedoch der erste in Passivhausqualit\u00e4t. Hier soll evolution\u00e4r ein weiterer Erfahrungsbaustein dazukommen und zudem ein Projekt entstehen, das in die Zukunft weist. Im ersten Bauabschnitt werden 42 Einheiten errichtet. Dieser bildet einen Hof, von dem aus alle Wohnungen erschlossen werden und der als Kinderspielfl\u00e4che sowie gro\u00dfer Kommunikationsraum angeboten wird. Es sind hier auch alle gro\u00dfen Wohnungen angeordnet, ein familiengerechtes Wohnen ist hier das Hauptthema.<\/p>\n<p>Der zweite Bauabschnitt mit 25 Einheiten ist auf Grund des Grundst\u00fcckszuschnittes zeilenf\u00f6rmig mit guter S\u00fcdorientierung angeordnet. Tiefgaragen mit einem Fassungsverm\u00f6gen von 107 Stellpl\u00e4tzen \u00fcbernehmen den Hauptanteil des ruhenden Verkehrs, die Besucherparkpl\u00e4tze sind entlang der Herbert von Pichler Stra\u00dfe situiert. |<br \/>\n~<\/p>\n<p>Alle Wohnungen sind in jeweils drei \u00fcbereinander liegenden Geschossen untergebracht. Den ebenerdigen Wohnungen ist ein privater Garten zugeordnet. Die Wohnbereiche haben raumhohe Fenster zu den vorgelagerten, \u00fcberdeckten Terrassen hin, welche nach S\u00fcden bzw. Westen ausgerichtet sind. Die vorwiegend nord- und ostseitig gelegenen Schlafr\u00e4ume haben kleinere Fenster mit Klappl\u00e4den. Die Wohnh\u00e4user sind als Passivh\u00e4user konzipiert und bekommen eine kontrollierte Be- und Entl\u00fcftung mit W\u00e4rmer\u00fcckgewinnung. Der Restenergiebedarf wird mit Gas gedeckt, die Beheizung erfolgt \u00fcber Fu\u00dfbodenheizung. Die Warmwasserbereitung erfolgt dezentral \u00fcber Sonnenkollektoren f\u00fcr jedes Haus getrennt.<\/p>\n<p>Die Au\u00dfenfassade wird mit natubelassener L\u00e4rchenholzschalung ausgef\u00fchrt, ebenso die Fenster. Als farbliche Differenzierung werden die Drehl\u00e4den der Fenster farbig gestaltet, eine Reminiszenz an historische Holzbauten. In den Wohnungen ist das Konstruktionsmaterial des Hauses durch die sichtbaren Holzdecken erlebbar.<\/p>\n","protected":false},"excerpt":{"rendered":"<p>Mehrgeschossige Wohnanlage mit 67 Wohnungen in Holzbauweise und im Passivhausstandard.<\/p>\n","protected":false},"featured_media":33194,"template":"","tags":[231],"publik":[975],"projekt-art":[957],"projekt-land":[938],"projekt-status":[943],"projekt-kategorie":[929,919],"projektphase":[549],"class_list":["post-25297","projekt","type-projekt","status-publish","has-post-thumbnail","hentry","tag-wohnanlage","publik-projektbeschreibung","projekt-art-neubau","projekt-land-oesterreich","projekt-status-fertiggestellt","projekt-kategorie-mehrfamilienhaus","projekt-kategorie-wohnen","projektkategorie-mehrfamilienhaus","projektphase-herbert-von-pichler-strasse"],"acf":[],"_links":{"self":[{"href":"https:\/\/www.hkarchitekten.at\/de\/wp-json\/wp\/v2\/projekt\/25297","targetHints":{"allow":["GET"]}}],"collection":[{"href":"https:\/\/www.hkarchitekten.at\/de\/wp-json\/wp\/v2\/projekt"}],"about":[{"href":"https:\/\/www.hkarchitekten.at\/de\/wp-json\/wp\/v2\/types\/projekt"}],"wp:featuredmedia":[{"embeddable":true,"href":"https:\/\/www.hkarchitekten.at\/de\/wp-json\/wp\/v2\/media\/33194"}],"wp:attachment":[{"href":"https:\/\/www.hkarchitekten.at\/de\/wp-json\/wp\/v2\/media?parent=25297"}],"wp:term":[{"taxonomy":"post_tag","embeddable":true,"href":"https:\/\/www.hkarchitekten.at\/de\/wp-json\/wp\/v2\/tags?post=25297"},{"taxonomy":"publik","embeddable":true,"href":"https:\/\/www.hkarchitekten.at\/de\/wp-json\/wp\/v2\/publik?post=25297"},{"taxonomy":"projekt-art","embeddable":true,"href":"https:\/\/www.hkarchitekten.at\/de\/wp-json\/wp\/v2\/projekt-art?post=25297"},{"taxonomy":"projekt-land","embeddable":true,"href":"https:\/\/www.hkarchitekten.at\/de\/wp-json\/wp\/v2\/projekt-land?post=25297"},{"taxonomy":"projekt-status","embeddable":true,"href":"https:\/\/www.hkarchitekten.at\/de\/wp-json\/wp\/v2\/projekt-status?post=25297"},{"taxonomy":"projekt-kategorie","embeddable":true,"href":"https:\/\/www.hkarchitekten.at\/de\/wp-json\/wp\/v2\/projekt-kategorie?post=25297"},{"taxonomy":"projektphase","embeddable":true,"href":"https:\/\/www.hkarchitekten.at\/de\/wp-json\/wp\/v2\/projektphase?post=25297"}],"curies":[{"name":"wp","href":"https:\/\/api.w.org\/{rel}","templated":true}]}}