{"id":51854,"date":"2018-07-23T14:40:26","date_gmt":"2018-07-23T12:40:26","guid":{"rendered":"http:\/\/www.hkarchitekten.at\/?post_type=projekt&#038;p=51854"},"modified":"2025-10-15T12:51:06","modified_gmt":"2025-10-15T10:51:06","slug":"tum-forschungs-und-lehrstation-berchtesgarden","status":"publish","type":"projekt","link":"https:\/\/www.hkarchitekten.at\/de\/projekt\/tum-forschungs-und-lehrstation-berchtesgarden\/","title":{"rendered":"TUM Forschungsstation Friedrich N. Schwarz, Berchtesgaden"},"content":{"rendered":"<p><strong>Ein Haus f\u00fcr die Wissenschaft in alpiner H\u00f6henlage.<br \/>\n<\/strong><br \/>\nDie Technische Universit\u00e4t M\u00fcnchen w\u00e4hlte ein Waldst\u00fcck auf 1.262 Metern Seeh\u00f6he \u00fcber der Nationalparkstadt Berchtesgaden als Baugrund f\u00fcr ihre Forschungsstation. Um den Boden zu schonen und \u00fcberfl\u00fcssige Aufsch\u00fcttungen zu vermeiden, bindet sich das dreist\u00f6ckige Volumen schl\u00fcssig in den Gel\u00e4ndeverlauf.<\/p>\n<p>Das Untergeschoss steht an seiner R\u00fcckseite im steil abfallenden Hang, so k\u00f6nnen alle drei Ebenen des Geb\u00e4udes direkt erschlossen werden.\u00a0 Durch eine gro\u00dfz\u00fcgig dimensionierte Eingangshalle gelangt der Besucher entweder direkt in das Stiegenhaus oder \u00fcber einen Trockenraum zu den Laboratorien und Lagern. Im Bereich der K\u00fchl- und Vorratskammern f\u00fchrt eine zweite Vertikalerschlie\u00dfung mit Treppenlift in das dar\u00fcber liegende Erdgeschoss, welches so barrierefrei zug\u00e4nglich wird. Der teilbare Gast- und Seminarraum mit Zugang zur \u00fcberdeckten Terrasse kann durch eine gut ausgestatteten Gastrok\u00fcche verpflegt werden. Die angrenzende B\u00fcrostube verf\u00fcgt \u00fcber eine Nasszelle und ist bei Bedarf als rollstuhlgerechtes G\u00e4stezimmer zu nutzen. Im oberen Stockwerk liegen die Schlafbereiche f\u00fcr insgesamt 44 Personen. Je zwei der Vierbett-Kojen werden \u00fcber eine Duschkammer miteinander verbunden, die R\u00e4ume f\u00fcr Dozenten haben eigene Badezimmer.<\/p>\n<p>Die erdber\u00fchrten Strukturen des Geb\u00e4udes sind in Stahlbeton ausgef\u00fchrt, alle anderen raumbildenden Bauteile aber in Massivholz. Die Au\u00dfenw\u00e4nde wurden aus Kreuzlagerholz-Platten errichtet, die Unterkonstruktion des Blechdaches hingegen aus Massivholzdielen, die auch bei den Geschossdecken im Verbundsystem mit Stahlbeton eingesetzt wurden. Sowohl die hinterl\u00fcftete Fassade als auch das Holzt\u00e4fer der Innenr\u00e4ume sind aus unbehandelten Fichtenbrettern gef\u00fcgt. |<\/p>\n<p>Das Hauses wurde als komplett autark konzipiert. Ein leistungsstarkes Hybridmodul aus Photovoltaik und Solarthermie sowie ein Blockheizkraftwerk auf Raps\u00f6lbasis sorgen f\u00fcr die Energie- und W\u00e4rmegewinnung, w\u00e4hrend aufbereitetes Oberfl\u00e4chenwasser und eine biologische Kleinkl\u00e4ranlage die sanit\u00e4ren Bed\u00fcrfnisse abdecken.<\/p>\n","protected":false},"excerpt":{"rendered":"<p>Ein Haus f\u00fcr die Wissenschaft in alpiner H\u00f6henlage. Die Technische Universit\u00e4t M\u00fcnchen w\u00e4hlte ein Waldst\u00fcck auf 1.262 Metern Seeh\u00f6he \u00fcber der Nationalparkstadt Berchtesgaden als Baugrund f\u00fcr ihre Forschungsstation. Um den Boden zu schonen und \u00fcberfl\u00fcssige Aufsch\u00fcttungen zu vermeiden, bindet sich das dreist\u00f6ckige Volumen schl\u00fcssig in den Gel\u00e4ndeverlauf. Das Untergeschoss steht an seiner R\u00fcckseite im steil [&hellip;]<\/p>\n","protected":false},"featured_media":91245,"template":"","tags":[],"publik":[975],"projekt-art":[957],"projekt-land":[939],"projekt-status":[943],"projekt-kategorie":[918],"projektphase":[],"class_list":["post-51854","projekt","type-projekt","status-publish","has-post-thumbnail","hentry","publik-projektbeschreibung","projekt-art-neubau","projekt-land-deutschland","projekt-status-fertiggestellt","projekt-kategorie-bildung","projektkategorie-oeffentlich"],"acf":[],"_links":{"self":[{"href":"https:\/\/www.hkarchitekten.at\/de\/wp-json\/wp\/v2\/projekt\/51854","targetHints":{"allow":["GET"]}}],"collection":[{"href":"https:\/\/www.hkarchitekten.at\/de\/wp-json\/wp\/v2\/projekt"}],"about":[{"href":"https:\/\/www.hkarchitekten.at\/de\/wp-json\/wp\/v2\/types\/projekt"}],"wp:featuredmedia":[{"embeddable":true,"href":"https:\/\/www.hkarchitekten.at\/de\/wp-json\/wp\/v2\/media\/91245"}],"wp:attachment":[{"href":"https:\/\/www.hkarchitekten.at\/de\/wp-json\/wp\/v2\/media?parent=51854"}],"wp:term":[{"taxonomy":"post_tag","embeddable":true,"href":"https:\/\/www.hkarchitekten.at\/de\/wp-json\/wp\/v2\/tags?post=51854"},{"taxonomy":"publik","embeddable":true,"href":"https:\/\/www.hkarchitekten.at\/de\/wp-json\/wp\/v2\/publik?post=51854"},{"taxonomy":"projekt-art","embeddable":true,"href":"https:\/\/www.hkarchitekten.at\/de\/wp-json\/wp\/v2\/projekt-art?post=51854"},{"taxonomy":"projekt-land","embeddable":true,"href":"https:\/\/www.hkarchitekten.at\/de\/wp-json\/wp\/v2\/projekt-land?post=51854"},{"taxonomy":"projekt-status","embeddable":true,"href":"https:\/\/www.hkarchitekten.at\/de\/wp-json\/wp\/v2\/projekt-status?post=51854"},{"taxonomy":"projekt-kategorie","embeddable":true,"href":"https:\/\/www.hkarchitekten.at\/de\/wp-json\/wp\/v2\/projekt-kategorie?post=51854"},{"taxonomy":"projektphase","embeddable":true,"href":"https:\/\/www.hkarchitekten.at\/de\/wp-json\/wp\/v2\/projektphase?post=51854"}],"curies":[{"name":"wp","href":"https:\/\/api.w.org\/{rel}","templated":true}]}}