{"id":92547,"date":"2026-01-14T08:01:44","date_gmt":"2026-01-14T07:01:44","guid":{"rendered":"https:\/\/www.hkarchitekten.at\/?post_type=aktivitaet&#038;p=92547"},"modified":"2026-01-14T09:41:13","modified_gmt":"2026-01-14T08:41:13","slug":"alpitechture-fachexkursion-mit-skifahren-skigebiet-nebelhorn-oberstdorf","status":"publish","type":"aktivitaet","link":"https:\/\/www.hkarchitekten.at\/v80\/de\/aktivitaet\/alpitechture-fachexkursion-mit-skifahren-skigebiet-nebelhorn-oberstdorf\/","title":{"rendered":"Alpitechture Fachexkursion mit Skifahren &#8211; am 19.03. im Skigebiet Nebelhorn, Oberstdorf"},"content":{"rendered":"\n<p>Vom 19. bis 22. M\u00e4rz 2026 ladet der Veranstalter ap35 ein, gemeinsam die faszinierende alpine Architektur dreier L\u00e4nder \u2013 vom Allg\u00e4u \u00fcber Tirol bis nach S\u00fcdtirol \u2013 zu erkunden. Die viert\u00e4gige Reise bietet ein kuratiertes Format f\u00fcr Architekturb\u00fcros, Bau- und Fachplaner, bei dem hochkar\u00e4tige alpine Baukultur mit Bewegung, Landschaftserlebnis und intensivem Austausch verbunden wird.<\/p>\n\n\n\n<p><\/p>\n\n\n\n<p>Wir freuen uns sehr dar\u00fcber, dass unsere Architektur im Zuge dieser Veranstaltung ausgew\u00e4hlt wurde. <\/p>\n\n\n\n<p><\/p>\n\n\n\n<p>Projektinfo: <\/p>\n\n\n\n<p><a href=\"https:\/\/www.hkarchitekten.at\/de\/projekt\/nebelhornbahn-gipfelrestaurant\/\">Gipfelrestaurant Nebelhornbahn, Oberstdorf<\/a><\/p>\n\n\n\n<p><a href=\"https:\/\/www.hkarchitekten.at\/de\/projekt\/nebelhornbahn-talstation-oberstdorf-kleinwalsertal\/\">Talstation Nebelhornbahn, Oberstdorf<\/a><\/p>\n\n\n\n<p><\/p>\n","protected":false},"excerpt":{"rendered":"<p>Vom 19. bis 22. M\u00e4rz 2026 ladet der Veranstalter ap35 ein, gemeinsam die faszinierende alpine Architektur dreier L\u00e4nder \u2013 vom Allg\u00e4u \u00fcber Tirol bis nach S\u00fcdtirol \u2013 zu erkunden. Die viert\u00e4gige Reise bietet ein kuratiertes Format f\u00fcr Architekturb\u00fcros, Bau- und Fachplaner, bei dem hochkar\u00e4tige alpine Baukultur mit Bewegung, Landschaftserlebnis und intensivem Austausch verbunden wird. Wir [&hellip;]<\/p>\n","protected":false},"author":9,"featured_media":41278,"template":"","tags":[],"aktivitaeten-kategorie":[1090,637,424],"class_list":["post-92547","aktivitaet","type-aktivitaet","status-publish","has-post-thumbnail","hentry","aktivitaeten-kategorie-exkursion","aktivitaeten-kategorie-projekt","aktivitaeten-kategorie-veranstaltung"],"acf":[],"_links":{"self":[{"href":"https:\/\/www.hkarchitekten.at\/v80\/de\/wp-json\/wp\/v2\/aktivitaet\/92547","targetHints":{"allow":["GET"]}}],"collection":[{"href":"https:\/\/www.hkarchitekten.at\/v80\/de\/wp-json\/wp\/v2\/aktivitaet"}],"about":[{"href":"https:\/\/www.hkarchitekten.at\/v80\/de\/wp-json\/wp\/v2\/types\/aktivitaet"}],"author":[{"embeddable":true,"href":"https:\/\/www.hkarchitekten.at\/v80\/de\/wp-json\/wp\/v2\/users\/9"}],"version-history":[{"count":2,"href":"https:\/\/www.hkarchitekten.at\/v80\/de\/wp-json\/wp\/v2\/aktivitaet\/92547\/revisions"}],"predecessor-version":[{"id":92552,"href":"https:\/\/www.hkarchitekten.at\/v80\/de\/wp-json\/wp\/v2\/aktivitaet\/92547\/revisions\/92552"}],"wp:featuredmedia":[{"embeddable":true,"href":"https:\/\/www.hkarchitekten.at\/v80\/de\/wp-json\/wp\/v2\/media\/41278"}],"wp:attachment":[{"href":"https:\/\/www.hkarchitekten.at\/v80\/de\/wp-json\/wp\/v2\/media?parent=92547"}],"wp:term":[{"taxonomy":"post_tag","embeddable":true,"href":"https:\/\/www.hkarchitekten.at\/v80\/de\/wp-json\/wp\/v2\/tags?post=92547"},{"taxonomy":"aktivitaeten-kategorie","embeddable":true,"href":"https:\/\/www.hkarchitekten.at\/v80\/de\/wp-json\/wp\/v2\/aktivitaeten-kategorie?post=92547"}],"curies":[{"name":"wp","href":"https:\/\/api.w.org\/{rel}","templated":true}]}}