{"id":79183,"date":"2024-12-05T13:41:03","date_gmt":"2024-12-05T12:41:03","guid":{"rendered":"https:\/\/www.hkarchitekten.at\/v74\/?page_id=79183"},"modified":"2025-10-27T15:07:47","modified_gmt":"2025-10-27T14:07:47","slug":"philosophie","status":"publish","type":"page","link":"https:\/\/www.hkarchitekten.at\/v80\/de\/buero\/philosophie\/","title":{"rendered":"Philosophie"},"content":{"rendered":"<div style=\"--padding-top: calc(2 * var(--wp--custom--ntheme--grid--column--width)); --padding-bottom: calc(1 * var(--wp--custom--ntheme--grid--column--width)); --padding-left: calc(0 * var(--wp--custom--ntheme--grid--column--width) + var(--wp--custom--ntheme--margin--left) ); --padding-right: calc(0 * var(--wp--custom--ntheme--grid--column--width) + var(--wp--custom--ntheme--margin--right) ); --column-gap: calc(1 * var(--wp--custom--ntheme--grid--column--width)); --column-division: calc(15 * var(--wp--custom--ntheme--grid--column--width));\" class=\"n0-columns hide-on-tablet wp-block-n0-blocks-n0-columns\">\n<div class=\"n0-column alignment-top\">\n<div class=\"n0-column wp-block-n0-column\">\n<h2 class=\"wp-block-heading is-style-n0-claim-1\">Wir sind Architekten mit Leib und Seele. Doch wir wissen &#8211; Architektur gr\u00fcndet nicht in sich selbst.<\/h2>\n<\/div>\n<\/div>\n\n<div class=\"n0-column alignment-top\">\n<div class=\"n0-column wp-block-n0-column\"><\/div>\n<\/div>\n<\/div>\n\n<div style=\"--padding-top: calc(2 * var(--wp--custom--ntheme--grid--column--width)); --padding-bottom: calc(1 * var(--wp--custom--ntheme--grid--column--width)); --padding-left: calc(0 * var(--wp--custom--ntheme--grid--column--width) + var(--wp--custom--ntheme--margin--left) ); --padding-right: calc(0 * var(--wp--custom--ntheme--grid--column--width) + var(--wp--custom--ntheme--margin--right) ); --column-gap: calc(1 * var(--wp--custom--ntheme--grid--column--width)); --column-division: calc(20 * var(--wp--custom--ntheme--grid--column--width));\" class=\"n0-columns show-on-tablet wp-block-n0-blocks-n0-columns\">\n<div class=\"n0-column alignment-top\">\n<div class=\"n0-column wp-block-n0-column\">\n<h2 class=\"wp-block-heading is-style-n0-claim-1\">Wir sind Architekten mit Leib und Seele. Doch wir wissen &#8211; Architektur gr\u00fcndet nicht in sich selbst.<\/h2>\n<\/div>\n<\/div>\n\n<div class=\"n0-column alignment-top\">\n<div class=\"n0-column wp-block-n0-column\"><\/div>\n<\/div>\n<\/div>\n\n<div class=\"n0-cover is-style-n0-responsive wp-block-n0-blocks-n0-cover\"><img decoding=\"async\" width=\"2200\" height=\"1423\" src=\"https:\/\/www.hkarchitekten.at\/v80\/wp-content\/uploads\/2025\/02\/HK-ARCH_PARTNER_230313-066_A-Lamprecht.jpg\" class=\"n0-cover-image\" alt=\"Partner, Team\" style=\"object-fit: cover; object-position: 50% 50%;\" loading=\"lazy\" srcset=\"https:\/\/www.hkarchitekten.at\/v80\/wp-content\/uploads\/2025\/02\/HK-ARCH_PARTNER_230313-066_A-Lamprecht.jpg 2200w, https:\/\/www.hkarchitekten.at\/v80\/wp-content\/uploads\/2025\/02\/HK-ARCH_PARTNER_230313-066_A-Lamprecht-1600x1035.jpg 1600w, https:\/\/www.hkarchitekten.at\/v80\/wp-content\/uploads\/2025\/02\/HK-ARCH_PARTNER_230313-066_A-Lamprecht-1400x906.jpg 1400w, https:\/\/www.hkarchitekten.at\/v80\/wp-content\/uploads\/2025\/02\/HK-ARCH_PARTNER_230313-066_A-Lamprecht-30x19.jpg 30w\" sizes=\"auto, (max-width: 2200px) 100vw, 2200px\" \/><\/div>\n\n<div style=\"--padding-top: calc(2 * var(--wp--custom--ntheme--grid--column--width)); --padding-bottom: calc(1 * var(--wp--custom--ntheme--grid--column--width)); --padding-left: calc(0 * var(--wp--custom--ntheme--grid--column--width) + var(--wp--custom--ntheme--margin--left) ); --padding-right: calc(0 * var(--wp--custom--ntheme--grid--column--width) + var(--wp--custom--ntheme--margin--right) ); --column-gap: calc(2 * var(--wp--custom--ntheme--grid--column--width)); --column-division: calc(8 * var(--wp--custom--ntheme--grid--column--width));\" class=\"n0-columns wp-block-n0-blocks-n0-columns\">\n<div class=\"n0-column alignment-top\">\n<div class=\"n0-column wp-block-n0-column\"><\/div>\n<\/div>\n\n<div class=\"n0-column alignment-top\">\n<div class=\"n0-column wp-block-n0-column\">\n<p>Unsere Architektur ist verwurzelt in der Kulturlandschaft Vorarlbergs. Nat\u00fcrliche und kulturelle Kr\u00e4fte spielen da zusammen \u2013 materielle Ressourcen, Topografie und Geschichte ebenso wie Handwerk und allt\u00e4gliche Baukultur. Die wird hier ganz besonders gepr\u00e4gt vom Baustoff Holz und seiner Verarbeitung. Tradition und Innovation stehen dabei immer schon in lebendigem Wechsel. Neubau und Bauen im Bestand sind gleicherma\u00dfen vertraut. Unsere Architektur ist tief verwurzelt in der Kulturlandschaft. Wir sind ein Teil davon und stellen uns nie \u00fcber sie, diesem Prinzip f\u00fchlen wir uns verpflichtet.<\/p>\n<\/div>\n<\/div>\n<\/div>\n\n<div class=\"n0-group \" style=\"padding-top: calc( 1 * var(--wp--custom--ntheme--grid--column--width) ); padding-bottom: calc( 1 * var(--wp--custom--ntheme--grid--column--width) ); padding-left: calc( 1 * var(--wp--custom--ntheme--margin--left) ) !important; padding-right: calc( 0 * var(--wp--custom--ntheme--margin--right) ) !important;\">\n<div class=\"wp-block-n0-blocks-n0-group n0-group-content\" style=\"--padding-top:calc(1 * var(--wp--custom--ntheme--grid--column--width));--padding-bottom:calc(1 * var(--wp--custom--ntheme--grid--column--width));--padding-left:calc(1 * var(--wp--custom--ntheme--margin--left));--padding-right:calc(0 * var(--wp--custom--ntheme--margin--right))\"><div class=\"n0-group-inner\">\n<p class=\"has-n-0-58-fl-font-size\">PHILOSOPHIE<\/p>\n<\/div><\/div>\n<\/div>\n\n<div style=\"--padding-top: calc(1 * var(--wp--custom--ntheme--grid--column--width)); --padding-bottom: calc(1 * var(--wp--custom--ntheme--grid--column--width)); --padding-left: calc(0 * var(--wp--custom--ntheme--grid--column--width) + var(--wp--custom--ntheme--margin--left) ); --padding-right: calc(0 * var(--wp--custom--ntheme--grid--column--width) + var(--wp--custom--ntheme--margin--right) ); --column-gap: calc(2 * var(--wp--custom--ntheme--grid--column--width)); --column-division: calc(10 * var(--wp--custom--ntheme--grid--column--width));\" class=\"n0-columns wp-block-n0-blocks-n0-columns\">\n<div class=\"n0-column alignment-center\">\n<div class=\"n0-column wp-block-n0-column\"><div style=\"padding-top:var(--wp--preset--spacing--80);padding-bottom:var(--wp--preset--spacing--80);margin-top:0;margin-bottom:0;\" class=\"n0-text is-vertically-aligned-top wp-block-n0-blocks-n0-text\">\n\n<h4 class=\"wp-block-heading\">HOLZ<\/h4>\n\n\n\n<h2 class=\"wp-block-heading\">Baustoff der Zukunft<\/h2>\n\n\n\n<p>Bausto\ufb00 der Zukunft \u2013 so wird Holz aus vielen Gr\u00fcnden bezeichnet. Er steht in unseren Breiten in der Regel standortnah an und ist wirtschaftlich zu bescha\ufb00en und zu verarbeiten. Als nachwachsender Bausto\ufb00 bindet er, verbaut, nicht nur CO2, sondern mindert es, wenn der entnommene Bestand nachgep\ufb02anzt wird. Jede \u00d6kobilanz und Bausto\ufb00bewertung pro\ufb01tiert vom Holzeinsatz. Holz hat hervorragende raumatmosph\u00e4rische Eigenschaften und bauphysikalisch ausgeglichene Werte. Seine baukulturelle Einbindung ist vielf\u00e4ltig und wirkt als konzeptionell leitende Instanz im Entwurfsprozess.<\/p>\n\n<\/div><\/div>\n<\/div>\n\n<div class=\"n0-column alignment-top\">\n<div class=\"n0-column wp-block-n0-column\">\n<figure class=\"wp-block-image size-large has-custom-border\" style=\"margin-top:0;margin-right:0;margin-bottom:0;margin-left:0\"><img loading=\"lazy\" decoding=\"async\" width=\"1067\" height=\"1600\" src=\"https:\/\/www.hkarchitekten.at\/v74\/wp-content\/uploads\/2025\/02\/b-18_06-48-1-1067x1600.jpg\" alt=\"\" class=\"wp-image-80060\" style=\"border-style:none;border-width:0px;border-radius:0px;aspect-ratio:1;object-fit:cover\" srcset=\"https:\/\/www.hkarchitekten.at\/v80\/wp-content\/uploads\/2025\/02\/b-18_06-48-1-1067x1600.jpg 1067w, https:\/\/www.hkarchitekten.at\/v80\/wp-content\/uploads\/2025\/02\/b-18_06-48-1-933x1400.jpg 933w, https:\/\/www.hkarchitekten.at\/v80\/wp-content\/uploads\/2025\/02\/b-18_06-48-1-1600x2400.jpg 1600w, https:\/\/www.hkarchitekten.at\/v80\/wp-content\/uploads\/2025\/02\/b-18_06-48-1-800x1200.jpg 800w, https:\/\/www.hkarchitekten.at\/v80\/wp-content\/uploads\/2025\/02\/b-18_06-48-1-533x800.jpg 533w, https:\/\/www.hkarchitekten.at\/v80\/wp-content\/uploads\/2025\/02\/b-18_06-48-1-267x400.jpg 267w, https:\/\/www.hkarchitekten.at\/v80\/wp-content\/uploads\/2025\/02\/b-18_06-48-1-20x30.jpg 20w\" sizes=\"auto, (max-width: 1067px) 100vw, 1067px\" \/><\/figure>\n<\/div>\n<\/div>\n<\/div>\n\n<div style=\"--padding-top: calc(2 * var(--wp--custom--ntheme--grid--column--width)); --padding-bottom: calc(1 * var(--wp--custom--ntheme--grid--column--width)); --padding-left: calc(0 * var(--wp--custom--ntheme--grid--column--width) + var(--wp--custom--ntheme--margin--left) ); --padding-right: calc(0 * var(--wp--custom--ntheme--grid--column--width) + var(--wp--custom--ntheme--margin--right) ); --column-gap: calc(2 * var(--wp--custom--ntheme--grid--column--width)); --column-division: calc(11 * var(--wp--custom--ntheme--grid--column--width));\" class=\"n0-columns is-reverse wp-block-n0-blocks-n0-columns\">\n<div class=\"n0-column alignment-center\">\n<div class=\"n0-column wp-block-n0-column\">\n<figure class=\"wp-block-image size-full has-custom-border\" style=\"margin-top:0;margin-right:0;margin-bottom:0;margin-left:0\"><img loading=\"lazy\" decoding=\"async\" width=\"1500\" height=\"1000\" src=\"https:\/\/www.hkarchitekten.at\/v74\/wp-content\/uploads\/2025\/09\/16_32-14-1.jpg\" alt=\"\" class=\"wp-image-90457\" style=\"border-style:none;border-width:0px;border-radius:0px;aspect-ratio:1;object-fit:cover\" srcset=\"https:\/\/www.hkarchitekten.at\/v80\/wp-content\/uploads\/2025\/09\/16_32-14-1.jpg 1500w, https:\/\/www.hkarchitekten.at\/v80\/wp-content\/uploads\/2025\/09\/16_32-14-1-1400x933.jpg 1400w, https:\/\/www.hkarchitekten.at\/v80\/wp-content\/uploads\/2025\/09\/16_32-14-1-1200x800.jpg 1200w, https:\/\/www.hkarchitekten.at\/v80\/wp-content\/uploads\/2025\/09\/16_32-14-1-800x533.jpg 800w, https:\/\/www.hkarchitekten.at\/v80\/wp-content\/uploads\/2025\/09\/16_32-14-1-400x267.jpg 400w, https:\/\/www.hkarchitekten.at\/v80\/wp-content\/uploads\/2025\/09\/16_32-14-1-30x20.jpg 30w\" sizes=\"auto, (max-width: 1500px) 100vw, 1500px\" \/><\/figure>\n<\/div>\n<\/div>\n\n<div class=\"n0-column alignment-center\">\n<div class=\"n0-column wp-block-n0-column\"><div style=\"padding-top:var(--wp--preset--spacing--80);padding-bottom:var(--wp--preset--spacing--80);\" class=\"n0-text is-vertically-aligned-top wp-block-n0-blocks-n0-text\">\n\n<h4 class=\"wp-block-heading\">HANDWERK<\/h4>\n\n\n\n<h2 class=\"wp-block-heading\">Grundlage der Baukultur<\/h2>\n\n\n\n<p>Bei Vitruv, dem \u201eUrtext\u201c der Architekturlehre, hei\u00dft es, die Disziplin vereine eine F\u00fclle unterschiedlichster Kenntnisse. Neben der Theorie ist es das Handwerk, \u201edie durch stete \u00dcbung erworbene mechanische F\u00e4higkeit, aus jeder Art von Materialien ein Geb\u00e4ude nach vorgelegtem Risse aufzuf\u00fchren. Allein diejenigen, welche beides gr\u00fcndlich erlernt haben\u201c, erlangen als Architekten fachliche Anerkennung und Wertsch\u00e4tzung. Die Rolle des Handwerks wird erneut betont von William Morris mit der Bewegung \u201eArts and Craft\u201c, welche die Moderne des 20. Jahrhunderts stark inspiriert. Dieser Tradition f\u00fchlen wir uns verpflichtet.<\/p>\n\n\n\n<\/div><\/div>\n<\/div>\n<\/div>\n\n<div style=\"--padding-top: calc(1 * var(--wp--custom--ntheme--grid--column--width)); --padding-bottom: calc(2 * var(--wp--custom--ntheme--grid--column--width)); --padding-left: calc(0 * var(--wp--custom--ntheme--grid--column--width) + var(--wp--custom--ntheme--margin--left) ); --padding-right: calc(0 * var(--wp--custom--ntheme--grid--column--width) + var(--wp--custom--ntheme--margin--right) ); --column-gap: calc(2 * var(--wp--custom--ntheme--grid--column--width)); --column-division: calc(9 * var(--wp--custom--ntheme--grid--column--width));\" class=\"n0-columns wp-block-n0-blocks-n0-columns\">\n<div class=\"n0-column alignment-center\">\n<div class=\"n0-column wp-block-n0-column\"><\/div>\n<\/div>\n\n<div class=\"n0-column alignment-top\">\n<div class=\"n0-column wp-block-n0-column\">\n<h2 class=\"wp-block-heading is-style-n0-claim-1\">Unsere Architektur ist inspiriert vom Holzbau &#8211; Logisch in der Konstruktion, \u00f6kologisch in der Materialwahl, ausgeglichen in der Atmosph\u00e4re, bew\u00e4hrt in der Umsetzung.<\/h2>\n<\/div>\n<\/div>\n<\/div>\n\n<div class=\"n0-cover is-style-n0-responsive wp-block-n0-blocks-n0-cover\"><img decoding=\"async\" width=\"2400\" height=\"1600\" src=\"https:\/\/www.hkarchitekten.at\/v80\/wp-content\/uploads\/2025\/02\/09_28-20.jpg\" class=\"n0-cover-image\" alt=\"\" style=\"object-fit: cover; object-position: 50% 50%;\" loading=\"lazy\" srcset=\"https:\/\/www.hkarchitekten.at\/v80\/wp-content\/uploads\/2025\/02\/09_28-20.jpg 2400w, https:\/\/www.hkarchitekten.at\/v80\/wp-content\/uploads\/2025\/02\/09_28-20-1600x1067.jpg 1600w, https:\/\/www.hkarchitekten.at\/v80\/wp-content\/uploads\/2025\/02\/09_28-20-1400x933.jpg 1400w, https:\/\/www.hkarchitekten.at\/v80\/wp-content\/uploads\/2025\/02\/09_28-20-1200x800.jpg 1200w, https:\/\/www.hkarchitekten.at\/v80\/wp-content\/uploads\/2025\/02\/09_28-20-800x533.jpg 800w, https:\/\/www.hkarchitekten.at\/v80\/wp-content\/uploads\/2025\/02\/09_28-20-400x267.jpg 400w, https:\/\/www.hkarchitekten.at\/v80\/wp-content\/uploads\/2025\/02\/09_28-20-30x20.jpg 30w\" sizes=\"auto, (max-width: 2400px) 100vw, 2400px\" \/><\/div>\n\n<div style=\"--padding-top: calc(2 * var(--wp--custom--ntheme--grid--column--width)); --padding-bottom: calc(3 * var(--wp--custom--ntheme--grid--column--width)); --padding-left: calc(0 * var(--wp--custom--ntheme--grid--column--width) + var(--wp--custom--ntheme--margin--left) ); --padding-right: calc(0 * var(--wp--custom--ntheme--grid--column--width) + var(--wp--custom--ntheme--margin--right) ); --column-gap: calc(2 * var(--wp--custom--ntheme--grid--column--width)); --column-division: calc(10 * var(--wp--custom--ntheme--grid--column--width));\" class=\"n0-columns wp-block-n0-blocks-n0-columns\">\n<div class=\"n0-column alignment-center\">\n<div class=\"n0-column wp-block-n0-column\"><div style=\"padding-top:var(--wp--preset--spacing--80);padding-bottom:var(--wp--preset--spacing--80);margin-top:0;margin-bottom:0;\" class=\"n0-text is-vertically-aligned-top wp-block-n0-blocks-n0-text\">\n\n<h4 class=\"wp-block-heading\">ARCHITEKTUR<\/h4>\n\n\n\n<h2 class=\"wp-block-heading\">Eine Syntheseleistung<\/h2>\n\n\n\n<p>Architektur muss sowohl funktionalen als auch \u00e4sthetischen Anforderungen gerecht werden \u2013 sie vereint Stabilit\u00e4t und Dauerhaftigkeit mit Nutzbarkeit und Sch\u00f6nheit. Jede dieser Eigenschaften ist wesentlich, keine ist der anderen \u00fcbergeordnet. Anders als andere K\u00fcnste erfordert die Architektur eine ausgewogene Synthese aus Wissen, Erfahrung, kultureller Tradition und k\u00fcnstlerischer Intuition. Die Qualit\u00e4t eines Entwurfs bemisst sich daran, wie gut diese Elemente miteinander in Einklang stehen.<\/p>\n\n<\/div><\/div>\n<\/div>\n\n<div class=\"n0-column alignment-top\">\n<div class=\"n0-column wp-block-n0-column\">\n<figure class=\"wp-block-image size-large has-custom-border\" style=\"margin-top:0;margin-right:0;margin-bottom:0;margin-left:0\"><img loading=\"lazy\" decoding=\"async\" width=\"1067\" height=\"1600\" src=\"https:\/\/www.hkarchitekten.at\/v74\/wp-content\/uploads\/2025\/08\/08_21-45-1067x1600.jpg\" alt=\"\" class=\"wp-image-89707\" style=\"border-style:none;border-width:0px;border-radius:0px;aspect-ratio:1;object-fit:cover\" srcset=\"https:\/\/www.hkarchitekten.at\/v80\/wp-content\/uploads\/2025\/08\/08_21-45-1067x1600.jpg 1067w, https:\/\/www.hkarchitekten.at\/v80\/wp-content\/uploads\/2025\/08\/08_21-45-933x1400.jpg 933w, https:\/\/www.hkarchitekten.at\/v80\/wp-content\/uploads\/2025\/08\/08_21-45-1600x2400.jpg 1600w, https:\/\/www.hkarchitekten.at\/v80\/wp-content\/uploads\/2025\/08\/08_21-45-800x1200.jpg 800w, https:\/\/www.hkarchitekten.at\/v80\/wp-content\/uploads\/2025\/08\/08_21-45-533x800.jpg 533w, https:\/\/www.hkarchitekten.at\/v80\/wp-content\/uploads\/2025\/08\/08_21-45-267x400.jpg 267w, https:\/\/www.hkarchitekten.at\/v80\/wp-content\/uploads\/2025\/08\/08_21-45-20x30.jpg 20w\" sizes=\"auto, (max-width: 1067px) 100vw, 1067px\" \/><\/figure>\n<\/div>\n<\/div>\n<\/div>","protected":false},"excerpt":{"rendered":"<p>Wir sind Architekten mit Leib und Seele. Doch wir wissen &#8211; Architektur gr\u00fcndet nicht in sich selbst. Wir sind Architekten mit Leib und Seele. Doch wir wissen &#8211; Architektur gr\u00fcndet nicht in sich selbst. Unsere Architektur ist verwurzelt in der Kulturlandschaft Vorarlbergs. Nat\u00fcrliche und kulturelle Kr\u00e4fte spielen da zusammen \u2013 materielle Ressourcen, Topografie und Geschichte ebenso wie Handwerk und allt\u00e4gliche Baukultur. Die wird hier ganz besonders gepr\u00e4gt vom Baustoff Holz und seiner Verarbeitung. Tradition und Innovation stehen dabei immer schon in lebendigem Wechsel. Neubau und Bauen im Bestand sind gleicherma\u00dfen vertraut. Unsere Architektur ist tief verwurzelt in der Kulturlandschaft. Wir sind ein Teil davon und stellen uns nie \u00fcber sie, diesem Prinzip f\u00fchlen wir uns verpflichtet. PHILOSOPHIE HOLZ Baustoff der Zukunft Bausto\ufb00 der Zukunft \u2013 so wird Holz aus vielen Gr\u00fcnden bezeichnet. Er steht in unseren Breiten in der Regel standortnah an und ist wirtschaftlich zu bescha\ufb00en und zu verarbeiten. Als nachwachsender Bausto\ufb00 bindet er, verbaut, nicht nur CO2, sondern mindert es, wenn der entnommene Bestand nachgep\ufb02anzt wird. Jede \u00d6kobilanz und Bausto\ufb00bewertung pro\ufb01tiert vom Holzeinsatz. Holz hat hervorragende raumatmosph\u00e4rische Eigenschaften und bauphysikalisch ausgeglichene Werte. Seine baukulturelle Einbindung ist vielf\u00e4ltig und wirkt als konzeptionell leitende Instanz im Entwurfsprozess. HANDWERK Grundlage der<\/p>\n","protected":false},"author":2,"featured_media":0,"parent":79179,"menu_order":0,"comment_status":"closed","ping_status":"closed","template":"","meta":{"_acf_changed":false,"inline_featured_image":false,"footnotes":""},"class_list":["post-79183","page","type-page","status-publish","hentry"],"acf":[],"_links":{"self":[{"href":"https:\/\/www.hkarchitekten.at\/v80\/de\/wp-json\/wp\/v2\/pages\/79183","targetHints":{"allow":["GET"]}}],"collection":[{"href":"https:\/\/www.hkarchitekten.at\/v80\/de\/wp-json\/wp\/v2\/pages"}],"about":[{"href":"https:\/\/www.hkarchitekten.at\/v80\/de\/wp-json\/wp\/v2\/types\/page"}],"author":[{"embeddable":true,"href":"https:\/\/www.hkarchitekten.at\/v80\/de\/wp-json\/wp\/v2\/users\/2"}],"replies":[{"embeddable":true,"href":"https:\/\/www.hkarchitekten.at\/v80\/de\/wp-json\/wp\/v2\/comments?post=79183"}],"version-history":[{"count":11,"href":"https:\/\/www.hkarchitekten.at\/v80\/de\/wp-json\/wp\/v2\/pages\/79183\/revisions"}],"predecessor-version":[{"id":91873,"href":"https:\/\/www.hkarchitekten.at\/v80\/de\/wp-json\/wp\/v2\/pages\/79183\/revisions\/91873"}],"up":[{"embeddable":true,"href":"https:\/\/www.hkarchitekten.at\/v80\/de\/wp-json\/wp\/v2\/pages\/79179"}],"wp:attachment":[{"href":"https:\/\/www.hkarchitekten.at\/v80\/de\/wp-json\/wp\/v2\/media?parent=79183"}],"curies":[{"name":"wp","href":"https:\/\/api.w.org\/{rel}","templated":true}]}}