{"id":79205,"date":"2024-12-06T14:03:13","date_gmt":"2024-12-06T13:03:13","guid":{"rendered":"https:\/\/www.hkarchitekten.at\/v74\/?page_id=79205"},"modified":"2025-10-28T22:14:24","modified_gmt":"2025-10-28T21:14:24","slug":"team","status":"publish","type":"page","link":"https:\/\/www.hkarchitekten.at\/v80\/de\/buero\/team\/","title":{"rendered":"Team"},"content":{"rendered":"<div class=\"n0-spacer \" style=\"height: calc( var(--wp--custom--ntheme--grid--column--width) * 1 );\"><\/div>\n\n<div class=\"n0-cover is-style-n0-responsive hide-on-desktop wp-block-n0-blocks-n0-cover\"><img decoding=\"async\" width=\"4000\" height=\"2505\" src=\"https:\/\/www.hkarchitekten.at\/v80\/wp-content\/uploads\/2025\/03\/HK-ARCH_GRUPPE_230313-014_A-Lamprecht-favorite.jpg\" class=\"n0-cover-image\" alt=\"Team\" style=\"object-fit: cover; object-position: 50% 60%;\" loading=\"lazy\" srcset=\"https:\/\/www.hkarchitekten.at\/v80\/wp-content\/uploads\/2025\/03\/HK-ARCH_GRUPPE_230313-014_A-Lamprecht-favorite.jpg 6000w, https:\/\/www.hkarchitekten.at\/v80\/wp-content\/uploads\/2025\/03\/HK-ARCH_GRUPPE_230313-014_A-Lamprecht-favorite-1400x877.jpg 1400w, https:\/\/www.hkarchitekten.at\/v80\/wp-content\/uploads\/2025\/03\/HK-ARCH_GRUPPE_230313-014_A-Lamprecht-favorite-1600x1002.jpg 1600w, https:\/\/www.hkarchitekten.at\/v80\/wp-content\/uploads\/2025\/03\/HK-ARCH_GRUPPE_230313-014_A-Lamprecht-favorite-30x19.jpg 30w\" sizes=\"auto, (max-width: 4000px) 100vw, 4000px\" \/><\/div>\n\n\n<div id=\"grid-zewy4f9\" data-grid-id=\"grid-zewy4f9\" style=\"--grid-col-count:24;\" class=\"wp-block-n0-blocks-n0-grid show-on-desktop n0-grid auto-height\">\n<div id=\"n0id-dzv2n4m\" class=\"wp-block-n0-blocks-n0-grid-item n0-grid-item halign-left valign-top\" style=\"--cs-start:1;--cw-span:26;--rs-start:1;--rh-span:17;--cs-start-m:1;--cw-span-m:26;--rs-start-m:1;--rh-span-m:18;--cs-start-s:1;--cw-span-s:26;--rs-start-s:2;--rh-span-s:18\"> \n<figure class=\"wp-block-image size-full\"><img loading=\"lazy\" decoding=\"async\" width=\"6000\" height=\"3758\" src=\"https:\/\/www.hkarchitekten.at\/v74\/wp-content\/uploads\/2025\/03\/HK-ARCH_GRUPPE_230313-014_A-Lamprecht-favorite.jpg\" alt=\"\" class=\"wp-image-82199\" srcset=\"https:\/\/www.hkarchitekten.at\/v80\/wp-content\/uploads\/2025\/03\/HK-ARCH_GRUPPE_230313-014_A-Lamprecht-favorite.jpg 6000w, https:\/\/www.hkarchitekten.at\/v80\/wp-content\/uploads\/2025\/03\/HK-ARCH_GRUPPE_230313-014_A-Lamprecht-favorite-1400x877.jpg 1400w, https:\/\/www.hkarchitekten.at\/v80\/wp-content\/uploads\/2025\/03\/HK-ARCH_GRUPPE_230313-014_A-Lamprecht-favorite-1600x1002.jpg 1600w, https:\/\/www.hkarchitekten.at\/v80\/wp-content\/uploads\/2025\/03\/HK-ARCH_GRUPPE_230313-014_A-Lamprecht-favorite-30x19.jpg 30w\" sizes=\"auto, (max-width: 6000px) 100vw, 6000px\" \/><\/figure>\n<\/div>\n<\/div>\n\n\n<div class=\"n0-spacer show-on-mobile\" style=\"height: calc( var(--wp--custom--ntheme--grid--column--width) * 3 );\"><\/div>\n\n\n\n<div style=\"--padding-top: calc(1 * var(--wp--custom--ntheme--grid--column--width)); --padding-bottom: calc(0 * var(--wp--custom--ntheme--grid--column--width)); --padding-left: calc(0 * var(--wp--custom--ntheme--grid--column--width) + var(--wp--custom--ntheme--margin--left) ); --padding-right: calc(0 * var(--wp--custom--ntheme--grid--column--width) + var(--wp--custom--ntheme--margin--right) ); --column-gap: calc(2 * var(--wp--custom--ntheme--grid--column--width)); --column-division: calc(10 * var(--wp--custom--ntheme--grid--column--width));\" class=\"n0-columns wp-block-n0-blocks-n0-columns\">\n<div class=\"n0-column alignment-center\">\n<div class=\"n0-column wp-block-n0-column\">\n<figure class=\"wp-block-image size-n0theme-1-1-1600\"><a href=\"https:\/\/www.hkarchitekten.at\/de\/team\/univ-prof-di-hermann-kaufmann\/\" rel=\"\/team\/univ-prof-di-hermann-kaufmann\/\"><img loading=\"lazy\" decoding=\"async\" width=\"1600\" height=\"1600\" src=\"https:\/\/www.hkarchitekten.at\/v74\/wp-content\/uploads\/2025\/09\/HK-ARCH_PARTNER_230313-031_A-Lamprecht-1600x1600.jpg\" alt=\"\" class=\"wp-image-90812\" style=\"aspect-ratio:1;object-fit:cover\" srcset=\"https:\/\/www.hkarchitekten.at\/v80\/wp-content\/uploads\/2025\/09\/HK-ARCH_PARTNER_230313-031_A-Lamprecht-1600x1600.jpg 1600w, https:\/\/www.hkarchitekten.at\/v80\/wp-content\/uploads\/2025\/09\/HK-ARCH_PARTNER_230313-031_A-Lamprecht-1200x1200.jpg 1200w, https:\/\/www.hkarchitekten.at\/v80\/wp-content\/uploads\/2025\/09\/HK-ARCH_PARTNER_230313-031_A-Lamprecht-800x800.jpg 800w, https:\/\/www.hkarchitekten.at\/v80\/wp-content\/uploads\/2025\/09\/HK-ARCH_PARTNER_230313-031_A-Lamprecht-400x400.jpg 400w\" sizes=\"auto, (max-width: 1600px) 100vw, 1600px\" \/><\/a><\/figure>\n<\/div>\n<\/div>\n\n<div class=\"n0-column alignment-center\">\n<div class=\"n0-column wp-block-n0-column\"><div style=\"padding-top:0;padding-bottom:0;margin-top:0;margin-bottom:0;\" class=\"n0-text is-vertically-aligned-top wp-block-n0-blocks-n0-text\">\n\n<h4 class=\"wp-block-heading\">Gr\u00fcnder | Gesch\u00e4ftsf\u00fchrer<\/h4>\n\n\n\n<h2 class=\"wp-block-heading\">Univ.-Prof. Arch. DI Hermann Kaufmann<\/h2>\n\n\n\n<p>Seit 1983 erkunde ich die M\u00f6glichkeiten des modernen Holzbaus und suche nach umfassenden L\u00f6sungen f\u00fcr nachhaltiges Bauen.<\/p>\n\n\n\n<p>Mit HK Architekten setze ich einen weiteren Schritt in der Entwicklung meiner Arbeit und stehe mit hervorragenden Partnern und einem engagierten Team f\u00fcr eine Architektur, die mit Herz und Seele gestaltet wird.<\/p>\n\n\n\n<p>\u201cUnser Ansatz besteht darin, Neues zu wagen. Wir sind nicht daran interessiert, Bestehendes einfach zu reproduzieren, sondern wir hinterfragen und entwickeln es weiter. Bei jeder Aufgabe stellen wir uns die Frage: Wie k\u00f6nnen wir es verbessern? Das bedeutet jedoch auch, dass wir bewusst wohl\u00fcberlegte Risiken und Experimente eingehen.\u201d<\/p>\n\n\n\n<p><\/p>\n\n\n\n<p><\/p>\n\n<\/div><\/div>\n<\/div>\n<\/div>\n\n<div style=\"--padding-top: calc(1 * var(--wp--custom--ntheme--grid--column--width)); --padding-bottom: calc(0 * var(--wp--custom--ntheme--grid--column--width)); --padding-left: calc(0 * var(--wp--custom--ntheme--grid--column--width) + var(--wp--custom--ntheme--margin--left) ); --padding-right: calc(0 * var(--wp--custom--ntheme--grid--column--width) + var(--wp--custom--ntheme--margin--right) ); --column-gap: calc(2 * var(--wp--custom--ntheme--grid--column--width)); --column-division: calc(10 * var(--wp--custom--ntheme--grid--column--width));\" class=\"n0-columns wp-block-n0-blocks-n0-columns\">\n<div class=\"n0-column alignment-center\">\n<div class=\"n0-column wp-block-n0-column\">\n<figure class=\"wp-block-image size-n0theme-1-1-1600\"><a href=\"https:\/\/www.hkarchitekten.at\/de\/team\/di-roland-wehinger\/\"><img loading=\"lazy\" decoding=\"async\" width=\"1600\" height=\"1600\" src=\"https:\/\/www.hkarchitekten.at\/v74\/wp-content\/uploads\/2025\/09\/HK-ARCH_PARTNER_230313-045_A-Lamprecht-1600x1600.jpg\" alt=\"\" class=\"wp-image-90815\" style=\"aspect-ratio:1;object-fit:cover\" srcset=\"https:\/\/www.hkarchitekten.at\/v80\/wp-content\/uploads\/2025\/09\/HK-ARCH_PARTNER_230313-045_A-Lamprecht-1600x1600.jpg 1600w, https:\/\/www.hkarchitekten.at\/v80\/wp-content\/uploads\/2025\/09\/HK-ARCH_PARTNER_230313-045_A-Lamprecht-1200x1200.jpg 1200w, https:\/\/www.hkarchitekten.at\/v80\/wp-content\/uploads\/2025\/09\/HK-ARCH_PARTNER_230313-045_A-Lamprecht-800x800.jpg 800w, https:\/\/www.hkarchitekten.at\/v80\/wp-content\/uploads\/2025\/09\/HK-ARCH_PARTNER_230313-045_A-Lamprecht-400x400.jpg 400w\" sizes=\"auto, (max-width: 1600px) 100vw, 1600px\" \/><\/a><\/figure>\n<\/div>\n<\/div>\n\n<div class=\"n0-column alignment-center\">\n<div class=\"n0-column wp-block-n0-column\"><div style=\"padding-top:0;padding-bottom:0;margin-top:0;margin-bottom:0;\" class=\"n0-text is-vertically-aligned-top wp-block-n0-blocks-n0-text\">\n\n<h4 class=\"wp-block-heading\">Gesch\u00e4ftsf\u00fchrer | Partner<\/h4>\n\n\n\n<h2 class=\"wp-block-heading\">Arch. DI Roland Wehinger<\/h2>\n\n\n\n<p>Seit 1998 habe ich das Privileg, Teil des Teams von HK Architekten zu sein. F\u00fcr mich liegt der Wert meiner Arbeit in den Menschen, mit denen ich auf meinem Weg in die Architektur zusammengearbeitet habe, sowie in den Beziehungen, die wir aufgebaut haben.<\/p>\n\n\n\n<p>Die Entstehung einer Idee, ihre Manifestation im Design und schlie\u00dflich ihre Umsetzung in Zusammenarbeit mit allen Beteiligten in ein Geb\u00e4ude werden f\u00fcr mich immer ein faszinierender Prozess sein.<\/p>\n\n\n\n<p>\u201cEin besonders pr\u00e4gendes Bauprojekt in meiner Karriere als Architekt war das Gemeindezentrum in Ludesch. Es war das erste Passivhausgeb\u00e4ude in Holzbauweise, und das au\u00dfergew\u00f6hnliche Engagement der Gemeinde pr\u00e4gte den gesamten Prozess und den endg\u00fcltigen Entwurf.\u201d<\/p>\n\n\n\n<p><\/p>\n\n\n\n<p><\/p>\n\n<\/div><\/div>\n<\/div>\n<\/div>\n\n<div style=\"--padding-top: calc(1 * var(--wp--custom--ntheme--grid--column--width)); --padding-bottom: calc(0 * var(--wp--custom--ntheme--grid--column--width)); --padding-left: calc(0 * var(--wp--custom--ntheme--grid--column--width) + var(--wp--custom--ntheme--margin--left) ); --padding-right: calc(0 * var(--wp--custom--ntheme--grid--column--width) + var(--wp--custom--ntheme--margin--right) ); --column-gap: calc(2 * var(--wp--custom--ntheme--grid--column--width)); --column-division: calc(10 * var(--wp--custom--ntheme--grid--column--width));\" class=\"n0-columns wp-block-n0-blocks-n0-columns\">\n<div class=\"n0-column alignment-center\">\n<div class=\"n0-column wp-block-n0-column\">\n<figure class=\"wp-block-image size-n0theme-1-1-1600\"><a href=\"https:\/\/www.hkarchitekten.at\/de\/team\/di-stefan-hiebeler\/\"><img loading=\"lazy\" decoding=\"async\" width=\"1600\" height=\"1600\" src=\"https:\/\/www.hkarchitekten.at\/v74\/wp-content\/uploads\/2025\/09\/HK-ARCH_PARTNER_230313-041_A-Lamprecht-1600x1600.jpg\" alt=\"\" class=\"wp-image-90819\" style=\"aspect-ratio:1;object-fit:cover\" srcset=\"https:\/\/www.hkarchitekten.at\/v80\/wp-content\/uploads\/2025\/09\/HK-ARCH_PARTNER_230313-041_A-Lamprecht-1600x1600.jpg 1600w, https:\/\/www.hkarchitekten.at\/v80\/wp-content\/uploads\/2025\/09\/HK-ARCH_PARTNER_230313-041_A-Lamprecht-1200x1200.jpg 1200w, https:\/\/www.hkarchitekten.at\/v80\/wp-content\/uploads\/2025\/09\/HK-ARCH_PARTNER_230313-041_A-Lamprecht-800x800.jpg 800w, https:\/\/www.hkarchitekten.at\/v80\/wp-content\/uploads\/2025\/09\/HK-ARCH_PARTNER_230313-041_A-Lamprecht-400x400.jpg 400w\" sizes=\"auto, (max-width: 1600px) 100vw, 1600px\" \/><\/a><\/figure>\n<\/div>\n<\/div>\n\n<div class=\"n0-column alignment-center\">\n<div class=\"n0-column wp-block-n0-column\"><div style=\"padding-top:0;padding-bottom:0;margin-top:0;margin-bottom:0;\" class=\"n0-text is-vertically-aligned-top wp-block-n0-blocks-n0-text\">\n\n<h4 class=\"wp-block-heading\">Partner<\/h4>\n\n\n\n<h2 class=\"wp-block-heading\">DI Stefan Hiebeler<\/h2>\n\n\n\n<p>Seit 1996 geh\u00f6re ich fest zum Team von HK Architekten. Hermann Kaufmann war immer eine Inspirationsquelle und es war eine gro\u00dfartige Chance, 2018 als Partner in das Unternehmen einzusteigen.<\/p>\n\n\n\n<p>Die Prinzipien der Bauhaus-Bewegung, die darauf abzielten, praktische und schmucklose R\u00e4ume und Geb\u00e4ude zu gestalten, dienen mir als Inspiration. Ich sehe es als Herausforderung, den Leitsatz \u201eform follows function\u201c in die Gestaltung mit dem nat\u00fcrlichen Baustoff Holz umzusetzen.<\/p>\n\n\n\n<p>\u201eWenn uns ein Projekt anvertraut wird, stellen wir durch unsere engagierte Arbeit sicher, dass wir den bestm\u00f6glichen Prozess und das optimale Ergebnis bieten. Es geht nicht nur um das fertige Bauwerk, sondern auch um die Beziehung, den Entwurfsprozess und die Verwirklichung einer Idee oder eines Prinzips. Die Liebe zum Detail und die Sch\u00f6nheit des Holzbaus machen meine Arbeit bei HK Architekten einzigartig.\u201c<\/p>\n\n\n\n<p><\/p>\n\n\n\n<p><\/p>\n\n<\/div><\/div>\n<\/div>\n<\/div>\n\n<div style=\"--padding-top: calc(1 * var(--wp--custom--ntheme--grid--column--width)); --padding-bottom: calc(0 * var(--wp--custom--ntheme--grid--column--width)); --padding-left: calc(0 * var(--wp--custom--ntheme--grid--column--width) + var(--wp--custom--ntheme--margin--left) ); --padding-right: calc(0 * var(--wp--custom--ntheme--grid--column--width) + var(--wp--custom--ntheme--margin--right) ); --column-gap: calc(2 * var(--wp--custom--ntheme--grid--column--width)); --column-division: calc(10 * var(--wp--custom--ntheme--grid--column--width));\" class=\"n0-columns wp-block-n0-blocks-n0-columns\">\n<div class=\"n0-column alignment-center\">\n<div class=\"n0-column wp-block-n0-column\">\n<figure class=\"wp-block-image size-n0theme-1-1-1600\"><a href=\"https:\/\/www.hkarchitekten.at\/de\/team\/di-christoph-duenser\/\"><img loading=\"lazy\" decoding=\"async\" width=\"1600\" height=\"1600\" src=\"https:\/\/www.hkarchitekten.at\/v74\/wp-content\/uploads\/2025\/09\/HK-ARCH_PARTNER_230313-055_A-Lamprecht-1600x1600.jpg\" alt=\"\" class=\"wp-image-90817\" style=\"aspect-ratio:1;object-fit:cover\" srcset=\"https:\/\/www.hkarchitekten.at\/v80\/wp-content\/uploads\/2025\/09\/HK-ARCH_PARTNER_230313-055_A-Lamprecht-1600x1600.jpg 1600w, https:\/\/www.hkarchitekten.at\/v80\/wp-content\/uploads\/2025\/09\/HK-ARCH_PARTNER_230313-055_A-Lamprecht-1200x1200.jpg 1200w, https:\/\/www.hkarchitekten.at\/v80\/wp-content\/uploads\/2025\/09\/HK-ARCH_PARTNER_230313-055_A-Lamprecht-800x800.jpg 800w, https:\/\/www.hkarchitekten.at\/v80\/wp-content\/uploads\/2025\/09\/HK-ARCH_PARTNER_230313-055_A-Lamprecht-400x400.jpg 400w\" sizes=\"auto, (max-width: 1600px) 100vw, 1600px\" \/><\/a><\/figure>\n<\/div>\n<\/div>\n\n<div class=\"n0-column alignment-center\">\n<div class=\"n0-column wp-block-n0-column\"><div style=\"padding-top:0;padding-bottom:0;margin-top:0;margin-bottom:0;\" class=\"n0-text is-vertically-aligned-top wp-block-n0-blocks-n0-text\">\n\n<h4 class=\"wp-block-heading\">Partner<\/h4>\n\n\n\n<h2 class=\"wp-block-heading\">DI Christoph D\u00fcnser<\/h2>\n\n\n\n<p>Im Jahr 1989 erhielt ich als Praktikant erstmals Einblick in die Arbeit von Hermann Kaufmann, und seit 1998 bin ich Teil des Teams von HK Architekten. Mein berufliches Interesse liegt in der Verbindung von traditioneller Handwerkskunst und experimenteller Tragwerksplanung.<\/p>\n\n\n\n<p>Unsere Bauprojekte sind h\u00e4ufig in Forschungsprojekte eingebunden und gehen an die Grenzen des M\u00f6glichen. Das Planungsteam arbeitet daher an der Formulierung wissenschaftlicher Hypothesen und ihrer Umsetzung.<\/p>\n\n\n\n<p>\u201eWenn einem ein altes Geb\u00e4ude anvertraut wird, hat man nicht nur die Verantwortung, das Geb\u00e4ude selbst zu erhalten, sein Erbe zu restaurieren und seine Zukunft zu sichern. Man muss auch die Gemeinschaft ber\u00fccksichtigen, der es dient. Die Menschen, die durch seine T\u00fcren gehen, sind von Bedeutung. Restaurierungs- und Renovierungsprojekte haben einen besonderen Platz in meinem Herzen.\u201c<\/p>\n\n\n\n<p><\/p>\n\n\n\n<p><\/p>\n\n<\/div><\/div>\n<\/div>\n<\/div>\n\n<div class=\"n0-spacer show-on-mobile\" style=\"height: calc( var(--wp--custom--ntheme--grid--column--width) * 3 );\"><\/div>\n\n<div class=\"n0-filter-menu is-style-n0-contentwidth team-filter wp-block-n0-blocks-n0-filter-menu\"><form id=\"n0-filter-menu-e12a1203e8eebbcb65b16ca428a7b247\" \n    data-post-type=\"team\"\n    data-filter-id=\"79205\" \n    data-label=\"Team|Team\" \n    data-lang=\"de\" \n    data-filter-type=\"tag\"\n    data-single-choice=\"true\" \n    data-filter-button=\"false\"\n    data-per-page=\"12\"\n    method=\"POST\"><div class=\"filter-row-1\"><div class=\"fieldsets tax tag-style\"><fieldset id=\"teamkategorie\"><legend>Team-Kategorien<\/legend><label><input type=\"checkbox\" class=\"n0-filter-checkbox parent-term\" name=\"teamkategorie[]\" value=\"436\" ><span>Administration<\/span><\/label><label><input type=\"checkbox\" class=\"n0-filter-checkbox parent-term\" name=\"teamkategorie[]\" value=\"442\" ><span>Bauleitung<\/span><\/label><label><input type=\"checkbox\" class=\"n0-filter-checkbox parent-term\" name=\"teamkategorie[]\" value=\"509\" ><span>Buchhaltung \/ Personal<\/span><\/label><label><input type=\"checkbox\" class=\"n0-filter-checkbox parent-term\" name=\"teamkategorie[]\" value=\"470\" ><span>Ehemalige Mitarbeit<\/span><\/label><label><input type=\"checkbox\" class=\"n0-filter-checkbox parent-term\" name=\"teamkategorie[]\" value=\"440\" ><span>Freie Mitarbeit<\/span><\/label><label><input type=\"checkbox\" class=\"n0-filter-checkbox parent-term\" name=\"teamkategorie[]\" value=\"437\" ><span>Gesch\u00e4ftsf\u00fchrung<\/span><\/label><label><input type=\"checkbox\" class=\"n0-filter-checkbox parent-term\" name=\"teamkategorie[]\" value=\"443\" ><span>Grafik \/ \u00d6ffentlichkeitsarbeit<\/span><\/label><label><input type=\"checkbox\" class=\"n0-filter-checkbox parent-term\" name=\"teamkategorie[]\" value=\"434\" ><span>Gr\u00fcnder<\/span><\/label><label><input type=\"checkbox\" class=\"n0-filter-checkbox parent-term\" name=\"teamkategorie[]\" value=\"541\" ><span>Partner<\/span><\/label><label><input type=\"checkbox\" class=\"n0-filter-checkbox parent-term\" name=\"teamkategorie[]\" value=\"439\" ><span>Planung<\/span><\/label><label><input type=\"checkbox\" class=\"n0-filter-checkbox parent-term\" name=\"teamkategorie[]\" value=\"441\" ><span>Projektleitung<\/span><\/label><label><input type=\"checkbox\" class=\"n0-filter-checkbox parent-term\" name=\"teamkategorie[]\" value=\"817\" ><span>Social Media<\/span><\/label><label><input type=\"checkbox\" class=\"n0-filter-checkbox parent-term\" name=\"teamkategorie[]\" value=\"472\"  checked='checked' data-preset=\"true\"><span>Team<\/span><\/label><\/fieldset><\/div><div class=\"view-type\">View<\/div><\/div><div class=\"filter-row-2\"><div class=\"fieldsets tag tag-style\"><fieldset id=\"index_tags\"><legend>Stichw\u00f6rter<\/legend><\/fieldset><\/div><\/div><div class=\"filter-row-3\"><div class=\"fr3-c1\"><div id=\"n0-filter-results-count\" class=\"results-count\"><\/div><div class=\"buttons\"><div type=\"button\" id=\"n0-clear-filters\">Filter zur\u00fccksetzen<\/div><\/div><\/div><div class=\"fr3-c2\"><div id=\"n0-sort-fieldset\"><label for=\"n0-sort-toggle\">Sortieren:<\/label> <button type=\"button\" id=\"n0-sort-toggle\" data-order=\"ASC\"><span id=\"n0-sort-label\">aufsteigend<\/span> <span id=\"n0-sort-icon\">\u2191<\/span><\/button><\/div><\/div><\/div><\/form><div id=\"n0-filter-results\"><div id=\"n0-filter-results-postids\"><\/div><div id=\"n0-image-grid\" class=\"n0-image-grid\"\n    data-attributes=\"{&quot;titleOption&quot;:&quot;Titel + Attribute&quot;,&quot;subTitleOption&quot;:&quot;Kategorie + Attribute&quot;,&quot;imageSize&quot;:&quot;n0theme-3-2-1200&quot;,&quot;captionChar&quot;:0,&quot;showMore&quot;:false,&quot;postsPerPage&quot;:12}\"\n    data-mode=\"n0-filters\"\n    data-post-type=\"team\"\n    data-posts-per-page=\"12\"\n    data-total-posts=\"0\"\n    data-load-images=\"scroll\"\n    data-current-page=\"1\"\n    style=\"display: grid; grid-template-columns: repeat(3, 1fr);\">\n<\/div><div id=\"n0-load-hint\" class=\"n0-load-hint\" style=\"display:none;\"><span class=\"hint-icon\">&#8230;<\/span><\/div><div id=\"n0-infinite-scroll-trigger\" style=\"display: none;\"><\/div><div id=\"n0-loader\" class=\"n0-loader\" style=\"display: none;\">\n    <div class=\"bar bar1\"><\/div>\n    <div class=\"bar bar2\"><\/div>\n    <div class=\"bar bar3\"><\/div>\n    <div class=\"bar bar4\"><\/div>\n<\/div><\/div><\/div>","protected":false},"excerpt":{"rendered":"<p>Gr\u00fcnder | Gesch\u00e4ftsf\u00fchrer Univ.-Prof. Arch. DI Hermann Kaufmann Seit 1983 erkunde ich die M\u00f6glichkeiten des modernen Holzbaus und suche nach umfassenden L\u00f6sungen f\u00fcr nachhaltiges Bauen. Mit HK Architekten setze ich einen weiteren Schritt in der Entwicklung meiner Arbeit und stehe mit hervorragenden Partnern und einem engagierten Team f\u00fcr eine Architektur, die mit Herz und Seele gestaltet wird. \u201cUnser Ansatz besteht darin, Neues zu wagen. Wir sind nicht daran interessiert, Bestehendes einfach zu reproduzieren, sondern wir hinterfragen und entwickeln es weiter. Bei jeder Aufgabe stellen wir uns die Frage: Wie k\u00f6nnen wir es verbessern? Das bedeutet jedoch auch, dass wir bewusst wohl\u00fcberlegte Risiken und Experimente eingehen.\u201d Gesch\u00e4ftsf\u00fchrer | Partner Arch. DI Roland Wehinger Seit 1998 habe ich das Privileg, Teil des Teams von HK Architekten zu sein. F\u00fcr mich liegt der Wert meiner Arbeit in den Menschen, mit denen ich auf meinem Weg in die Architektur zusammengearbeitet habe, sowie in den Beziehungen, die wir aufgebaut haben. Die Entstehung einer Idee, ihre Manifestation im Design und schlie\u00dflich ihre Umsetzung in Zusammenarbeit mit allen Beteiligten in ein Geb\u00e4ude werden f\u00fcr mich immer ein faszinierender Prozess sein. \u201cEin besonders pr\u00e4gendes Bauprojekt in meiner Karriere als Architekt war das Gemeindezentrum in Ludesch. Es war das<\/p>\n","protected":false},"author":2,"featured_media":0,"parent":79179,"menu_order":0,"comment_status":"closed","ping_status":"closed","template":"","meta":{"_acf_changed":false,"inline_featured_image":false,"footnotes":""},"class_list":["post-79205","page","type-page","status-publish","hentry"],"acf":[],"_links":{"self":[{"href":"https:\/\/www.hkarchitekten.at\/v80\/de\/wp-json\/wp\/v2\/pages\/79205","targetHints":{"allow":["GET"]}}],"collection":[{"href":"https:\/\/www.hkarchitekten.at\/v80\/de\/wp-json\/wp\/v2\/pages"}],"about":[{"href":"https:\/\/www.hkarchitekten.at\/v80\/de\/wp-json\/wp\/v2\/types\/page"}],"author":[{"embeddable":true,"href":"https:\/\/www.hkarchitekten.at\/v80\/de\/wp-json\/wp\/v2\/users\/2"}],"replies":[{"embeddable":true,"href":"https:\/\/www.hkarchitekten.at\/v80\/de\/wp-json\/wp\/v2\/comments?post=79205"}],"version-history":[{"count":8,"href":"https:\/\/www.hkarchitekten.at\/v80\/de\/wp-json\/wp\/v2\/pages\/79205\/revisions"}],"predecessor-version":[{"id":92053,"href":"https:\/\/www.hkarchitekten.at\/v80\/de\/wp-json\/wp\/v2\/pages\/79205\/revisions\/92053"}],"up":[{"embeddable":true,"href":"https:\/\/www.hkarchitekten.at\/v80\/de\/wp-json\/wp\/v2\/pages\/79179"}],"wp:attachment":[{"href":"https:\/\/www.hkarchitekten.at\/v80\/de\/wp-json\/wp\/v2\/media?parent=79205"}],"curies":[{"name":"wp","href":"https:\/\/api.w.org\/{rel}","templated":true}]}}