{"id":79210,"date":"2024-12-06T14:07:25","date_gmt":"2024-12-06T13:07:25","guid":{"rendered":"https:\/\/www.hkarchitekten.at\/v74\/?page_id=79210"},"modified":"2026-01-13T08:27:46","modified_gmt":"2026-01-13T07:27:46","slug":"karriere","status":"publish","type":"page","link":"https:\/\/www.hkarchitekten.at\/v80\/de\/buero\/karriere\/","title":{"rendered":"Karriere"},"content":{"rendered":"<div style=\"--padding-top: calc(2 * var(--wp--custom--ntheme--grid--column--width)); --padding-bottom: calc(1 * var(--wp--custom--ntheme--grid--column--width)); --padding-left: calc(0 * var(--wp--custom--ntheme--grid--column--width) + var(--wp--custom--ntheme--margin--left) ); --padding-right: calc(0 * var(--wp--custom--ntheme--grid--column--width) + var(--wp--custom--ntheme--margin--right) ); --column-gap: calc(2 * var(--wp--custom--ntheme--grid--column--width)); --column-division: calc(15 * var(--wp--custom--ntheme--grid--column--width));\" class=\"n0-columns show-on-desktop wp-block-n0-blocks-n0-columns\">\n<div class=\"n0-column alignment-top\">\n<div class=\"n0-column wp-block-n0-column\"><div class=\"n0-text is-vertically-aligned-top wp-block-n0-blocks-n0-text\">\n\n<h4 class=\"wp-block-heading\"><\/h4>\n\n\n\n<h2 class=\"wp-block-heading is-style-n0-claim-1\">F\u00fchlst Du Dich von nachhaltiger Architektur und innovativem Holzbau angesprochen?<\/h2>\n\n\n\n<p>Stelle Dich bei uns vor und sende uns Deine Initiativbewerbung. <br>Unsere offenen Stellenangebote findest Du weiter unten.<\/p>\n\n\n\n<div class=\"wp-block-button\"><a class=\"wp-block-button__link wp-element-button\" href=\"mailto:office@hkarchitekten.at\">KONTAKT<\/a><\/div>\n\n<\/div><\/div>\n<\/div>\n\n<div class=\"n0-column alignment-top\">\n<div class=\"n0-column wp-block-n0-column\"><\/div>\n<\/div>\n<\/div>\n\n<div style=\"--padding-top: calc(2 * var(--wp--custom--ntheme--grid--column--width)); --padding-bottom: calc(1 * var(--wp--custom--ntheme--grid--column--width)); --padding-left: calc(0 * var(--wp--custom--ntheme--grid--column--width) + var(--wp--custom--ntheme--margin--left) ); --padding-right: calc(0 * var(--wp--custom--ntheme--grid--column--width) + var(--wp--custom--ntheme--margin--right) ); --column-gap: calc(1 * var(--wp--custom--ntheme--grid--column--width)); --column-division: calc(20 * var(--wp--custom--ntheme--grid--column--width));\" class=\"n0-columns show-on-tablet wp-block-n0-blocks-n0-columns\">\n<div class=\"n0-column alignment-top\">\n<div class=\"n0-column wp-block-n0-column\"><div class=\"n0-text is-vertically-aligned-top wp-block-n0-blocks-n0-text\">\n\n<h4 class=\"wp-block-heading\"><\/h4>\n\n\n\n<h2 class=\"wp-block-heading is-style-n0-claim-1\">F\u00fchlst Du Dich von nachhaltiger Architektur und innovativem Holzbau angesprochen?<\/h2>\n\n\n\n<p>Stelle Dich bei uns vor und sende uns Deine Initiativbewerbung. <br>Unsere offenen Stellenangebote findest Du weiter unten.<\/p>\n\n\n\n<div class=\"wp-block-button\"><a class=\"wp-block-button__link wp-element-button\" href=\"mailto:office@hkarchitekten.at\">KONTAKT<\/a><\/div>\n\n<\/div><\/div>\n<\/div>\n\n<div class=\"n0-column alignment-top\">\n<div class=\"n0-column wp-block-n0-column\"><\/div>\n<\/div>\n<\/div>\n\n<div style=\"--padding-top: calc(4 * var(--wp--custom--ntheme--grid--column--width)); --padding-bottom: calc(1 * var(--wp--custom--ntheme--grid--column--width)); --padding-left: calc(0 * var(--wp--custom--ntheme--grid--column--width) + var(--wp--custom--ntheme--margin--left) ); --padding-right: calc(0 * var(--wp--custom--ntheme--grid--column--width) + var(--wp--custom--ntheme--margin--right) ); --column-gap: calc(2 * var(--wp--custom--ntheme--grid--column--width)); --column-division: calc(11 * var(--wp--custom--ntheme--grid--column--width));\" class=\"n0-columns show-on-mobile wp-block-n0-blocks-n0-columns\">\n<div class=\"n0-column alignment-top\">\n<div class=\"n0-column wp-block-n0-column\"><div class=\"n0-text is-vertically-aligned-top wp-block-n0-blocks-n0-text\">\n\n<h4 class=\"wp-block-heading\"><\/h4>\n\n\n\n<h2 class=\"wp-block-heading is-style-n0-claim-1\">F\u00fchlst Du Dich von nachhaltiger Architektur und innovativem Holzbau angesprochen?<\/h2>\n\n\n\n<p>Stelle Dich bei uns vor und sende uns Deine Initiativbewerbung. Unsere offenen Stellenangebote findest Du weiter unten.<\/p>\n\n\n\n<div class=\"wp-block-button\"><a class=\"wp-block-button__link wp-element-button\" href=\"mailto:office@hkarchitekten.at\">KONTAKT<\/a><\/div>\n\n<\/div><\/div>\n<\/div>\n\n<div class=\"n0-column alignment-top\">\n<div class=\"n0-column wp-block-n0-column\"><\/div>\n<\/div>\n<\/div>\n\n<div class=\"n0-spacer \" style=\"height: calc( var(--wp--custom--ntheme--grid--column--width) * 1 );\"><\/div>\n\n<div class=\"n0-cover is-style-n0-responsive wp-block-n0-blocks-n0-cover\"><img decoding=\"async\" width=\"2200\" height=\"1467\" src=\"https:\/\/www.hkarchitekten.at\/v80\/wp-content\/uploads\/2023\/11\/HK-ARCH_OFFICE-LIFE_230313-020_A-Lamprecht.jpg\" class=\"n0-cover-image\" alt=\"B\u00fcro, Team\" style=\"object-fit: cover; object-position: 50% 50%;\" loading=\"lazy\" srcset=\"https:\/\/www.hkarchitekten.at\/v80\/wp-content\/uploads\/2023\/11\/HK-ARCH_OFFICE-LIFE_230313-020_A-Lamprecht.jpg 2200w, https:\/\/www.hkarchitekten.at\/v80\/wp-content\/uploads\/2023\/11\/HK-ARCH_OFFICE-LIFE_230313-020_A-Lamprecht-1600x1067.jpg 1600w, https:\/\/www.hkarchitekten.at\/v80\/wp-content\/uploads\/2023\/11\/HK-ARCH_OFFICE-LIFE_230313-020_A-Lamprecht-1400x934.jpg 1400w, https:\/\/www.hkarchitekten.at\/v80\/wp-content\/uploads\/2023\/11\/HK-ARCH_OFFICE-LIFE_230313-020_A-Lamprecht-30x20.jpg 30w\" sizes=\"auto, (max-width: 2200px) 100vw, 2200px\" \/><\/div>\n\n<div class=\"n0-spacer \" style=\"height: calc( var(--wp--custom--ntheme--grid--column--width) * 1 );\"><\/div>\n\n<div style=\"--padding-top: calc(1 * var(--wp--custom--ntheme--grid--column--width)); --padding-bottom: calc(1 * var(--wp--custom--ntheme--grid--column--width)); --padding-left: calc(0 * var(--wp--custom--ntheme--grid--column--width) + var(--wp--custom--ntheme--margin--left) ); --padding-right: calc(0 * var(--wp--custom--ntheme--grid--column--width) + var(--wp--custom--ntheme--margin--right) ); --column-gap: calc(2 * var(--wp--custom--ntheme--grid--column--width)); --column-division: calc(15 * var(--wp--custom--ntheme--grid--column--width));\" class=\"n0-columns wp-block-n0-blocks-n0-columns\">\n<div class=\"n0-column alignment-top\">\n<div class=\"n0-column wp-block-n0-column\">\n<h2 class=\"wp-block-heading is-style-default\" style=\"border-style:none;border-width:0px;border-radius:0px\">Was uns bewegt.<\/h2>\n\n\n<div style=\"padding-top:0;padding-bottom:0;padding-left:0;padding-right:0;margin-right:0;margin-left:0;\" class=\"n0-text is-vertically-aligned-top wp-block-n0-blocks-n0-text\">\n\n<p class=\"has-n-0-28-fl-font-size\">Die Entwicklung nachhaltiger und \u00f6kologischer Geb\u00e4ude in Verbindung mit innovativem Holzbau betrachten wir als unsere Kernkompetenz, die uns immer wieder begeistert und herausfordert. Unsere Architektur ist tief verwurzelt in der Kulturlandschaft. Wir sind ein Teil davon und stellen uns nie \u00fcber sie, diesem Prinzip f\u00fchlen wir uns verpflichtet. Unsere Arbeit entsteht im Spannungsfeld von Geschichte, allt\u00e4glicher Baukultur und \u00fcberlieferter Handwerkstradition, in welcher Erfahrung und Innovation in einen lebendigen Austausch treten. Die Umsetzung neuer Projekte wie auch das Bauen im Bestand sind uns gleicherma\u00dfen vertraut und wichtig.<\/p>\n\n<\/div><\/div>\n<\/div>\n\n<div class=\"n0-column alignment-top\">\n<div class=\"n0-column wp-block-n0-column\"><\/div>\n<\/div>\n<\/div>\n\n<div style=\"--padding-top: calc(2 * var(--wp--custom--ntheme--grid--column--width)); --padding-bottom: calc(2 * var(--wp--custom--ntheme--grid--column--width)); --padding-left: calc(0 * var(--wp--custom--ntheme--grid--column--width) + var(--wp--custom--ntheme--margin--left) ); --padding-right: calc(0 * var(--wp--custom--ntheme--grid--column--width) + var(--wp--custom--ntheme--margin--right) ); --column-gap: calc(3 * var(--wp--custom--ntheme--grid--column--width)); --column-division: calc(10 * var(--wp--custom--ntheme--grid--column--width));\" class=\"n0-columns wp-block-n0-blocks-n0-columns\">\n<div class=\"n0-column alignment-center\">\n<div class=\"n0-column wp-block-n0-column\">\n<figure class=\"wp-block-image size-large\"><img loading=\"lazy\" decoding=\"async\" width=\"1067\" height=\"1600\" src=\"https:\/\/www.hkarchitekten.at\/v74\/wp-content\/uploads\/2023\/11\/HK-ARCH_OFFICE-LIFE_230313-148_A-Lamprecht-1067x1600.jpg\" alt=\"\" class=\"wp-image-75683\" style=\"aspect-ratio:1;object-fit:cover\" srcset=\"https:\/\/www.hkarchitekten.at\/v80\/wp-content\/uploads\/2023\/11\/HK-ARCH_OFFICE-LIFE_230313-148_A-Lamprecht-1067x1600.jpg 1067w, https:\/\/www.hkarchitekten.at\/v80\/wp-content\/uploads\/2023\/11\/HK-ARCH_OFFICE-LIFE_230313-148_A-Lamprecht-934x1400.jpg 934w, https:\/\/www.hkarchitekten.at\/v80\/wp-content\/uploads\/2023\/11\/HK-ARCH_OFFICE-LIFE_230313-148_A-Lamprecht-20x30.jpg 20w, https:\/\/www.hkarchitekten.at\/v80\/wp-content\/uploads\/2023\/11\/HK-ARCH_OFFICE-LIFE_230313-148_A-Lamprecht.jpg 1467w\" sizes=\"auto, (max-width: 1067px) 100vw, 1067px\" \/><\/figure>\n<\/div>\n<\/div>\n\n<div class=\"n0-column alignment-top\">\n<div class=\"n0-column wp-block-n0-column\"><div style=\"padding-top:0;padding-bottom:0;padding-left:0;padding-right:0;margin-right:0;margin-left:0;\" class=\"n0-text is-vertically-aligned-top wp-block-n0-blocks-n0-text\">\n\n<h2 class=\"wp-block-heading is-style-default\" style=\"border-style:none;border-width:0px;border-radius:0px\">Wof\u00fcr wir stehen.<\/h2>\n\n\n\n<p class=\"has-n-0-28-fl-font-size\">Wir sind eine eingespielte Gemeinschaft von rund 30 Mitarbeitenden, die mit hohem Fachwissen und Engagement anspruchsvolle Bauaufgaben entwickeln und umsetzen. Die gegenseitig unterst\u00fctzende und inspirierende Zusammenarbeit sowie der Austausch von Wissen sind zentrale Aspekte unserer B\u00fcrokultur. Fortbildungen und Schulungen werden gef\u00f6rdert, da wir unseren Mitarbeitenden hohe Wertsch\u00e4tzung entgegenbringen und von fachlichen Weiterentwicklungen stets das gesamte Team profitiert.<\/p>\n\n\n\n<p class=\"has-n-0-28-fl-font-size\">Wir legen Wert auf einen respektvollen und kollegialen zwischenmenschlichen Umgang. Gemeinsame Unternehmungen wie regelm\u00e4\u00dfige Ausfl\u00fcge, mehrt\u00e4gige Exkursionen oder das gro\u00dfe Grillfest im Sommer sind wichtige Traditionen unseres Miteinanders. Eine gut ausgestattete K\u00fcche mit sonniger Terrasse steht allen zur Verf\u00fcgung, frisches Obst, Kaffee, Tee und S\u00fc\u00dfes werden von uns bereitgestellt, um an langen Arbeitstagen die Lebensgeister zu wecken und die Konzentration zu st\u00e4rken.<\/p>\n\n<\/div><\/div>\n<\/div>\n<\/div>\n\n<div style=\"--padding-top: calc(1 * var(--wp--custom--ntheme--grid--column--width)); --padding-bottom: calc(2 * var(--wp--custom--ntheme--grid--column--width)); --padding-left: calc(0 * var(--wp--custom--ntheme--grid--column--width) + var(--wp--custom--ntheme--margin--left) ); --padding-right: calc(0 * var(--wp--custom--ntheme--grid--column--width) + var(--wp--custom--ntheme--margin--right) ); --column-gap: calc(3 * var(--wp--custom--ntheme--grid--column--width)); --column-division: calc(10 * var(--wp--custom--ntheme--grid--column--width));\" class=\"n0-columns is-reverse wp-block-n0-blocks-n0-columns\">\n<div class=\"n0-column alignment-center\">\n<div class=\"n0-column wp-block-n0-column\"><div style=\"padding-top:0;padding-bottom:0;padding-left:0;padding-right:0;margin-right:0;margin-left:0;\" class=\"n0-text is-vertically-aligned-top wp-block-n0-blocks-n0-text\">\n\n<p class=\"has-n-0-28-fl-font-size\">Wir bekennen uns zu einer nachhaltig zukunftsf\u00e4higen Lebensweise und unterst\u00fctzen unsere Mitarbeiterinnen und Mitarbeiter, die das Fahrrad, E-Mobilit\u00e4t oder den \u00d6ffentlichen Verkehr nutzen. Das Projekt \u201aSpagat\u2018 des Institutes f\u00fcr Sozialdienste wird von uns aktiv gef\u00f6rdert, indem wir einen Arbeitsplatz f\u00fcr die berufliche Integration von Jugendlichen mit hohem Unterst\u00fctzungsbedarf zur Verf\u00fcgung stellen.<\/p>\n\n\n\n<p class=\"has-n-0-28-fl-font-size\">Wir bieten ein festes Anstellungsverh\u00e4ltnis, das je nach Qualifikation und Leistung \u00fcber dem Kollektivvertrag entlohnt wird. Durch die Vielfalt der Bauaufgaben werden unsere Mitarbeitenden in abwechslungsreiche und innovative Projekte eingebunden. Alle Arbeitspl\u00e4tze sind nach dem neuesten Stand der Technik ausgestattet und befinden sich in unserem gro\u00dfz\u00fcgig konzipierten Atelierhaus, das viel Raum und eine angenehme Atmosph\u00e4re bietet.<\/p>\n\n<\/div><\/div>\n<\/div>\n\n<div class=\"n0-column alignment-center\">\n<div class=\"n0-column wp-block-n0-column\">\n<figure class=\"wp-block-image size-large\"><img loading=\"lazy\" decoding=\"async\" width=\"1600\" height=\"1067\" src=\"https:\/\/www.hkarchitekten.at\/v74\/wp-content\/uploads\/2023\/11\/HK-ARCH_OFFICE-LIFE_230313-293_A-Lamprecht-1600x1067.jpg\" alt=\"\" class=\"wp-image-75712\" style=\"aspect-ratio:1;object-fit:cover\" srcset=\"https:\/\/www.hkarchitekten.at\/v80\/wp-content\/uploads\/2023\/11\/HK-ARCH_OFFICE-LIFE_230313-293_A-Lamprecht-1600x1067.jpg 1600w, https:\/\/www.hkarchitekten.at\/v80\/wp-content\/uploads\/2023\/11\/HK-ARCH_OFFICE-LIFE_230313-293_A-Lamprecht-1400x934.jpg 1400w, https:\/\/www.hkarchitekten.at\/v80\/wp-content\/uploads\/2023\/11\/HK-ARCH_OFFICE-LIFE_230313-293_A-Lamprecht-30x20.jpg 30w\" sizes=\"auto, (max-width: 1600px) 100vw, 1600px\" \/><\/figure>\n<\/div>\n<\/div>\n<\/div>\n\n<div class=\"n0-spacer \" style=\"height: calc( var(--wp--custom--ntheme--grid--column--width) * 1 );\"><\/div>\n\n<div style=\"--padding-top: calc(0 * var(--wp--custom--ntheme--grid--column--width)); --padding-bottom: calc(2 * var(--wp--custom--ntheme--grid--column--width)); --padding-left: calc(0 * var(--wp--custom--ntheme--grid--column--width) + var(--wp--custom--ntheme--margin--left) ); --padding-right: calc(0 * var(--wp--custom--ntheme--grid--column--width) + var(--wp--custom--ntheme--margin--right) ); --column-gap: calc(2 * var(--wp--custom--ntheme--grid--column--width)); --column-division: calc(14 * var(--wp--custom--ntheme--grid--column--width));\" class=\"n0-columns wp-block-n0-blocks-n0-columns\">\n<div class=\"n0-column alignment-top\">\n<div class=\"n0-column wp-block-n0-column\"><div class=\"n0-text is-vertically-aligned-top wp-block-n0-blocks-n0-text\">\n\n<h4 class=\"wp-block-heading\">Offene Stellen<\/h4>\n\n\n\n<h2 class=\"wp-block-heading\">Praktikum (w\/m\/d)<br><\/h2>\n\n\n\n<p>Unseren n\u00e4chsten Praktikumsplatz vergeben wir ab Sommer 2027.<\/p>\n\n\n\n<p>Jobbeschreibung<br>Als vollwertiges Mitglied unserer B\u00fcrogemeinschaft lernst Du anspruchsvolle und herausfordernde Aufgaben in Zusammenarbeit mit erfahrenen Betreuern umzusetzen.<\/p>\n\n\n\n<p>Das erwartet Dich bei uns<br>Unterst\u00fctzung des Entwurfs- und Planungsteams bei innovativen Architekturprojekten. Mitarbeit bei Wettbewerben. Modellbau.<\/p>\n\n\n\n<p>Das bringst Du mit<br>Interesse, Engagement und Motivation. Freude an der Arbeit im Team. Sehr gute Deutschkenntnisse. mindestens 4 Semester Architekturstudium. Kenntnisse in Nemetschek Allplan 2025 und MS Office.<\/p>\n\n\n\n<p>Wir antworten schnell, verl\u00e4sslich und vertraulich. Bitte sende ein kurzes Motivationsschreiben mit Deinem Lebenslauf und einem kompakten Portfolio.<\/p>\n\n\n\n<div class=\"wp-block-button\"><a class=\"wp-block-button__link wp-element-button\" href=\"mailto:office@hkarchitekten.at\">KONTAKT<\/a><\/div>\n\n<\/div><\/div>\n<\/div>\n\n<div class=\"n0-column alignment-top\">\n<div class=\"n0-column wp-block-n0-column\"><\/div>\n<\/div>\n<\/div>","protected":false},"excerpt":{"rendered":"<p>F\u00fchlst Du Dich von nachhaltiger Architektur und innovativem Holzbau angesprochen? Stelle Dich bei uns vor und sende uns Deine Initiativbewerbung. Unsere offenen Stellenangebote findest Du weiter unten. KONTAKT F\u00fchlst Du Dich von nachhaltiger Architektur und innovativem Holzbau angesprochen? Stelle Dich bei uns vor und sende uns Deine Initiativbewerbung. Unsere offenen Stellenangebote findest Du weiter unten. KONTAKT F\u00fchlst Du Dich von nachhaltiger Architektur und innovativem Holzbau angesprochen? Stelle Dich bei uns vor und sende uns Deine Initiativbewerbung. Unsere offenen Stellenangebote findest Du weiter unten. KONTAKT Was uns bewegt. Die Entwicklung nachhaltiger und \u00f6kologischer Geb\u00e4ude in Verbindung mit innovativem Holzbau betrachten wir als unsere Kernkompetenz, die uns immer wieder begeistert und herausfordert. Unsere Architektur ist tief verwurzelt in der Kulturlandschaft. Wir sind ein Teil davon und stellen uns nie \u00fcber sie, diesem Prinzip f\u00fchlen wir uns verpflichtet. Unsere Arbeit entsteht im Spannungsfeld von Geschichte, allt\u00e4glicher Baukultur und \u00fcberlieferter Handwerkstradition, in welcher Erfahrung und Innovation in einen lebendigen Austausch treten. Die Umsetzung neuer Projekte wie auch das Bauen im Bestand sind uns gleicherma\u00dfen vertraut und wichtig. Wof\u00fcr wir stehen. Wir sind eine eingespielte Gemeinschaft von rund 30 Mitarbeitenden, die mit hohem Fachwissen und Engagement anspruchsvolle Bauaufgaben entwickeln und umsetzen. Die gegenseitig unterst\u00fctzende und<\/p>\n","protected":false},"author":2,"featured_media":0,"parent":79179,"menu_order":0,"comment_status":"closed","ping_status":"closed","template":"","meta":{"_acf_changed":false,"inline_featured_image":false,"footnotes":""},"class_list":["post-79210","page","type-page","status-publish","hentry"],"acf":[],"_links":{"self":[{"href":"https:\/\/www.hkarchitekten.at\/v80\/de\/wp-json\/wp\/v2\/pages\/79210","targetHints":{"allow":["GET"]}}],"collection":[{"href":"https:\/\/www.hkarchitekten.at\/v80\/de\/wp-json\/wp\/v2\/pages"}],"about":[{"href":"https:\/\/www.hkarchitekten.at\/v80\/de\/wp-json\/wp\/v2\/types\/page"}],"author":[{"embeddable":true,"href":"https:\/\/www.hkarchitekten.at\/v80\/de\/wp-json\/wp\/v2\/users\/2"}],"replies":[{"embeddable":true,"href":"https:\/\/www.hkarchitekten.at\/v80\/de\/wp-json\/wp\/v2\/comments?post=79210"}],"version-history":[{"count":2,"href":"https:\/\/www.hkarchitekten.at\/v80\/de\/wp-json\/wp\/v2\/pages\/79210\/revisions"}],"predecessor-version":[{"id":92541,"href":"https:\/\/www.hkarchitekten.at\/v80\/de\/wp-json\/wp\/v2\/pages\/79210\/revisions\/92541"}],"up":[{"embeddable":true,"href":"https:\/\/www.hkarchitekten.at\/v80\/de\/wp-json\/wp\/v2\/pages\/79179"}],"wp:attachment":[{"href":"https:\/\/www.hkarchitekten.at\/v80\/de\/wp-json\/wp\/v2\/media?parent=79210"}],"curies":[{"name":"wp","href":"https:\/\/api.w.org\/{rel}","templated":true}]}}