{"id":79340,"date":"2024-12-10T17:36:49","date_gmt":"2024-12-10T16:36:49","guid":{"rendered":"https:\/\/www.hkarchitekten.at\/v74\/?page_id=79340"},"modified":"2026-02-23T11:44:40","modified_gmt":"2026-02-23T10:44:40","slug":"n0_startseite","status":"publish","type":"page","link":"https:\/\/www.hkarchitekten.at\/v80\/de\/","title":{"rendered":"Startseite"},"content":{"rendered":"<div class=\"n0-spacer \" style=\"height: calc( var(--wp--custom--ntheme--grid--column--width) * 2 );\"><\/div>\n\n\n<div id=\"grid-zewy4f9\" data-grid-id=\"grid-zewy4f9\" style=\"--grid-col-count:24;\" class=\"wp-block-n0-blocks-n0-grid n0-grid auto-height\">\n<div id=\"n0id-dzv2n4m\" class=\"wp-block-n0-blocks-n0-grid-item n0-grid-item halign-left valign-top\" style=\"--cs-start:1;--cw-span:26;--rs-start:1;--rh-span:19;--cs-start-m:1;--cw-span-m:26;--rs-start-m:1;--rh-span-m:19;--cs-start-s:1;--cw-span-s:26;--rs-start-s:2;--rh-span-s:21\"> <div class=\"n0-image wp-block-n0-blocks-n0-image\" style=\"\" ><div class=\"inner-block\"><figure><img decoding=\"async\" src=\"https:\/\/www.hkarchitekten.at\/v80\/wp-content\/uploads\/2025\/09\/19_31-42-2.jpg\" alt=\"YKK Passive Town, Kurobe\"\/><\/figure><div class=\"caption\"><div class=\"title\"><h5><span>YKK Passive Town, Kurobe<\/span><\/h5><\/div><\/div><\/div><\/div><\/div>\n\n\n\n<div id=\"n0id-dzv2n4m\" class=\"wp-block-n0-blocks-n0-grid-item n0-grid-item halign-left valign-top\" style=\"--cs-start:6;--cw-span:21;--rs-start:21;--rh-span:16;--cs-start-m:6;--cw-span-m:21;--rs-start-m:21;--rh-span-m:16;--cs-start-s:1;--cw-span-s:26;--rs-start-s:23;--rh-span-s:21\"> <div class=\"n0-image wp-block-n0-blocks-n0-image\" style=\"\" ><div class=\"inner-block\"><figure><img decoding=\"async\" src=\"https:\/\/www.hkarchitekten.at\/v80\/wp-content\/uploads\/2025\/05\/20_27-25-2400x1600.jpg\" alt=\"Rathaus Quartier B1+B2, Hohenems\"\/><\/figure><div class=\"caption\"><div class=\"title\"><h5><span>Rathaus Quartier B1+B2, Hohenems<\/span><\/h5><\/div><\/div><\/div><\/div><\/div>\n\n\n\n<div id=\"n0id-dzv2n4m\" class=\"wp-block-n0-blocks-n0-grid-item n0-grid-item halign-left valign-top\" style=\"--cs-start:1;--cw-span:26;--rs-start:37;--rh-span:20;--cs-start-m:1;--cw-span-m:26;--rs-start-m:38;--rh-span-m:21;--cs-start-s:1;--cw-span-s:26;--rs-start-s:44;--rh-span-s:21\"> <div class=\"n0-image wp-block-n0-blocks-n0-image\" style=\"\" ><div class=\"inner-block\"><figure><img decoding=\"async\" src=\"https:\/\/www.hkarchitekten.at\/v80\/wp-content\/uploads\/2025\/07\/b-18_06-40-1-2400x1600.jpg\" alt=\"B&#038;O Holzparkhaus, Bad Aibling\"\/><\/figure><div class=\"caption\"><div class=\"title\"><h5><span>B&#038;O Holzparkhaus, Bad Aibling<\/span><\/h5><\/div><\/div><\/div><\/div><\/div>\n<\/div>\n\n\n<div style=\"--padding-top: calc(2 * var(--wp--custom--ntheme--grid--column--width)); --padding-bottom: calc(1 * var(--wp--custom--ntheme--grid--column--width)); --padding-left: calc(0 * var(--wp--custom--ntheme--grid--column--width) + var(--wp--custom--ntheme--margin--left) ); --padding-right: calc(0 * var(--wp--custom--ntheme--grid--column--width) + var(--wp--custom--ntheme--margin--right) ); --column-gap: calc(1 * var(--wp--custom--ntheme--grid--column--width)); --column-division: calc(20 * var(--wp--custom--ntheme--grid--column--width)); background-color: var(--wp--preset--color--ntheme-lightgray2);\" class=\"n0-columns is-style-n0-contentwidth hide-on-mobile wp-block-n0-blocks-n0-columns has-background has-ntheme-lightgray-2-background-color\">\n<div class=\"n0-column alignment-center\">\n<div class=\"n0-column wp-block-n0-column\">\n<h2 class=\"wp-block-heading is-style-n0-claim-1 has-ntheme-darkgray-color has-text-color has-link-color wp-elements-ac89c42cb6d3d3c84d90c3f4d16333f7\" style=\"font-style:normal;font-weight:300\">Materielle Ressourcen, Topografie und Geschichte sowie Handwerk und allt\u00e4gliche Baukultur spielen in unserer Architektur zusammen.<\/h2>\n<\/div>\n<\/div>\n\n<div class=\"n0-column alignment-bottom\">\n<div class=\"n0-column wp-block-n0-column\"><\/div>\n<\/div>\n<\/div>\n\n<div style=\"--padding-top: calc(4 * var(--wp--custom--ntheme--grid--column--width)); --padding-bottom: calc(0 * var(--wp--custom--ntheme--grid--column--width)); --padding-left: calc(0 * var(--wp--custom--ntheme--grid--column--width) + var(--wp--custom--ntheme--margin--left) ); --padding-right: calc(0 * var(--wp--custom--ntheme--grid--column--width) + var(--wp--custom--ntheme--margin--right) ); --column-gap: calc(2 * var(--wp--custom--ntheme--grid--column--width)); --column-division: calc(19 * var(--wp--custom--ntheme--grid--column--width)); background-color: var(--wp--preset--color--ntheme-lightgray2);\" class=\"n0-columns is-style-n0-contentwidth show-on-mobile wp-block-n0-blocks-n0-columns has-background has-ntheme-lightgray-2-background-color\">\n<div class=\"n0-column alignment-center\">\n<div class=\"n0-column wp-block-n0-column\">\n<h2 class=\"wp-block-heading is-style-n0-claim-1 has-ntheme-darkgray-color has-text-color has-link-color wp-elements-ac89c42cb6d3d3c84d90c3f4d16333f7\" style=\"font-style:normal;font-weight:300\">Materielle Ressourcen, Topografie und Geschichte sowie Handwerk und allt\u00e4gliche Baukultur spielen in unserer Architektur zusammen.<\/h2>\n<\/div>\n<\/div>\n\n<div class=\"n0-column alignment-bottom\">\n<div class=\"n0-column wp-block-n0-column\"><\/div>\n<\/div>\n<\/div>\n\n\n<div id=\"grid-manch5k\" data-grid-id=\"grid-manch5k\" style=\"--grid-col-count:24;\" class=\"wp-block-n0-blocks-n0-grid has-custom-light-grey-background-color has-background n0-grid auto-height\">\n<div id=\"n0id-qakq9lt\" class=\"wp-block-n0-blocks-n0-grid-item n0-grid-item halign-left valign-top\" style=\"--cs-start:21;--cw-span:10;--rs-start:1;--rh-span:2;--cs-start-m:20;--cw-span-m:14;--rs-start-m:1;--rh-span-m:3;--cs-start-s:13;--cw-span-s:15;--rs-start-s:1;--rh-span-s:5\"> <div class=\"n0-text is-vertically-aligned-top wp-block-n0-blocks-n0-text\">\n\n<div class=\"wp-block-button is-style-n0-arrowup\"><a class=\"wp-block-button__link wp-element-button\" href=\"https:\/\/www.hkarchitekten.at\/de\/buero\/philosophie\/\">PHILOSOPHIE<\/a><\/div>\n\n<\/div><\/div>\n<\/div>\n\n\n\n<div id=\"grid-rma0r0t\" data-grid-id=\"grid-rma0r0t\" style=\"--grid-col-count:24;\" class=\"wp-block-n0-blocks-n0-grid n0-grid auto-height\">\n<div id=\"n0id-dzv2n4m\" class=\"wp-block-n0-blocks-n0-grid-item n0-grid-item halign-left valign-top\" style=\"--cs-start:2;--cw-span:10;--rs-start:2;--rh-span:16;--cs-start-m:2;--cw-span-m:10;--rs-start-m:2;--rh-span-m:16;--cs-start-s:4;--cw-span-s:20;--rs-start-s:27;--rh-span-s:33\"> <div class=\"n0-image wp-block-n0-blocks-n0-image\" style=\"\" ><div class=\"inner-block\"><figure><img decoding=\"async\" src=\"https:\/\/www.hkarchitekten.at\/v80\/wp-content\/uploads\/2024\/04\/16_44-199-scaled.jpg\" alt=\"Propstei St. Gerold \u2013 Haupthaus Sanierung, St. Gerold\"\/><\/figure><div class=\"caption\"><\/div><\/div><\/div><\/div>\n\n\n\n<div id=\"n0id-dzv2n4m\" class=\"wp-block-n0-blocks-n0-grid-item n0-grid-item halign-left valign-top\" style=\"--cs-start:15;--cw-span:13;--rs-start:4;--rh-span:10;--cs-start-m:15;--cw-span-m:12;--rs-start-m:5;--rh-span-m:11;--cs-start-s:2;--cw-span-s:24;--rs-start-s:3;--rh-span-s:24\"> <div class=\"n0-image wp-block-n0-blocks-n0-image\" style=\"\" ><div class=\"inner-block\"><figure><img decoding=\"async\" src=\"https:\/\/www.hkarchitekten.at\/v80\/wp-content\/uploads\/2025\/07\/16_44-252-1200x800.jpg\" alt=\"Propstei St. Gerold &#8211; Haupthaus Sanierung, St. Gerold\"\/><\/figure><div class=\"caption\"><div class=\"title\"><h5><span>Propstei St. Gerold &#8211; Haupthaus Sanierung, St. Gerold<\/span><\/h5><\/div><\/div><\/div><\/div><\/div>\n<\/div>\n\n\n\n<div id=\"grid-zewy4f9\" data-grid-id=\"grid-zewy4f9\" style=\"--grid-col-count:24;\" class=\"wp-block-n0-blocks-n0-grid has-ntheme-lightgray-2-background-color has-background n0-grid auto-height\">\n<div id=\"n0id-c535fo6\" class=\"wp-block-n0-blocks-n0-grid-item n0-grid-item halign-left valign-top\" style=\"--cs-start:9;--cw-span:10;--rs-start:2;--rh-span:4;--cs-start-m:9;--cw-span-m:10;--rs-start-m:1;--rh-span-m:6;--cs-start-s:5;--cw-span-s:17;--rs-start-s:2;--rh-span-s:9\"> \n<h4 class=\"wp-block-heading is-style-n0-claim-1 has-ntheme-darkgray-color has-text-color has-link-color wp-elements-7eecea2330c519e84b95b91f10bed9a0\">Unsere Architektur &#8211; inspiriert vom Holzbau.<\/h4>\n<\/div>\n<\/div>\n\n\n\n<div id=\"grid-zewy4f9\" data-grid-id=\"grid-zewy4f9\" style=\"--grid-col-count:24;\" class=\"wp-block-n0-blocks-n0-grid has-ntheme-lightgray-2-background-color has-background n0-grid auto-height\">\n<div id=\"n0id-dzv2n4m\" class=\"wp-block-n0-blocks-n0-grid-item n0-grid-item halign-left valign-top\" style=\"--cs-start:4;--cw-span:20;--rs-start:2;--rh-span:15;--cs-start-m:4;--cw-span-m:20;--rs-start-m:2;--rh-span-m:16;--cs-start-s:1;--cw-span-s:26;--rs-start-s:4;--rh-span-s:25\"> <div class=\"n0-image wp-block-n0-blocks-n0-image\" style=\"\" ><div class=\"inner-block\"><figure><img decoding=\"async\" src=\"https:\/\/www.hkarchitekten.at\/v80\/wp-content\/uploads\/2025\/08\/96_30-21-2400x1600.jpg\" alt=\"Propstei St. Gerold &#8211; Reithalle Sanierung, St. Gerold\"\/><\/figure><div class=\"caption\"><div class=\"title\"><h5><span>Propstei St. Gerold &#8211; Reithalle Sanierung, St. Gerold<\/span><\/h5><\/div><\/div><\/div><\/div><\/div>\n<\/div>\n\n\n<div style=\"--padding-top: calc(2 * var(--wp--custom--ntheme--grid--column--width)); --padding-bottom: calc(1 * var(--wp--custom--ntheme--grid--column--width)); --padding-left: calc(0 * var(--wp--custom--ntheme--grid--column--width) + var(--wp--custom--ntheme--margin--left) ); --padding-right: calc(0 * var(--wp--custom--ntheme--grid--column--width) + var(--wp--custom--ntheme--margin--right) ); --column-gap: calc(1 * var(--wp--custom--ntheme--grid--column--width)); --column-division: calc(20 * var(--wp--custom--ntheme--grid--column--width));\" class=\"n0-columns is-style-n0-contentwidth hide-on-mobile wp-elements-b95220dd2cf22a17dc6ac8ccf4ef56b1 wp-block-n0-blocks-n0-columns has-text-color has-ntheme-lightgray-color\">\n<div class=\"n0-column alignment-top\">\n<div class=\"n0-column wp-block-n0-column\">\n<h2 class=\"wp-block-heading is-style-n0-claim-1 has-ntheme-darkgray-color has-text-color has-link-color wp-elements-6aff615da0b88aa561b9658fc86a21a0\" style=\"font-style:normal;font-weight:300\">Zwischen Tradition und Aufbruch schaffen wir Orte f\u00fcr Menschen. Wir verstehen unsere Architektur als Beitrag f\u00fcr eine zukunftsf\u00e4hige Gesellschaft.<\/h2>\n<\/div>\n<\/div>\n\n<div class=\"n0-column alignment-bottom\">\n<div class=\"n0-column wp-block-n0-column\"><\/div>\n<\/div>\n<\/div>\n\n<div style=\"--padding-top: calc(4 * var(--wp--custom--ntheme--grid--column--width)); --padding-bottom: calc(2 * var(--wp--custom--ntheme--grid--column--width)); --padding-left: calc(0 * var(--wp--custom--ntheme--grid--column--width) + var(--wp--custom--ntheme--margin--left) ); --padding-right: calc(0 * var(--wp--custom--ntheme--grid--column--width) + var(--wp--custom--ntheme--margin--right) ); --column-gap: calc(0 * var(--wp--custom--ntheme--grid--column--width)); --column-division: calc(18 * var(--wp--custom--ntheme--grid--column--width));\" class=\"n0-columns is-style-n0-contentwidth show-on-mobile wp-elements-63af27000b1bad1be5b095c13f128aba wp-block-n0-blocks-n0-columns has-text-color has-ntheme-lightgray-color\">\n<div class=\"n0-column alignment-top\">\n<div class=\"n0-column wp-block-n0-column\">\n<h2 class=\"wp-block-heading is-style-n0-claim-1 has-ntheme-darkgray-color has-text-color has-link-color wp-elements-6aff615da0b88aa561b9658fc86a21a0\" style=\"font-style:normal;font-weight:300\">Zwischen Tradition und Aufbruch schaffen wir Orte f\u00fcr Menschen. Wir verstehen unsere Architektur als Beitrag f\u00fcr eine zukunftsf\u00e4hige Gesellschaft.<\/h2>\n<\/div>\n<\/div>\n\n<div class=\"n0-column alignment-bottom\">\n<div class=\"n0-column wp-block-n0-column\"><\/div>\n<\/div>\n<\/div>\n\n\n<div id=\"grid-manch5k\" data-grid-id=\"grid-manch5k\" style=\"--grid-col-count:24;\" class=\"wp-block-n0-blocks-n0-grid n0-grid auto-height\">\n<div id=\"n0id-qakq9lt\" class=\"wp-block-n0-blocks-n0-grid-item n0-grid-item halign-left valign-top\" style=\"--cs-start:22;--cw-span:6;--rs-start:1;--rh-span:1;--cs-start-m:20;--cw-span-m:8;--rs-start-m:1;--rh-span-m:2;--cs-start-s:13;--cw-span-s:15;--rs-start-s:1;--rh-span-s:5\"> <div class=\"n0-text is-vertically-aligned-top wp-block-n0-blocks-n0-text\">\n\n<div class=\"wp-block-button is-style-n0-arrowup\"><a class=\"wp-block-button__link wp-element-button\" href=\"https:\/\/www.hkarchitekten.at\/de\/expertise\/architektur\/\">EXPERTISE<\/a><\/div>\n\n<\/div><\/div>\n<\/div>\n\n\n\n<div id=\"grid-5mg0spd\" data-grid-id=\"grid-5mg0spd\" style=\"--grid-col-count:24;\" class=\"wp-block-n0-blocks-n0-grid n0-grid auto-height\">\n<div id=\"n0id-dzv2n4m\" class=\"wp-block-n0-blocks-n0-grid-item n0-grid-item halign-left valign-top\" style=\"--cs-start:1;--cw-span:26;--rs-start:2;--rh-span:19;--cs-start-m:1;--cw-span-m:26;--rs-start-m:2;--rh-span-m:20;--cs-start-s:1;--cw-span-s:26;--rs-start-s:2;--rh-span-s:24\"> <div class=\"n0-image wp-block-n0-blocks-n0-image\" style=\"\" ><div class=\"inner-block\"><figure><img decoding=\"async\" src=\"https:\/\/www.hkarchitekten.at\/v80\/wp-content\/uploads\/2025\/08\/10_35-18-2400x1600.jpg\" alt=\"IZM &#8211;  Illwerke Zentrum Montafon, Vandans\"\/><\/figure><div class=\"caption\"><div class=\"title\"><h5><span>IZM &#8211;  Illwerke Zentrum Montafon, Vandans<\/span><\/h5><\/div><\/div><\/div><\/div><\/div>\n<\/div>\n\n\n\n<div id=\"grid-lldsv9z\" data-grid-id=\"grid-lldsv9z\" style=\"--grid-col-count:24;\" class=\"wp-block-n0-blocks-n0-grid has-ntheme-lightgray-2-background-color has-background n0-grid auto-height\">\n<div id=\"n0id-dzv2n4m\" class=\"wp-block-n0-blocks-n0-grid-item n0-grid-item halign-left valign-top\" style=\"--cs-start:2;--cw-span:13;--rs-start:2;--rh-span:10;--cs-start-m:2;--cw-span-m:13;--rs-start-m:2;--rh-span-m:10;--cs-start-s:2;--cw-span-s:24;--rs-start-s:4;--rh-span-s:22\"> <div class=\"n0-image wp-block-n0-blocks-n0-image\" style=\"\" ><div class=\"inner-block\"><figure><img decoding=\"async\" src=\"https:\/\/www.hkarchitekten.at\/v80\/wp-content\/uploads\/2025\/08\/08_21-5-01-1200x800.jpg\" alt=\"Sutterl\u00fcty, Hohenems\"\/><\/figure><div class=\"caption\"><div class=\"title\"><h5><span>Sutterl\u00fcty, Hohenems<\/span><\/h5><\/div><\/div><\/div><\/div><\/div>\n\n\n\n<div id=\"n0id-dzv2n4m\" class=\"wp-block-n0-blocks-n0-grid-item n0-grid-item halign-left valign-top\" style=\"--cs-start:18;--cw-span:7;--rs-start:4;--rh-span:11;--cs-start-m:18;--cw-span-m:7;--rs-start-m:4;--rh-span-m:11;--cs-start-s:4;--cw-span-s:19;--rs-start-s:26;--rh-span-s:29\"> <div class=\"n0-image wp-block-n0-blocks-n0-image\" style=\"\" ><div class=\"inner-block\"><figure><img decoding=\"async\" src=\"https:\/\/www.hkarchitekten.at\/v80\/wp-content\/uploads\/2025\/08\/08_21-45-800x1200.jpg\" alt=\"Sutterl\u00fcty, Hohenems\"\/><\/figure><div class=\"caption\"><\/div><\/div><\/div><\/div>\n\n\n\n<div id=\"n0id-dzv2n4m\" class=\"wp-block-n0-blocks-n0-grid-item n0-grid-item halign-left valign-top\" style=\"--cs-start:2;--cw-span:9;--rs-start:13;--rh-span:14;--cs-start-m:2;--cw-span-m:9;--rs-start-m:13;--rh-span-m:14;--cs-start-s:4;--cw-span-s:19;--rs-start-s:81;--rh-span-s:29\"> <div class=\"n0-image wp-block-n0-blocks-n0-image\" style=\"\" ><div class=\"inner-block\"><figure><img decoding=\"async\" src=\"https:\/\/www.hkarchitekten.at\/v80\/wp-content\/uploads\/2025\/08\/17_18-28-01-1600x2400.jpg\" alt=\"Nebelhornbahn Talstation, Oberstdorf\"\/><\/figure><div class=\"caption\"><\/div><\/div><\/div><\/div>\n\n\n\n<div id=\"n0id-dzv2n4m\" class=\"wp-block-n0-blocks-n0-grid-item n0-grid-item halign-left valign-top\" style=\"--cs-start:14;--cw-span:13;--rs-start:17;--rh-span:11;--cs-start-m:14;--cw-span-m:13;--rs-start-m:17;--rh-span-m:10;--cs-start-s:2;--cw-span-s:24;--rs-start-s:59;--rh-span-s:22\"> <div class=\"n0-image wp-block-n0-blocks-n0-image\" style=\"\" ><div class=\"inner-block\"><figure><img decoding=\"async\" src=\"https:\/\/www.hkarchitekten.at\/v80\/wp-content\/uploads\/2021\/11\/17_18-21-Cover-1200x800.jpg\" alt=\"Nebelhornbahn Talstation, Oberstdorf\"\/><\/figure><div class=\"caption\"><div class=\"title\"><h5><span>Nebelhornbahn Talstation, Oberstdorf<\/span><\/h5><\/div><\/div><\/div><\/div><\/div>\n<\/div>\n\n\n\n<div id=\"grid-manch5k\" data-grid-id=\"grid-manch5k\" style=\"--grid-col-count:24;\" class=\"wp-block-n0-blocks-n0-grid has-ntheme-lightgray-2-background-color has-background n0-grid auto-height\">\n<div id=\"n0id-qakq9lt\" class=\"wp-block-n0-blocks-n0-grid-item n0-grid-item halign-left valign-top\" style=\"--cs-start:21;--cw-span:9;--rs-start:1;--rh-span:2;--cs-start-m:19;--cw-span-m:8;--rs-start-m:3;--rh-span-m:3;--cs-start-s:8;--cw-span-s:17;--rs-start-s:3;--rh-span-s:5\"> <div class=\"n0-text is-vertically-aligned-top wp-block-n0-blocks-n0-text\">\n\n<div class=\"wp-block-button is-style-n0-arrowup\"><a class=\"wp-block-button__link wp-element-button\" href=\"https:\/\/www.hkarchitekten.at\/de\/projekte\/\">MEHR PROJEKTE<\/a><\/div>\n\n<\/div><\/div>\n<\/div>\n\n\n<div style=\"--padding-top: calc(2 * var(--wp--custom--ntheme--grid--column--width)); --padding-bottom: calc(1 * var(--wp--custom--ntheme--grid--column--width)); --padding-left: calc(0 * var(--wp--custom--ntheme--grid--column--width) + var(--wp--custom--ntheme--margin--left) ); --padding-right: calc(0 * var(--wp--custom--ntheme--grid--column--width) + var(--wp--custom--ntheme--margin--right) ); --column-gap: calc(1 * var(--wp--custom--ntheme--grid--column--width)); --column-division: calc(20 * var(--wp--custom--ntheme--grid--column--width));\" class=\"n0-columns is-style-n0-contentwidth hide-on-mobile wp-block-n0-blocks-n0-columns\">\n<div class=\"n0-column alignment-center\">\n<div class=\"n0-column wp-block-n0-column\">\n<h2 class=\"wp-block-heading is-style-n0-claim-1 has-ntheme-darkgray-color has-text-color has-link-color wp-elements-ddfabf8ac902a1c65e542dc6ec81b882\" style=\"font-style:normal;font-weight:300\">Jede Bauaufgabe ist anders. Deshalb beginnt jedes Projekt mit einem neuen Dialog.<\/h2>\n<\/div>\n<\/div>\n\n<div class=\"n0-column alignment-bottom\">\n<div class=\"n0-column wp-block-n0-column\"><\/div>\n<\/div>\n<\/div>\n\n<div style=\"--padding-top: calc(4 * var(--wp--custom--ntheme--grid--column--width)); --padding-bottom: calc(0 * var(--wp--custom--ntheme--grid--column--width)); --padding-left: calc(0 * var(--wp--custom--ntheme--grid--column--width) + var(--wp--custom--ntheme--margin--left) ); --padding-right: calc(0 * var(--wp--custom--ntheme--grid--column--width) + var(--wp--custom--ntheme--margin--right) ); --column-gap: calc(2 * var(--wp--custom--ntheme--grid--column--width)); --column-division: calc(16 * var(--wp--custom--ntheme--grid--column--width));\" class=\"n0-columns is-style-n0-contentwidth show-on-mobile wp-block-n0-blocks-n0-columns\">\n<div class=\"n0-column alignment-center\">\n<div class=\"n0-column wp-block-n0-column\">\n<h2 class=\"wp-block-heading is-style-n0-claim-1 has-ntheme-darkgray-color has-text-color has-link-color wp-elements-ddfabf8ac902a1c65e542dc6ec81b882\" style=\"font-style:normal;font-weight:300\">Jede Bauaufgabe ist anders. Deshalb beginnt jedes Projekt mit einem neuen Dialog.<\/h2>\n<\/div>\n<\/div>\n\n<div class=\"n0-column alignment-bottom\">\n<div class=\"n0-column wp-block-n0-column\"><\/div>\n<\/div>\n<\/div>\n\n\n<div id=\"grid-manch5k\" data-grid-id=\"grid-manch5k\" style=\"--grid-col-count:24;\" class=\"wp-block-n0-blocks-n0-grid n0-grid auto-height\">\n<div id=\"n0id-qakq9lt\" class=\"wp-block-n0-blocks-n0-grid-item n0-grid-item halign-left valign-top\" style=\"--cs-start:21;--cw-span:10;--rs-start:1;--rh-span:2;--cs-start-m:18;--cw-span-m:9;--rs-start-m:1;--rh-span-m:3;--cs-start-s:8;--cw-span-s:18;--rs-start-s:1;--rh-span-s:6\"> <div class=\"n0-text is-vertically-aligned-top wp-block-n0-blocks-n0-text\">\n\n<div class=\"wp-block-button is-style-n0-arrowup\"><a class=\"wp-block-button__link wp-element-button\" href=\"https:\/\/www.hkarchitekten.at\/de\/buero\/leistung\/\">WAS WIR ANBIETEN<\/a><\/div>\n\n<\/div><\/div>\n<\/div>\n\n\n<div style=\"--padding-top: calc(0 * var(--wp--custom--ntheme--grid--column--width)); --padding-bottom: calc(2 * var(--wp--custom--ntheme--grid--column--width)); --padding-left: calc(0 * var(--wp--custom--ntheme--grid--column--width) + var(--wp--custom--ntheme--margin--left) ); --padding-right: calc(0 * var(--wp--custom--ntheme--grid--column--width) + var(--wp--custom--ntheme--margin--right) ); --column-gap: calc(2 * var(--wp--custom--ntheme--grid--column--width)); --column-division: calc(13 * var(--wp--custom--ntheme--grid--column--width));\" class=\"n0-columns is-style-n0-contentwidth hide-on-mobile wp-block-n0-blocks-n0-columns\">\n<div class=\"n0-column alignment-top\">\n<div class=\"n0-column wp-block-n0-column\">\n<figure class=\"wp-block-image size-large\"><img loading=\"lazy\" decoding=\"async\" width=\"1600\" height=\"1067\" src=\"https:\/\/www.hkarchitekten.at\/v74\/wp-content\/uploads\/2023\/11\/HK-ARCH_OFFICE-LIFE_230313-056_A-Lamprecht-1600x1067.jpg\" alt=\"\" class=\"wp-image-75671\" srcset=\"https:\/\/www.hkarchitekten.at\/v80\/wp-content\/uploads\/2023\/11\/HK-ARCH_OFFICE-LIFE_230313-056_A-Lamprecht-1600x1067.jpg 1600w, https:\/\/www.hkarchitekten.at\/v80\/wp-content\/uploads\/2023\/11\/HK-ARCH_OFFICE-LIFE_230313-056_A-Lamprecht-1400x934.jpg 1400w, https:\/\/www.hkarchitekten.at\/v80\/wp-content\/uploads\/2023\/11\/HK-ARCH_OFFICE-LIFE_230313-056_A-Lamprecht-30x20.jpg 30w\" sizes=\"auto, (max-width: 1600px) 100vw, 1600px\" \/><\/figure>\n<\/div>\n<\/div>\n\n<div class=\"n0-column alignment-center\">\n<div class=\"n0-column wp-block-n0-column\">\n<h2 class=\"wp-block-heading is-style-default has-ntheme-darkgray-color has-text-color has-link-color wp-elements-2c3c78d9353fdf00000cbdb2468ef91a\" style=\"font-style:normal;font-weight:300\">Ein Projekt im Sinn? Wir begleiten Sie von der ersten Idee bis zur Umsetzung.<\/h2>\n\n\n<div class=\"n0-text is-vertically-aligned-top wp-block-n0-blocks-n0-text\">\n\n<div class=\"wp-block-button is-style-n0-borderbox\"><a class=\"wp-block-button__link wp-element-button\" href=\"https:\/\/www.hkarchitekten.at\/de\/kontakt\/\">KONTAKT<\/a><\/div>\n\n<\/div><\/div>\n<\/div>\n<\/div>\n\n<div style=\"--padding-top: calc(0 * var(--wp--custom--ntheme--grid--column--width)); --padding-bottom: calc(4 * var(--wp--custom--ntheme--grid--column--width)); --padding-left: calc(0 * var(--wp--custom--ntheme--grid--column--width) + var(--wp--custom--ntheme--margin--left) ); --padding-right: calc(0 * var(--wp--custom--ntheme--grid--column--width) + var(--wp--custom--ntheme--margin--right) ); --column-gap: calc(2 * var(--wp--custom--ntheme--grid--column--width)); --column-division: calc(13 * var(--wp--custom--ntheme--grid--column--width));\" class=\"n0-columns is-style-n0-contentwidth show-on-mobile wp-block-n0-blocks-n0-columns\">\n<div class=\"n0-column alignment-top\">\n<div class=\"n0-column wp-block-n0-column\">\n<figure class=\"wp-block-image size-large\"><img loading=\"lazy\" decoding=\"async\" width=\"1600\" height=\"1067\" src=\"https:\/\/www.hkarchitekten.at\/v74\/wp-content\/uploads\/2023\/11\/HK-ARCH_OFFICE-LIFE_230313-056_A-Lamprecht-1600x1067.jpg\" alt=\"\" class=\"wp-image-75671\" srcset=\"https:\/\/www.hkarchitekten.at\/v80\/wp-content\/uploads\/2023\/11\/HK-ARCH_OFFICE-LIFE_230313-056_A-Lamprecht-1600x1067.jpg 1600w, https:\/\/www.hkarchitekten.at\/v80\/wp-content\/uploads\/2023\/11\/HK-ARCH_OFFICE-LIFE_230313-056_A-Lamprecht-1400x934.jpg 1400w, https:\/\/www.hkarchitekten.at\/v80\/wp-content\/uploads\/2023\/11\/HK-ARCH_OFFICE-LIFE_230313-056_A-Lamprecht-30x20.jpg 30w\" sizes=\"auto, (max-width: 1600px) 100vw, 1600px\" \/><\/figure>\n<\/div>\n<\/div>\n\n<div class=\"n0-column alignment-center\">\n<div class=\"n0-column wp-block-n0-column\">\n<h2 class=\"wp-block-heading is-style-default has-ntheme-darkgray-color has-text-color has-link-color wp-elements-2c3c78d9353fdf00000cbdb2468ef91a\" style=\"font-style:normal;font-weight:300\">Ein Projekt im Sinn? Wir begleiten Sie von der ersten Idee bis zur Umsetzung.<\/h2>\n\n\n<div class=\"n0-text is-vertically-aligned-top wp-block-n0-blocks-n0-text\">\n\n<div class=\"wp-block-button is-style-n0-borderbox\"><a class=\"wp-block-button__link wp-element-button\" href=\"https:\/\/www.hkarchitekten.at\/de\/kontakt\/\">KONTAKT<\/a><\/div>\n\n<\/div><\/div>\n<\/div>\n<\/div>\n\n<div class=\"n0-group is-style-n0-contentwidth\" style=\"padding-top: calc( 1 * var(--wp--custom--ntheme--grid--column--width) ); padding-bottom: calc( 0 * var(--wp--custom--ntheme--grid--column--width) ); padding-left: calc( 0 * var(--wp--custom--ntheme--margin--left) + var(--wp--custom--ntheme--margin--left) ) !important; padding-right: calc( 0 * var(--wp--custom--ntheme--margin--right) + var(--wp--custom--ntheme--margin--right) ) !important; background-color: var(--wp--preset--color--ntheme-lightgray2);\">\n<div class=\"wp-block-n0-blocks-n0-group n0-group-content is-style-n0-contentwidth has-ntheme-lightgray-2-background-color has-background\" style=\"--padding-top:calc(1 * var(--wp--custom--ntheme--grid--column--width));--padding-bottom:calc(0 * var(--wp--custom--ntheme--grid--column--width));--padding-left:calc(0 * var(--wp--custom--ntheme--margin--left));--padding-right:calc(0 * var(--wp--custom--ntheme--margin--right))\"><div class=\"n0-group-inner\">\n<h2 class=\"wp-block-heading is-style-default\">NEWS<\/h2>\n\n\n<div class=\"n0-image-row \" style=\" display: grid; grid-template-columns: repeat(3, 1fr);\"><div class=\"n0-image-row-item\"><figure><img decoding=\"async\" src=\"https:\/\/www.hkarchitekten.at\/v80\/wp-content\/uploads\/2026\/02\/20260223-Richtfest-Symbolbild-2-1200x800.jpg\" alt=\"Richtfest Umweltkompetenzzentrum, Augsburg\" loading=\"lazy\"\/><\/figure><div class=\"caption\" style=\"text-align: left;\"><div class=\"subtitle n0-sc-caption-col\"><span>Baublog \/ Projekt<\/span><\/div><div class=\"title\"><h3><span>Richtfest Umweltkompetenzzentrum, Augsburg<\/span><\/h3><\/div><\/div><\/div><div class=\"n0-image-row-item\"><figure><img decoding=\"async\" src=\"https:\/\/www.hkarchitekten.at\/v80\/wp-content\/uploads\/2016\/05\/13_09-17-1.jpg\" alt=\"Alpitechture Fachexkursion mit Skifahren &#8211; am 19.03. im Skigebiet Nebelhorn, Oberstdorf\" loading=\"lazy\"\/><\/figure><div class=\"caption\" style=\"text-align: left;\"><div class=\"subtitle n0-sc-caption-col\"><span>Exkursion \/ Projekt \/ Veranstaltung<\/span><\/div><div class=\"title\"><h3><span>Alpitechture Fachexkursion mit Skifahren &#8211; am 19.03. im Skigebiet Nebelhorn, Oberstdorf<\/span><\/h3><\/div><\/div><\/div><div class=\"n0-image-row-item\"><figure><img decoding=\"async\" src=\"https:\/\/www.hkarchitekten.at\/v80\/wp-content\/uploads\/2025\/12\/20251202-HolzAusBau-Augsburg-1200x800.jpg\" alt=\"HolzAusBau 26: Tagung in Augsburg &#8211; Vortrag von Christoph D\u00fcnser\" loading=\"lazy\"\/><\/figure><div class=\"caption\" style=\"text-align: left;\"><div class=\"subtitle n0-sc-caption-col\"><span>Veranstaltung \/ Vortrag<\/span><\/div><div class=\"title\"><h3><span>HolzAusBau 26: Tagung in Augsburg &#8211; Vortrag von Christoph D\u00fcnser<\/span><\/h3><\/div><\/div><\/div><\/div><\/div><\/div>\n<\/div>\n\n\n<div id=\"grid-manch5k\" data-grid-id=\"grid-manch5k\" style=\"--grid-col-count:24;\" class=\"wp-block-n0-blocks-n0-grid has-custom-light-grey-background-color has-background n0-grid auto-height\">\n<div id=\"n0id-qakq9lt\" class=\"wp-block-n0-blocks-n0-grid-item n0-grid-item halign-left valign-top\" style=\"--cs-start:22;--cw-span:5;--rs-start:2;--rh-span:2;--cs-start-m:21;--cw-span-m:7;--rs-start-m:2;--rh-span-m:3;--cs-start-s:13;--cw-span-s:14;--rs-start-s:1;--rh-span-s:5\"> <div class=\"n0-text is-vertically-aligned-top wp-block-n0-blocks-n0-text\">\n\n<div class=\"wp-block-button is-style-n0-arrowup\"><a class=\"wp-block-button__link wp-element-button\" href=\"https:\/\/www.hkarchitekten.at\/de\/aktivitaeten\/\">AKTIVIT\u00c4TEN<\/a><\/div>\n\n<\/div><\/div>\n<\/div>\n\n\n<div class=\"n0-group is-style-n0-contentwidth\" style=\"padding-top: calc( 1 * var(--wp--custom--ntheme--grid--column--width) ); padding-bottom: calc( 1 * var(--wp--custom--ntheme--grid--column--width) ); padding-left: calc( 0 * var(--wp--custom--ntheme--margin--left) + var(--wp--custom--ntheme--margin--left) ) !important; padding-right: calc( 0 * var(--wp--custom--ntheme--margin--right) + var(--wp--custom--ntheme--margin--right) ) !important;\">\n<div class=\"wp-block-n0-blocks-n0-group n0-group-content is-style-n0-contentwidth\" style=\"--padding-top:calc(1 * var(--wp--custom--ntheme--grid--column--width));--padding-bottom:calc(1 * var(--wp--custom--ntheme--grid--column--width));--padding-left:calc(0 * var(--wp--custom--ntheme--margin--left));--padding-right:calc(0 * var(--wp--custom--ntheme--margin--right))\"><div class=\"n0-group-inner\">\n<h2 class=\"wp-block-heading is-style-default\">B\u00dcCHER<\/h2>\n\n\n<div class=\"n0-image-row \" style=\" display: grid; grid-template-columns: repeat(4, 1fr);\"><div class=\"n0-image-row-item\"><figure><img decoding=\"async\" src=\"https:\/\/www.hkarchitekten.at\/v80\/wp-content\/uploads\/2025\/05\/Architektur-in-Vorarlberg-Detail-Buchcover-1200x800.jpg\" alt=\"Architektur in Vorarlberg\" loading=\"lazy\"\/><\/figure><div class=\"caption\" style=\"text-align: left;\"><div class=\"subtitle n0-sc-caption-col\"><span>Buch \/ Publikation<\/span><\/div><div class=\"title\"><h3><span>Architektur in Vorarlberg<\/span><\/h3><\/div><\/div><\/div><div class=\"n0-image-row-item\"><figure><img decoding=\"async\" src=\"https:\/\/www.hkarchitekten.at\/v80\/wp-content\/uploads\/2025\/05\/Hermann-Kaufmann-Architekten-Monografie-Detail-Buchcover-1200x800.jpg\" alt=\"DETAIL Special \u2013 Hermann Kaufmann Architekten\" loading=\"lazy\"\/><\/figure><div class=\"caption\" style=\"text-align: left;\"><div class=\"subtitle n0-sc-caption-col\"><span>Buch \/ Monographie<\/span><\/div><div class=\"title\"><h3><span>DETAIL Special \u2013 Hermann Kaufmann Architekten<\/span><\/h3><\/div><\/div><\/div><div class=\"n0-image-row-item\"><figure><img decoding=\"async\" src=\"https:\/\/www.hkarchitekten.at\/v80\/wp-content\/uploads\/2025\/05\/Atlas-Mehrgeschossiger-Holzbau-Buchcover-1200x800.jpg\" alt=\"Atlas Mehrgeschossiger Holzbau\" loading=\"lazy\"\/><\/figure><div class=\"caption\" style=\"text-align: left;\"><div class=\"subtitle n0-sc-caption-col\"><span>Autor Hermann Kaufmann \/ Buch<\/span><\/div><div class=\"title\"><h3><span>Atlas Mehrgeschossiger Holzbau<\/span><\/h3><\/div><\/div><\/div><div class=\"n0-image-row-item\"><figure><img decoding=\"async\" src=\"https:\/\/www.hkarchitekten.at\/v80\/wp-content\/uploads\/2025\/05\/Holz-Von-der-Materie-zum-Gebauten-Detail-Buchcover-1200x800.png\" alt=\"Holz. Von der Materie zum Gebauten\" loading=\"lazy\"\/><\/figure><div class=\"caption\" style=\"text-align: left;\"><div class=\"subtitle n0-sc-caption-col\"><span>Buch \/ Publikation<\/span><\/div><div class=\"title\"><h3><span>Holz. Von der Materie zum Gebauten<\/span><\/h3><\/div><\/div><\/div><\/div><\/div><\/div>\n<\/div>\n\n\n<div id=\"grid-manch5k\" data-grid-id=\"grid-manch5k\" style=\"--grid-col-count:24;\" class=\"wp-block-n0-blocks-n0-grid n0-grid auto-height\">\n<div id=\"n0id-qakq9lt\" class=\"wp-block-n0-blocks-n0-grid-item n0-grid-item halign-left valign-top\" style=\"--cs-start:23;--cw-span:4;--rs-start:1;--rh-span:2;--cs-start-m:22;--cw-span-m:5;--rs-start-m:1;--rh-span-m:3;--cs-start-s:16;--cw-span-s:11;--rs-start-s:1;--rh-span-s:6\"> <div class=\"n0-text is-vertically-aligned-top wp-block-n0-blocks-n0-text\">\n\n<div class=\"wp-block-button is-style-n0-arrowup\"><a class=\"wp-block-button__link wp-element-button\" href=\"https:\/\/www.hkarchitekten.at\/de\/aktivitaeten\/\">B\u00dcCHER<\/a><\/div>\n\n<\/div><\/div>\n<\/div>\n","protected":false},"excerpt":{"rendered":"<p>H wie Holz \u2013 ein Stoff, der uns seit unserer Kindheit vertraut ist. H wie Holzbaukultur \u2013 ein fester Bestandteil des Bauens in unserem Breiten. Seine Renaissance wurzelt in der R\u00fcckbesinnung auf regionales Erbe und \u00f6kologisches Potenzial. In der Revitalisierung alter Bausubstanz, in der Hinwendung zu umweltvertr\u00e4glichem Bauen findet das lokal gepr\u00e4gte handwerkliche Wissen und K\u00f6nnen zu neuer Gr\u00f6\u00dfe. Welche forstwirtschaftlichen, technologischen und baukulturellen Entwicklungen dazu f\u00fchrten, wie divers diese sich regional gestalten, kommt in diesem Buch zur Sprache. Die Sch\u00f6nheit und Qualit\u00e4ten der Materie Holz werden auf unerwartete Weise ins Bild gesetzt. \u201e\u2026die Zimmereien m\u00fcssen die Kapazit\u00e4ten ausbauen f\u00fcr den enormen kommenden Bedarf. Da ist jede Art industrieller Hilfe gefragt. Zimmerer m\u00fcssen umdenken \u2013 hin zur Projektierung, Vorfertigung, Montage, Vernetzung mit Anbietern.\u201c Hermann Kaufmann im Gespr\u00e4ch S. 242-249<\/p>\n","protected":false},"author":2,"featured_media":0,"parent":0,"menu_order":0,"comment_status":"closed","ping_status":"closed","template":"","meta":{"_acf_changed":false,"inline_featured_image":false,"footnotes":""},"class_list":["post-79340","page","type-page","status-publish","hentry"],"acf":[],"_links":{"self":[{"href":"https:\/\/www.hkarchitekten.at\/v80\/de\/wp-json\/wp\/v2\/pages\/79340","targetHints":{"allow":["GET"]}}],"collection":[{"href":"https:\/\/www.hkarchitekten.at\/v80\/de\/wp-json\/wp\/v2\/pages"}],"about":[{"href":"https:\/\/www.hkarchitekten.at\/v80\/de\/wp-json\/wp\/v2\/types\/page"}],"author":[{"embeddable":true,"href":"https:\/\/www.hkarchitekten.at\/v80\/de\/wp-json\/wp\/v2\/users\/2"}],"replies":[{"embeddable":true,"href":"https:\/\/www.hkarchitekten.at\/v80\/de\/wp-json\/wp\/v2\/comments?post=79340"}],"version-history":[{"count":136,"href":"https:\/\/www.hkarchitekten.at\/v80\/de\/wp-json\/wp\/v2\/pages\/79340\/revisions"}],"predecessor-version":[{"id":92801,"href":"https:\/\/www.hkarchitekten.at\/v80\/de\/wp-json\/wp\/v2\/pages\/79340\/revisions\/92801"}],"wp:attachment":[{"href":"https:\/\/www.hkarchitekten.at\/v80\/de\/wp-json\/wp\/v2\/media?parent=79340"}],"curies":[{"name":"wp","href":"https:\/\/api.w.org\/{rel}","templated":true}]}}