{"id":25200,"date":"2016-05-11T12:17:13","date_gmt":"2016-05-11T10:17:13","guid":{"rendered":"http:\/\/www.elmar-schmidinger.at\/hk5\/projekt\/angelika-kauffmann-saal\/"},"modified":"2025-10-20T12:15:13","modified_gmt":"2025-10-20T10:15:13","slug":"angelika-kauffmann-saal","status":"publish","type":"projekt","link":"https:\/\/ip217-154-147-205.pbiaas.com\/v80\/de\/projekt\/angelika-kauffmann-saal\/","title":{"rendered":"Angelika Kauffmann Saal, Schwarzenberg"},"content":{"rendered":"<p><strong>Zur\u00fcckhaltende Erweiterung einer Festhalle.<\/strong><\/p>\n<p>Das urspr\u00fcngliche Projekt von DI Bartle Moosbrugger aus dem Jahre 1984 war f\u00fcr eine reibungslose Abwicklung diverser Aktivit\u00e4ten insbesondere f\u00fcr die Schubertiade zu klein geworden. So wurde der Saal um sieben Meter verl\u00e4ngert und die Nebenr\u00e4ume, insbesondere das Foyer gro\u00dfz\u00fcgig erweitert.<\/p>\n<p>Die architektonische Herausforderung bestand darin, die Qualit\u00e4t des Bestandes zu halten, und die neuen R\u00e4ume so behutsam anzuf\u00fcgen, ohne das gewohnte Bild des Saales, der ja mittlerweile einen hohen Bekanntheitsgrad hat, zu ver\u00e4ndern. Damit erkl\u00e4rt sich auch der zur\u00fcckhaltende und dienende Gestaltungsansatz bei den neu hinzugef\u00fcgten Teile.<\/p>\n","protected":false},"excerpt":{"rendered":"<p>Das urspr\u00fcngliche Projekt von DI Bartle Moosbrugger aus dem Jahre 1984 war f\u00fcr eine reibungslose Abwicklung diverser Aktivit\u00e4ten insbesondere f\u00fcr die Schubertiade zu klein geworden. So wurde der Saal um sieben Meter verl\u00e4ngert und die Nebenr\u00e4ume, insbesondere das Foyer gro\u00dfz\u00fcgig erweitert.<\/p>\n","protected":false},"featured_media":91028,"template":"","tags":[313],"publik":[975],"projekt-art":[958],"projekt-land":[938],"projekt-status":[943],"projekt-kategorie":[922],"projektphase":[],"class_list":["post-25200","projekt","type-projekt","status-publish","has-post-thumbnail","hentry","tag-saal","publik-projektbeschreibung","projekt-art-bauen-im-bestand","projekt-land-oesterreich","projekt-status-fertiggestellt","projekt-kategorie-kultur","projektkategorie-oeffentlich","projektkategorie-umbauten"],"acf":[],"_links":{"self":[{"href":"https:\/\/ip217-154-147-205.pbiaas.com\/v80\/de\/wp-json\/wp\/v2\/projekt\/25200","targetHints":{"allow":["GET"]}}],"collection":[{"href":"https:\/\/ip217-154-147-205.pbiaas.com\/v80\/de\/wp-json\/wp\/v2\/projekt"}],"about":[{"href":"https:\/\/ip217-154-147-205.pbiaas.com\/v80\/de\/wp-json\/wp\/v2\/types\/projekt"}],"wp:featuredmedia":[{"embeddable":true,"href":"https:\/\/ip217-154-147-205.pbiaas.com\/v80\/de\/wp-json\/wp\/v2\/media\/91028"}],"wp:attachment":[{"href":"https:\/\/ip217-154-147-205.pbiaas.com\/v80\/de\/wp-json\/wp\/v2\/media?parent=25200"}],"wp:term":[{"taxonomy":"post_tag","embeddable":true,"href":"https:\/\/ip217-154-147-205.pbiaas.com\/v80\/de\/wp-json\/wp\/v2\/tags?post=25200"},{"taxonomy":"publik","embeddable":true,"href":"https:\/\/ip217-154-147-205.pbiaas.com\/v80\/de\/wp-json\/wp\/v2\/publik?post=25200"},{"taxonomy":"projekt-art","embeddable":true,"href":"https:\/\/ip217-154-147-205.pbiaas.com\/v80\/de\/wp-json\/wp\/v2\/projekt-art?post=25200"},{"taxonomy":"projekt-land","embeddable":true,"href":"https:\/\/ip217-154-147-205.pbiaas.com\/v80\/de\/wp-json\/wp\/v2\/projekt-land?post=25200"},{"taxonomy":"projekt-status","embeddable":true,"href":"https:\/\/ip217-154-147-205.pbiaas.com\/v80\/de\/wp-json\/wp\/v2\/projekt-status?post=25200"},{"taxonomy":"projekt-kategorie","embeddable":true,"href":"https:\/\/ip217-154-147-205.pbiaas.com\/v80\/de\/wp-json\/wp\/v2\/projekt-kategorie?post=25200"},{"taxonomy":"projektphase","embeddable":true,"href":"https:\/\/ip217-154-147-205.pbiaas.com\/v80\/de\/wp-json\/wp\/v2\/projektphase?post=25200"}],"curies":[{"name":"wp","href":"https:\/\/api.w.org\/{rel}","templated":true}]}}