{"id":25371,"date":"2016-05-11T12:23:38","date_gmt":"2016-05-11T10:23:38","guid":{"rendered":"http:\/\/www.elmar-schmidinger.at\/hk5\/projekt\/sutterluety-zentralbuero\/"},"modified":"2025-07-28T17:04:23","modified_gmt":"2025-07-28T15:04:23","slug":"sutterluety-zentralbuero","status":"publish","type":"projekt","link":"https:\/\/ip217-154-147-205.pbiaas.com\/v80\/de\/projekt\/sutterluety-zentralbuero\/","title":{"rendered":"Sutterl\u00fcty Zentralb\u00fcro, Egg"},"content":{"rendered":"<p>Das Geb\u00e4ude wurde bis auf Decken, Stiegenhaus, Aufzug und wenige tragende W\u00e4nde ausgeh\u00f6hlt und in ein modernes, den heutigen Anforderungen entsprechendes B\u00fcrogeb\u00e4ude umgebaut. Die Fassade wurde mit neuen Eichenfenstern und einem Vollw\u00e4rmeschutz saniert, im Dach wurde eine gro\u00dfz\u00fcgige Verglasung eingebaut.<\/p>\n<p>Im EG befindet sich ein Seminarraum (Sutterl\u00fcty-Akademie) sowie die Cafeteria f\u00fcr Seminarteilnehmer und B\u00fcroangestellte. Au\u00dferdem ist im EG ein gek\u00fchltes K\u00e4selager untergebracht. Im 1.OG befindet sich der Empfang, Chefb\u00fcro, Sitzungszimmer und ein Gro\u00dfraumb\u00fcro. Im 2.OG sind ebenfalls ein Gro\u00dfraumb\u00fcro, Einzelb\u00fcros und Besprechungsr\u00e4ume der Sutterl\u00fcty GmbH. Im ausgebauten Dachgescho\u00df sind vermietete B\u00fcror\u00e4umlichkeiten, welche die M\u00f6glichkeit einer Erweiterung offen lassen.<\/p>\n","protected":false},"excerpt":{"rendered":"<p>Da die eigenen B\u00fcror\u00e4umlichkeiten aus den N\u00e4hten platzten, hat die Sutterl\u00fcty GmbH das ehemalige Capo-Geb\u00e4ude in Egg erworben, um dort ihr neues Zentralb\u00fcro unterzubringen.<\/p>\n","protected":false},"featured_media":0,"template":"","tags":[243],"publik":[975],"projekt-art":[958],"projekt-land":[938],"projekt-status":[943],"projekt-kategorie":[920,949],"projektphase":[],"class_list":["post-25371","projekt","type-projekt","status-publish","hentry","tag-handel","publik-projektbeschreibung","projekt-art-bauen-im-bestand","projekt-land-oesterreich","projekt-status-fertiggestellt","projekt-kategorie-arbeit","projekt-kategorie-buero","projektkategorie-gewerbe-handel","projektkategorie-verwaltung"],"acf":[],"_links":{"self":[{"href":"https:\/\/ip217-154-147-205.pbiaas.com\/v80\/de\/wp-json\/wp\/v2\/projekt\/25371","targetHints":{"allow":["GET"]}}],"collection":[{"href":"https:\/\/ip217-154-147-205.pbiaas.com\/v80\/de\/wp-json\/wp\/v2\/projekt"}],"about":[{"href":"https:\/\/ip217-154-147-205.pbiaas.com\/v80\/de\/wp-json\/wp\/v2\/types\/projekt"}],"wp:attachment":[{"href":"https:\/\/ip217-154-147-205.pbiaas.com\/v80\/de\/wp-json\/wp\/v2\/media?parent=25371"}],"wp:term":[{"taxonomy":"post_tag","embeddable":true,"href":"https:\/\/ip217-154-147-205.pbiaas.com\/v80\/de\/wp-json\/wp\/v2\/tags?post=25371"},{"taxonomy":"publik","embeddable":true,"href":"https:\/\/ip217-154-147-205.pbiaas.com\/v80\/de\/wp-json\/wp\/v2\/publik?post=25371"},{"taxonomy":"projekt-art","embeddable":true,"href":"https:\/\/ip217-154-147-205.pbiaas.com\/v80\/de\/wp-json\/wp\/v2\/projekt-art?post=25371"},{"taxonomy":"projekt-land","embeddable":true,"href":"https:\/\/ip217-154-147-205.pbiaas.com\/v80\/de\/wp-json\/wp\/v2\/projekt-land?post=25371"},{"taxonomy":"projekt-status","embeddable":true,"href":"https:\/\/ip217-154-147-205.pbiaas.com\/v80\/de\/wp-json\/wp\/v2\/projekt-status?post=25371"},{"taxonomy":"projekt-kategorie","embeddable":true,"href":"https:\/\/ip217-154-147-205.pbiaas.com\/v80\/de\/wp-json\/wp\/v2\/projekt-kategorie?post=25371"},{"taxonomy":"projektphase","embeddable":true,"href":"https:\/\/ip217-154-147-205.pbiaas.com\/v80\/de\/wp-json\/wp\/v2\/projektphase?post=25371"}],"curies":[{"name":"wp","href":"https:\/\/api.w.org\/{rel}","templated":true}]}}