{"id":25595,"date":"2016-05-11T12:32:29","date_gmt":"2016-05-11T10:32:29","guid":{"rendered":"http:\/\/www.elmar-schmidinger.at\/hk5\/projekt\/nh-jenbach-1\/"},"modified":"2025-07-28T17:07:39","modified_gmt":"2025-07-28T15:07:39","slug":"nh-jenbach-1","status":"publish","type":"projekt","link":"https:\/\/www.hkarchitekten.at\/v80\/de\/projekt\/nh-jenbach-1\/","title":{"rendered":"Herbert von Pichler Stra\u00dfe BA 1, Jenbach"},"content":{"rendered":"<p><strong>Mehrgeschossige Wohnanlage mit 67 Wohnungen in Holzbauweise und im Passivhausstandard.<\/strong><\/p>\n<p>Im ersten Bauabschnitt werden 42 Einheiten errichtet. Dieser bildet einen Hof, von dem aus alle Wohnungen erschlossen werden und der als Kinderspielfl\u00e4che sowie gro\u00dfer Kommunikationsraum angeboten wird. Es sind hier auch alle gro\u00dfen Wohnungen angeordnet, ein familiengerechtes Wohnen ist hier das Hauptthema.<\/p>\n<p>Der zweite Bauabschnitt mit 25 Einheiten ist auf Grund des Grundst\u00fcckszuschnittes zeilenf\u00f6rmig mit guter S\u00fcdorientierung angeordnet. Tiefgaragen mit einem Fassungsverm\u00f6gen von 107 Stellpl\u00e4tzen \u00fcbernehmen den Hauptanteil des ruhenden Verkehrs, die Besucherparkpl\u00e4tze sind entlang der Herbert von Pichler Stra\u00dfe situiert.<\/p>\n<p>Alle Wohnungen sind in jeweils drei \u00fcbereinander liegenden Geschossen untergebracht. Den ebenerdigen Wohnungen ist ein privater Garten zugeordnet. Die Wohnbereiche haben raumhohe Fenster zu den vorgelagerten, \u00fcberdeckten Terrassen hin, welche nach S\u00fcden bzw. Westen ausgerichtet sind. Die vorwiegend nord- und ostseitig gelegenen Schlafr\u00e4ume haben kleinere Fenster mit Klappl\u00e4den. |<\/p>\n<p>Die Wohnh\u00e4user sind als Passivh\u00e4user konzipiert und bekommen eine kontrollierte Be- und Entl\u00fcftung mit W\u00e4rmer\u00fcckgewinnung. Der Restenergiebedarf wird mit Gas gedeckt, die Beheizung erfolgt \u00fcber Fu\u00dfbodenheizung. Die Warmwasserbereitung erfolgt dezentral \u00fcber Sonnenkollektoren f\u00fcr jedes Haus getrennt.<\/p>\n<p>Die Au\u00dfenfassade wird mit naturbelassener L\u00e4rchenholzschalung ausgef\u00fchrt. Als farbliche Differenzierung werden die Drehl\u00e4den der Fenster farbig gestaltet, eine Reminiszenz an historische Holzbauten. In den Wohnungen ist das Konstruktionsmaterial des Hauses durch die sichtbaren Holzdecken erlebbar.<\/p>\n","protected":false},"excerpt":{"rendered":"<p>Mehrgeschossiger Wohnbau in Holz wird immer mehr gerade im Mietwohnungsbau als Alternative zu herk\u00f6mmlichen Bauten gesehen. Dabei erhofft man sich neben der durchaus belegbaren Verminderung der CO2 Belastung (ca. Faktor 3) durch die Herstellung des Bauwerkes selbst eine Alternative zur herk\u00f6mmlichen Materialwelt im Mehrwohnungsbau.<\/p>\n","protected":false},"featured_media":44285,"template":"","tags":[231],"publik":[975],"projekt-art":[957],"projekt-land":[938],"projekt-status":[943],"projekt-kategorie":[929,919],"projektphase":[549],"class_list":["post-25595","projekt","type-projekt","status-publish","has-post-thumbnail","hentry","tag-wohnanlage","publik-projektbeschreibung","projekt-art-neubau","projekt-land-oesterreich","projekt-status-fertiggestellt","projekt-kategorie-mehrfamilienhaus","projekt-kategorie-wohnen","projektkategorie-mehrfamilienhaus","projektkategorie-passivhaeuser","projektphase-herbert-von-pichler-strasse"],"acf":[],"_links":{"self":[{"href":"https:\/\/www.hkarchitekten.at\/v80\/de\/wp-json\/wp\/v2\/projekt\/25595","targetHints":{"allow":["GET"]}}],"collection":[{"href":"https:\/\/www.hkarchitekten.at\/v80\/de\/wp-json\/wp\/v2\/projekt"}],"about":[{"href":"https:\/\/www.hkarchitekten.at\/v80\/de\/wp-json\/wp\/v2\/types\/projekt"}],"wp:featuredmedia":[{"embeddable":true,"href":"https:\/\/www.hkarchitekten.at\/v80\/de\/wp-json\/wp\/v2\/media\/44285"}],"wp:attachment":[{"href":"https:\/\/www.hkarchitekten.at\/v80\/de\/wp-json\/wp\/v2\/media?parent=25595"}],"wp:term":[{"taxonomy":"post_tag","embeddable":true,"href":"https:\/\/www.hkarchitekten.at\/v80\/de\/wp-json\/wp\/v2\/tags?post=25595"},{"taxonomy":"publik","embeddable":true,"href":"https:\/\/www.hkarchitekten.at\/v80\/de\/wp-json\/wp\/v2\/publik?post=25595"},{"taxonomy":"projekt-art","embeddable":true,"href":"https:\/\/www.hkarchitekten.at\/v80\/de\/wp-json\/wp\/v2\/projekt-art?post=25595"},{"taxonomy":"projekt-land","embeddable":true,"href":"https:\/\/www.hkarchitekten.at\/v80\/de\/wp-json\/wp\/v2\/projekt-land?post=25595"},{"taxonomy":"projekt-status","embeddable":true,"href":"https:\/\/www.hkarchitekten.at\/v80\/de\/wp-json\/wp\/v2\/projekt-status?post=25595"},{"taxonomy":"projekt-kategorie","embeddable":true,"href":"https:\/\/www.hkarchitekten.at\/v80\/de\/wp-json\/wp\/v2\/projekt-kategorie?post=25595"},{"taxonomy":"projektphase","embeddable":true,"href":"https:\/\/www.hkarchitekten.at\/v80\/de\/wp-json\/wp\/v2\/projektphase?post=25595"}],"curies":[{"name":"wp","href":"https:\/\/api.w.org\/{rel}","templated":true}]}}