{"id":25630,"date":"2016-05-11T12:33:57","date_gmt":"2016-05-11T10:33:57","guid":{"rendered":"http:\/\/www.elmar-schmidinger.at\/hk5\/projekt\/allmeinteilweg-bt-5\/"},"modified":"2025-10-20T10:57:27","modified_gmt":"2025-10-20T08:57:27","slug":"allmeinteilweg-bt-5","status":"publish","type":"projekt","link":"https:\/\/www.hkarchitekten.at\/v80\/de\/projekt\/allmeinteilweg-bt-5\/","title":{"rendered":"Allmeinteilweg &#8211; BA 5, Ludesch"},"content":{"rendered":"<p><strong>Von der Werkstatt in einem St\u00fcck mit allen Ausl\u00e4ssen an die Baustelle: drei Etagen hohe Installations-Kerne in Holz-Kastenelementen.<\/strong><\/p>\n<p>Diese Anlage in Ludesch wurde \u2013 etwa zeitgleich mit dem Bau in Telfs-Schlichtling \u2013 als Folgeauftrag nach Wolfurt- Neudorfstra\u00dfe mit demselben Bautr\u00e4ger errichtet. Sie bringt eine weitere Variante des Typus mit pragmatischen Grundrissen und prim\u00e4rer Orientierung der Wohnungen nach S\u00fcdwesten. Eine Neuerung bedeuten die bis zu den Wandausl\u00e4ssen in der Werkstatt vorgefertigten Installations- Kerne. Die 2,80 m breiten und drei Etagen hohen Elemente wurden in einem St\u00fcck geliefert und als Erstes auf die Kellerdecken gesetzt. Die Haustechnik ist insgesamt anspruchsvoller und bietet Solaranlagen f\u00fcr Warmwasser, Pellets-Biomasseheizung, Kalt- und Warmwasserz\u00e4hler zur individuellen Kontrolle, Fotovoltaik in der Fassade des s\u00fcdlichsten Traktes. Die schwierige Grundst\u00fccksform ist durch breite Gr\u00fcnr\u00e4ume, Spielfl\u00e4chen und ebenerdige Wohng\u00e4rten gut gen\u00fctzt. Bei den Stiegenh\u00e4usern sind bereits konstruktive Sch\u00e4chte vorgesehen, die, wenn sich sp\u00e4ter eine zus\u00e4tzliche Finanzierungsm\u00f6glichkeit ergibt, zum Einbau von Liften gen\u00fctzt werden k\u00f6nnen.<\/p>\n","protected":false},"excerpt":{"rendered":"<p>Von der Werkstatt in einem St\u00fcck mit allen Ausl\u00e4ssen an die Baustelle: drei Etagen hohe Installations-Kerne in Holz-Kastenelementen. Diese Anlage in Ludesch wurde \u2013 etwa zeitgleich mit dem Bau in Telfs-Schlichtling \u2013 als Folgeauftrag nach Wolfurt- Neudorfstra\u00dfe mit demselben Bautr\u00e4ger errichtet. Sie bringt eine weitere Variante des Typus mit pragmatischen Grundrissen und prim\u00e4rer Orientierung der [&hellip;]<\/p>\n","protected":false},"featured_media":33338,"template":"","tags":[231],"publik":[975],"projekt-art":[957],"projekt-land":[938],"projekt-status":[943],"projekt-kategorie":[929,919],"projektphase":[],"class_list":["post-25630","projekt","type-projekt","status-publish","has-post-thumbnail","hentry","tag-wohnanlage","publik-projektbeschreibung","projekt-art-neubau","projekt-land-oesterreich","projekt-status-fertiggestellt","projekt-kategorie-mehrfamilienhaus","projekt-kategorie-wohnen","projektkategorie-mehrfamilienhaus"],"acf":[],"_links":{"self":[{"href":"https:\/\/www.hkarchitekten.at\/v80\/de\/wp-json\/wp\/v2\/projekt\/25630","targetHints":{"allow":["GET"]}}],"collection":[{"href":"https:\/\/www.hkarchitekten.at\/v80\/de\/wp-json\/wp\/v2\/projekt"}],"about":[{"href":"https:\/\/www.hkarchitekten.at\/v80\/de\/wp-json\/wp\/v2\/types\/projekt"}],"wp:featuredmedia":[{"embeddable":true,"href":"https:\/\/www.hkarchitekten.at\/v80\/de\/wp-json\/wp\/v2\/media\/33338"}],"wp:attachment":[{"href":"https:\/\/www.hkarchitekten.at\/v80\/de\/wp-json\/wp\/v2\/media?parent=25630"}],"wp:term":[{"taxonomy":"post_tag","embeddable":true,"href":"https:\/\/www.hkarchitekten.at\/v80\/de\/wp-json\/wp\/v2\/tags?post=25630"},{"taxonomy":"publik","embeddable":true,"href":"https:\/\/www.hkarchitekten.at\/v80\/de\/wp-json\/wp\/v2\/publik?post=25630"},{"taxonomy":"projekt-art","embeddable":true,"href":"https:\/\/www.hkarchitekten.at\/v80\/de\/wp-json\/wp\/v2\/projekt-art?post=25630"},{"taxonomy":"projekt-land","embeddable":true,"href":"https:\/\/www.hkarchitekten.at\/v80\/de\/wp-json\/wp\/v2\/projekt-land?post=25630"},{"taxonomy":"projekt-status","embeddable":true,"href":"https:\/\/www.hkarchitekten.at\/v80\/de\/wp-json\/wp\/v2\/projekt-status?post=25630"},{"taxonomy":"projekt-kategorie","embeddable":true,"href":"https:\/\/www.hkarchitekten.at\/v80\/de\/wp-json\/wp\/v2\/projekt-kategorie?post=25630"},{"taxonomy":"projektphase","embeddable":true,"href":"https:\/\/www.hkarchitekten.at\/v80\/de\/wp-json\/wp\/v2\/projektphase?post=25630"}],"curies":[{"name":"wp","href":"https:\/\/api.w.org\/{rel}","templated":true}]}}