{"id":25718,"date":"2016-05-11T12:37:44","date_gmt":"2016-05-11T10:37:44","guid":{"rendered":"http:\/\/www.elmar-schmidinger.at\/hk5\/projekt\/kammelweg\/"},"modified":"2025-07-28T17:08:33","modified_gmt":"2025-07-28T15:08:33","slug":"kammelweg","status":"publish","type":"projekt","link":"https:\/\/ip217-154-147-205.pbiaas.com\/v80\/de\/projekt\/kammelweg\/","title":{"rendered":"Kammelweg, Wien"},"content":{"rendered":"\n<p><strong>Wiens erste Wohnanlage in Passivbauweis. <\/strong><\/p>\n\n\n\n<p>Auf einem Grundst\u00fcck in Wien wurde ein Bautr\u00e4gerwettbewerb \u00fcber zwei Baufelder ausgeschrieben. Ziel war die Errichtung von je ca. 100 Wohnungen in Passivhausbauweise. In Wien ist dieses das erste Projekt in Passivhausstandard. Ebenfalls neu ist die Realisation des siebengeschossigen Geb\u00e4udes in Holz-Mischbauweise.<\/p>\n\n\n\n<p>Ein kompakter, zentral erschlossener Bauk\u00f6rper mit einer \u201eausgedrehten\u201c S\u00fcdzeile reagiert auf die spezifische Situation am Kammelweg. Dieser Geb\u00e4udetyp mit seiner attraktiven Zentralhalle und den Kommunikationsfl\u00e4chen auf allen Ebenen l\u00e4sst eine \u00e4u\u00dferst rationelle und kosteng\u00fcnstige Erschlie\u00dfung (ein Stiegenhaus und ein Lift) zu. W\u00e4hrend die Erdgeschossigen Wohnungen jeweils einen Gartenanteil zugeordnet haben, werden die Obergeschosswohnungen mit begr\u00fcnten Loggien bzw. Balkonen ausgestattet. Die Dachwohnungen erhalten Dachterrassen. Dieser Zentraltyp erm\u00f6glicht eine \u00e4u\u00dferst kompakte Bauweise mit einem optimierten Verh\u00e4ltnis zwischen Geb\u00e4udeh\u00fclle zu Wohnnutzfl\u00e4che.<\/p>\n","protected":false},"excerpt":{"rendered":"<p>Ein kompakter, zentral erschlossener Bauk\u00f6rper mit einer \u201eausgedrehten\u201c S\u00fcdzeile reagiert auf die spezifische Situation am Kammelweg. Dieser Geb\u00e4udetyp mit seiner attraktiven Zentralhalle und den Kommunikationsfl\u00e4chen auf allen Ebenen l\u00e4sst eine \u00e4u\u00dferst rationelle und kosteng\u00fcnstige Erschlie\u00dfung (ein Stiegenhaus und ein Lift) zu. <\/p>\n<p>W\u00e4hrend die erdgescho\u00dfigen Wohnungen jeweils einen Gartenanteil zugeordnet haben, werden die Obergeschosswohnungen mit begr\u00fcnten Loggien bzw. Balkonen ausgestattet. Die Dachwohnungen erhalten Dachterrassen. Dieser Zentraltyp erm\u00f6glicht eine \u00e4u\u00dferst kompakte Bauweise mit einem optimierten Verh\u00e4ltnis zwischen Geb\u00e4udeh\u00fclle zu Wohnnutzfl\u00e4che.<\/p>\n<p>Zentraltypen k\u00f6nnen naturgem\u00e4\u00df nur einseitig orientiert werden. Durch den Einbau einer kontrollierten Be- und Entl\u00fcftung ist die nicht vorhandene M\u00f6glichkeit der Querdurchl\u00fcftung unproblematisch. Gen\u00fcgend Luftwechsel \u00fcber diese L\u00fcftung garantiert eine optimale Luftqualit\u00e4t.<\/p>\n","protected":false},"featured_media":42490,"template":"","tags":[231],"publik":[975],"projekt-art":[957],"projekt-land":[938],"projekt-status":[943],"projekt-kategorie":[929,919],"projektphase":[1244],"class_list":["post-25718","projekt","type-projekt","status-publish","has-post-thumbnail","hentry","tag-wohnanlage","publik-projektbeschreibung","projekt-art-neubau","projekt-land-oesterreich","projekt-status-fertiggestellt","projekt-kategorie-mehrfamilienhaus","projekt-kategorie-wohnen","projektkategorie-mehrfamilienhaus","projektphase-kammelweg-wien"],"acf":[],"_links":{"self":[{"href":"https:\/\/ip217-154-147-205.pbiaas.com\/v80\/de\/wp-json\/wp\/v2\/projekt\/25718","targetHints":{"allow":["GET"]}}],"collection":[{"href":"https:\/\/ip217-154-147-205.pbiaas.com\/v80\/de\/wp-json\/wp\/v2\/projekt"}],"about":[{"href":"https:\/\/ip217-154-147-205.pbiaas.com\/v80\/de\/wp-json\/wp\/v2\/types\/projekt"}],"wp:featuredmedia":[{"embeddable":true,"href":"https:\/\/ip217-154-147-205.pbiaas.com\/v80\/de\/wp-json\/wp\/v2\/media\/42490"}],"wp:attachment":[{"href":"https:\/\/ip217-154-147-205.pbiaas.com\/v80\/de\/wp-json\/wp\/v2\/media?parent=25718"}],"wp:term":[{"taxonomy":"post_tag","embeddable":true,"href":"https:\/\/ip217-154-147-205.pbiaas.com\/v80\/de\/wp-json\/wp\/v2\/tags?post=25718"},{"taxonomy":"publik","embeddable":true,"href":"https:\/\/ip217-154-147-205.pbiaas.com\/v80\/de\/wp-json\/wp\/v2\/publik?post=25718"},{"taxonomy":"projekt-art","embeddable":true,"href":"https:\/\/ip217-154-147-205.pbiaas.com\/v80\/de\/wp-json\/wp\/v2\/projekt-art?post=25718"},{"taxonomy":"projekt-land","embeddable":true,"href":"https:\/\/ip217-154-147-205.pbiaas.com\/v80\/de\/wp-json\/wp\/v2\/projekt-land?post=25718"},{"taxonomy":"projekt-status","embeddable":true,"href":"https:\/\/ip217-154-147-205.pbiaas.com\/v80\/de\/wp-json\/wp\/v2\/projekt-status?post=25718"},{"taxonomy":"projekt-kategorie","embeddable":true,"href":"https:\/\/ip217-154-147-205.pbiaas.com\/v80\/de\/wp-json\/wp\/v2\/projekt-kategorie?post=25718"},{"taxonomy":"projektphase","embeddable":true,"href":"https:\/\/ip217-154-147-205.pbiaas.com\/v80\/de\/wp-json\/wp\/v2\/projektphase?post=25718"}],"curies":[{"name":"wp","href":"https:\/\/api.w.org\/{rel}","templated":true}]}}