{"id":25761,"date":"2016-05-11T12:39:45","date_gmt":"2016-05-11T10:39:45","guid":{"rendered":"http:\/\/www.elmar-schmidinger.at\/hk5\/projekt\/sutterluety-birgit-u-paul\/"},"modified":"2025-10-20T12:01:37","modified_gmt":"2025-10-20T10:01:37","slug":"sutterluety-birgit-u-paul","status":"publish","type":"projekt","link":"https:\/\/ip217-154-147-205.pbiaas.com\/v80\/de\/projekt\/sutterluety-birgit-u-paul\/","title":{"rendered":"Sutterl\u00fcty P, Egg"},"content":{"rendered":"<p><strong>Eine neue Subversion in der traditionellen Bregenzerw\u00e4lder Architektur.<\/strong><\/p>\n<p>Ist ein Flachdach im Bregenzerwald richtig? Die Frage besch\u00e4ftigte bei diesem Bau neben Architekt und Bauherrn die ganze Gemeindevertretung. Nach eingehendem Diskussionsprozess fand man schlie\u00dflich Einigung, dass in dieser Lage aufgrund der baulich heterogenen Nachbarschaft diese Dachform m\u00f6glich ist.<\/p>\n<p>Die Qualit\u00e4t eines Hauses h\u00e4ngt ja nicht nur an der Frage nach der richtigen Dachform. So \u00fcbernimmt dieses Haus viele Attribute des Bregenzerw\u00e4lderhauses wie: L\u00e4ngsbauk\u00f6rper, Materialisierung, Umgang mit dem Gel\u00e4nde sowie die einfache und klare Gestaltung und versucht trotz \u201efremder\u201c Dachform den Dialog mit der baulichen Tradition zu f\u00fchren.<\/p>\n","protected":false},"excerpt":{"rendered":"<p>Ist ein Flachdach im Bregenzerwald richtig? Die Frage besch\u00e4ftigte bei diesem Bau neben Architekt und Bauherrn die ganze Gemeindevertretung. Nach eingehendem Diskussionsprozess fand man schlie\u00dflich Einigung, dass in dieser Lage aufgrund der baulich heterogenen Nachbarschaft diese Dachform m\u00f6glich ist. Die Qualit\u00e4t eines Hauses h\u00e4ngt ja nicht nur an der Frage nach der richtigen Dachform.<br \/>\nSo \u00fcbernimmt dieses Haus viele Attribute des Bregenzerw\u00e4lderhauses wie:<br \/>\nL\u00e4ngsbauk\u00f6rper, Materialisierung, Umgang mit dem Gel\u00e4nde sowie die einfache und klare Gestaltung und versucht trotz \u201efremder\u201c Dachform den Dialog mit der baulichen Tradition zu f\u00fchren.<\/p>\n","protected":false},"featured_media":66731,"template":"","tags":[318],"publik":[975],"projekt-art":[957],"projekt-land":[938],"projekt-status":[943],"projekt-kategorie":[930,919],"projektphase":[],"class_list":["post-25761","projekt","type-projekt","status-publish","has-post-thumbnail","hentry","tag-efh","publik-projektbeschreibung","projekt-art-neubau","projekt-land-oesterreich","projekt-status-fertiggestellt","projekt-kategorie-einfamilienhaus","projekt-kategorie-wohnen","projektkategorie-einfamilienhaus"],"acf":[],"_links":{"self":[{"href":"https:\/\/ip217-154-147-205.pbiaas.com\/v80\/de\/wp-json\/wp\/v2\/projekt\/25761","targetHints":{"allow":["GET"]}}],"collection":[{"href":"https:\/\/ip217-154-147-205.pbiaas.com\/v80\/de\/wp-json\/wp\/v2\/projekt"}],"about":[{"href":"https:\/\/ip217-154-147-205.pbiaas.com\/v80\/de\/wp-json\/wp\/v2\/types\/projekt"}],"wp:featuredmedia":[{"embeddable":true,"href":"https:\/\/ip217-154-147-205.pbiaas.com\/v80\/de\/wp-json\/wp\/v2\/media\/66731"}],"wp:attachment":[{"href":"https:\/\/ip217-154-147-205.pbiaas.com\/v80\/de\/wp-json\/wp\/v2\/media?parent=25761"}],"wp:term":[{"taxonomy":"post_tag","embeddable":true,"href":"https:\/\/ip217-154-147-205.pbiaas.com\/v80\/de\/wp-json\/wp\/v2\/tags?post=25761"},{"taxonomy":"publik","embeddable":true,"href":"https:\/\/ip217-154-147-205.pbiaas.com\/v80\/de\/wp-json\/wp\/v2\/publik?post=25761"},{"taxonomy":"projekt-art","embeddable":true,"href":"https:\/\/ip217-154-147-205.pbiaas.com\/v80\/de\/wp-json\/wp\/v2\/projekt-art?post=25761"},{"taxonomy":"projekt-land","embeddable":true,"href":"https:\/\/ip217-154-147-205.pbiaas.com\/v80\/de\/wp-json\/wp\/v2\/projekt-land?post=25761"},{"taxonomy":"projekt-status","embeddable":true,"href":"https:\/\/ip217-154-147-205.pbiaas.com\/v80\/de\/wp-json\/wp\/v2\/projekt-status?post=25761"},{"taxonomy":"projekt-kategorie","embeddable":true,"href":"https:\/\/ip217-154-147-205.pbiaas.com\/v80\/de\/wp-json\/wp\/v2\/projekt-kategorie?post=25761"},{"taxonomy":"projektphase","embeddable":true,"href":"https:\/\/ip217-154-147-205.pbiaas.com\/v80\/de\/wp-json\/wp\/v2\/projektphase?post=25761"}],"curies":[{"name":"wp","href":"https:\/\/api.w.org\/{rel}","templated":true}]}}