{"id":25769,"date":"2016-05-11T12:40:11","date_gmt":"2016-05-11T10:40:11","guid":{"rendered":"http:\/\/www.elmar-schmidinger.at\/hk5\/projekt\/dorfzentrum-schwarzach\/"},"modified":"2025-10-20T11:32:37","modified_gmt":"2025-10-20T09:32:37","slug":"dorfzentrum-schwarzach","status":"publish","type":"projekt","link":"https:\/\/ip217-154-147-205.pbiaas.com\/v80\/de\/projekt\/dorfzentrum-schwarzach\/","title":{"rendered":"Dorfzentrum, Schwarzach"},"content":{"rendered":"<p><strong>Unterschiedliche Bauten geben dem Stra\u00dfendorf eine funktionale, r\u00e4umliche Mitte, umfassen einen vielf\u00e4ltig nutzbaren Platzraum. <\/strong><\/p>\n<p>Das neue Zentrum bedeutete f\u00fcr die kleine Gemeinde ein \u201eJahrhundertprojekt\u201c. Der 1999 durchgef\u00fchrte Architekturwettbewerb erfasste das sp\u00e4ter ausgef\u00fchrte Programm \u2013 Rathaus, Br\u00e4ukeller, Mehrzwecksaal \u2013, betraf aber etwas andere Grundverh\u00e4ltnisse.<\/p>\n<p>Das pr\u00e4mierte Projekt von Theo Lang\/Karl Schw\u00e4rzler fand in der Gemeinde keinen Zuspruch; in einem B\u00fcrgerbeteiligungsverfahren wurden Alternativen diskutiert. Inzwischen konnten erg\u00e4nzende Grundst\u00fccke zugekauft werden, was den planerischen Spielraum erweiterte. Lang\/Schw\u00e4rzler bildeten mit Hermann Kaufmann, der ebenfalls am Wettbewerb teilgenommen hatte, eine Arbeitsgemeinschaft.<\/p>\n<p>Die Planung wurde neu angesetzt. Einige Themen aus dem Wettbewerb blieben erhalten: die Position des Rathauses als Angelpunkt \u201eauf dem Platz\u201c und \u201ean der Stra\u00dfe\u201c; die Freilegung und Neunutzung des Kernbaus des alten Br\u00e4uhauses und dessen Koppelung mit einem neuen Trakt f\u00fcr Foyer und Mehrzwecksaal. Hinzu kamen ein weiterer Trakt f\u00fcr B\u00fcros und B\u00e4ckerei an der Nordseite der neu trassierten Bildsteinstra\u00dfe, die Einbettung der Tiefgarage mit Aufg\u00e4ngen zu allen Neubauten sowie das Konzept f\u00fcr einen sp\u00e4ter zu errichtenden gro\u00dfen Dorfsaal auf der Ostseite. Der \u00f6ffentliche Platz reicht bis zum Fu\u00df des Hanges im Hintergrund, ist zur Stra\u00dfe mit dem Kubus des Gemeindehauses abgeschirmt.<\/p>\n","protected":false},"excerpt":{"rendered":"<p>Unterschiedliche Bauten geben dem Stra\u00dfendorf eine<br \/>\nfunktionale, r\u00e4umliche Mitte, umfassen einen vielf\u00e4ltig<br \/>\nnutzbaren Platzraum.<\/p>\n","protected":false},"featured_media":91042,"template":"","tags":[355],"publik":[975],"projekt-art":[958,957],"projekt-land":[938],"projekt-status":[943],"projekt-kategorie":[1058],"projektphase":[],"class_list":["post-25769","projekt","type-projekt","status-publish","has-post-thumbnail","hentry","tag-dorfzentrum","publik-projektbeschreibung","projekt-art-bauen-im-bestand","projekt-art-neubau","projekt-land-oesterreich","projekt-status-fertiggestellt","projekt-kategorie-verwaltung-2","projektkategorie-auswahl","projektkategorie-gewerbe-handel","projektkategorie-oeffentlich","projektkategorie-verwaltung"],"acf":[],"_links":{"self":[{"href":"https:\/\/ip217-154-147-205.pbiaas.com\/v80\/de\/wp-json\/wp\/v2\/projekt\/25769","targetHints":{"allow":["GET"]}}],"collection":[{"href":"https:\/\/ip217-154-147-205.pbiaas.com\/v80\/de\/wp-json\/wp\/v2\/projekt"}],"about":[{"href":"https:\/\/ip217-154-147-205.pbiaas.com\/v80\/de\/wp-json\/wp\/v2\/types\/projekt"}],"wp:featuredmedia":[{"embeddable":true,"href":"https:\/\/ip217-154-147-205.pbiaas.com\/v80\/de\/wp-json\/wp\/v2\/media\/91042"}],"wp:attachment":[{"href":"https:\/\/ip217-154-147-205.pbiaas.com\/v80\/de\/wp-json\/wp\/v2\/media?parent=25769"}],"wp:term":[{"taxonomy":"post_tag","embeddable":true,"href":"https:\/\/ip217-154-147-205.pbiaas.com\/v80\/de\/wp-json\/wp\/v2\/tags?post=25769"},{"taxonomy":"publik","embeddable":true,"href":"https:\/\/ip217-154-147-205.pbiaas.com\/v80\/de\/wp-json\/wp\/v2\/publik?post=25769"},{"taxonomy":"projekt-art","embeddable":true,"href":"https:\/\/ip217-154-147-205.pbiaas.com\/v80\/de\/wp-json\/wp\/v2\/projekt-art?post=25769"},{"taxonomy":"projekt-land","embeddable":true,"href":"https:\/\/ip217-154-147-205.pbiaas.com\/v80\/de\/wp-json\/wp\/v2\/projekt-land?post=25769"},{"taxonomy":"projekt-status","embeddable":true,"href":"https:\/\/ip217-154-147-205.pbiaas.com\/v80\/de\/wp-json\/wp\/v2\/projekt-status?post=25769"},{"taxonomy":"projekt-kategorie","embeddable":true,"href":"https:\/\/ip217-154-147-205.pbiaas.com\/v80\/de\/wp-json\/wp\/v2\/projekt-kategorie?post=25769"},{"taxonomy":"projektphase","embeddable":true,"href":"https:\/\/ip217-154-147-205.pbiaas.com\/v80\/de\/wp-json\/wp\/v2\/projektphase?post=25769"}],"curies":[{"name":"wp","href":"https:\/\/api.w.org\/{rel}","templated":true}]}}