{"id":25804,"date":"2016-05-11T12:42:07","date_gmt":"2016-05-11T10:42:07","guid":{"rendered":"http:\/\/www.elmar-schmidinger.at\/hk5\/projekt\/widerin-martin\/"},"modified":"2025-10-20T12:10:42","modified_gmt":"2025-10-20T10:10:42","slug":"widerin-martin","status":"publish","type":"projekt","link":"https:\/\/www.hkarchitekten.at\/v80\/de\/projekt\/widerin-martin\/","title":{"rendered":"Widerin, Wolfurt"},"content":{"rendered":"<p><strong>Nachhaltiges Einfamilienhaus mit\u00a0 Erweiterungsm\u00f6glichkeit.<\/strong><\/p>\n<p>Bei diesem Projekt handelt es sich um ein Einfamilienhaus in Holzbauweise mit Passivhausstandard. Es ist ein sehr kompakter Bauk\u00f6rper mit einer vertikalen L\u00e4rchenverschalung und mit s\u00fcdseitig b\u00fcndig in die Fassade integrierten Solarkollektoren.<\/p>\n<p>Auf dem Dach wurde au\u00dferdem eine Photovoltaikanlage mit einer Leistung von 3,4 kWh installiert. Laut Wohnbaurichtlinien des Landes Vorarlberg wurde die h\u00f6chste F\u00f6rderungsstufe (140 Punkte nach \u00d6KO<sub>2<\/sub>-Richtlinie, drei S\u00e4ulen-Modell, bewertet nach: Heizw\u00e4rmebedarf, Energieversorgung und Warmwasseraufbereitung, \u00f6kologische Ma\u00dfnahmen) mit den erzielten 269 Punkten weit \u00fcberschritten. Zur optimalen Ausnutzung des Grundst\u00fcckes ist das Projekt als Doppelhaus konzipiert. Es besteht jederzeit die M\u00f6glichkeit, das Projekt in dieser Form zu erweitern.<\/p>\n\n\n<p><\/p>\n","protected":false},"excerpt":{"rendered":"<p>Bei diesem Projekt handelt es sich um ein Einfamilienhaus in Holzbauweise mit Passivhausstandard. Es ist ein sehr kompakter Bauk\u00f6rper mit einer vertikalen L\u00e4rchenverschalung und mit s\u00fcdseitig b\u00fcndig in die Fassade integrierten Solarkollektoren.<\/p>\n","protected":false},"featured_media":66738,"template":"","tags":[318],"publik":[975],"projekt-art":[957],"projekt-land":[938],"projekt-status":[943],"projekt-kategorie":[930,919],"projektphase":[],"class_list":["post-25804","projekt","type-projekt","status-publish","has-post-thumbnail","hentry","tag-efh","publik-projektbeschreibung","projekt-art-neubau","projekt-land-oesterreich","projekt-status-fertiggestellt","projekt-kategorie-einfamilienhaus","projekt-kategorie-wohnen","projektkategorie-einfamilienhaus"],"acf":[],"_links":{"self":[{"href":"https:\/\/www.hkarchitekten.at\/v80\/de\/wp-json\/wp\/v2\/projekt\/25804","targetHints":{"allow":["GET"]}}],"collection":[{"href":"https:\/\/www.hkarchitekten.at\/v80\/de\/wp-json\/wp\/v2\/projekt"}],"about":[{"href":"https:\/\/www.hkarchitekten.at\/v80\/de\/wp-json\/wp\/v2\/types\/projekt"}],"wp:featuredmedia":[{"embeddable":true,"href":"https:\/\/www.hkarchitekten.at\/v80\/de\/wp-json\/wp\/v2\/media\/66738"}],"wp:attachment":[{"href":"https:\/\/www.hkarchitekten.at\/v80\/de\/wp-json\/wp\/v2\/media?parent=25804"}],"wp:term":[{"taxonomy":"post_tag","embeddable":true,"href":"https:\/\/www.hkarchitekten.at\/v80\/de\/wp-json\/wp\/v2\/tags?post=25804"},{"taxonomy":"publik","embeddable":true,"href":"https:\/\/www.hkarchitekten.at\/v80\/de\/wp-json\/wp\/v2\/publik?post=25804"},{"taxonomy":"projekt-art","embeddable":true,"href":"https:\/\/www.hkarchitekten.at\/v80\/de\/wp-json\/wp\/v2\/projekt-art?post=25804"},{"taxonomy":"projekt-land","embeddable":true,"href":"https:\/\/www.hkarchitekten.at\/v80\/de\/wp-json\/wp\/v2\/projekt-land?post=25804"},{"taxonomy":"projekt-status","embeddable":true,"href":"https:\/\/www.hkarchitekten.at\/v80\/de\/wp-json\/wp\/v2\/projekt-status?post=25804"},{"taxonomy":"projekt-kategorie","embeddable":true,"href":"https:\/\/www.hkarchitekten.at\/v80\/de\/wp-json\/wp\/v2\/projekt-kategorie?post=25804"},{"taxonomy":"projektphase","embeddable":true,"href":"https:\/\/www.hkarchitekten.at\/v80\/de\/wp-json\/wp\/v2\/projektphase?post=25804"}],"curies":[{"name":"wp","href":"https:\/\/api.w.org\/{rel}","templated":true}]}}