{"id":25843,"date":"2016-05-11T12:43:53","date_gmt":"2016-05-11T10:43:53","guid":{"rendered":"http:\/\/www.elmar-schmidinger.at\/hk5\/projekt\/gemeindeamt-schnepfau\/"},"modified":"2025-10-20T12:09:45","modified_gmt":"2025-10-20T10:09:45","slug":"gemeindeamt-schnepfau","status":"publish","type":"projekt","link":"https:\/\/ip217-154-147-205.pbiaas.com\/v80\/de\/projekt\/gemeindeamt-schnepfau\/","title":{"rendered":"Gemeindeamt, Schnepfau"},"content":{"rendered":"<p><strong>Unterschiedliche Bauten geben dem Stra\u00dfendorf eine funktionale, r\u00e4umliche Mitte, umfassen einen vielf\u00e4ltig nutzbaren Platzraum. <\/strong><\/p>\n<p>Ein 250 Jahre altes Holz-Stein-Haus war lange Schule und Pfarrhof, wurde jetzt B\u00fccherei, Gemeindeamt und Krankenpflegestation, bleibt auch Pfarrkanzlei.<\/p>\n<p>Von den lang gestreckten, mit flachen Satteld\u00e4chern gedeckten Bauernh\u00f6fen unterschieden sich die \u00f6ffentlichen Geb\u00e4ude \u2013 Schulen, Gemeindeh\u00e4user \u2013 im Bregenzerwald unter anderem durch den Zuschnitt und die H\u00f6he der Bauk\u00f6rper und auch durch die Deckung mit steilen Walmoder Pyramidend\u00e4chern. Auch der im 18. Jahrhundert erbaute Pfarrhof in Schnepfau ist auf den ersten Blick an diesen Merkmalen erkennbar. Er steht gegen\u00fcber der Pfarrkirche, bildet den westlichen Abschluss des Dorfplatzes.<\/p>\n<p>Im Jahr 2000 erwarb die Gemeinde das Haus und revitalisierte es mit der Einbringung weiterer \u00f6ffentlicher Nutzungen: Im massiv gebauten Erdgeschoss wurden B\u00fccherei und Krankenpflegeverein einquartiert, im ersten, in Holz gef\u00fcgten Stockwerk amtiert die Gemeindeverwaltung, im zweiten Stock befinden sich das Pfarrb\u00fcro und eine Wohnung. All das brauchte eine Umstellung der inneren Erschlie\u00dfung. In der Nordostecke wurde ein neues Treppenhaus mit Lift eingef\u00fcgt. Die Decke \u00fcber dem ersten Stock musste etwas angehoben und dort auch die H\u00f6henlage der Fenster korrigiert werden, ohne die Fassadenproportion zu ver\u00e4ndern. In Abstimmung mit dem Denkmalamt wurde m\u00f6glichst viel Substanz erhalten, die neuen Teile \u2013 fest wie mobil \u2013 wurden handwerklich aber in eindeutig zeitgen\u00f6ssischem Habitus implantiert.<\/p>\n","protected":false},"excerpt":{"rendered":"<p>Ein 250 Jahre altes Holz-Stein-Haus war lange Schule und<br \/>\nPfarrhof, wurde jetzt B\u00fccherei, Gemeindeamt und Krankenpflegestation, bleibt auch Pfarrkanzlei.<\/p>\n","protected":false},"featured_media":38568,"template":"","tags":[308],"publik":[975],"projekt-art":[958],"projekt-land":[938],"projekt-status":[943],"projekt-kategorie":[1058],"projektphase":[],"class_list":["post-25843","projekt","type-projekt","status-publish","has-post-thumbnail","hentry","tag-gemeindehaus","publik-projektbeschreibung","projekt-art-bauen-im-bestand","projekt-land-oesterreich","projekt-status-fertiggestellt","projekt-kategorie-verwaltung-2","projektkategorie-oeffentlich","projektkategorie-umbauten","projektkategorie-verwaltung"],"acf":[],"_links":{"self":[{"href":"https:\/\/ip217-154-147-205.pbiaas.com\/v80\/de\/wp-json\/wp\/v2\/projekt\/25843","targetHints":{"allow":["GET"]}}],"collection":[{"href":"https:\/\/ip217-154-147-205.pbiaas.com\/v80\/de\/wp-json\/wp\/v2\/projekt"}],"about":[{"href":"https:\/\/ip217-154-147-205.pbiaas.com\/v80\/de\/wp-json\/wp\/v2\/types\/projekt"}],"wp:featuredmedia":[{"embeddable":true,"href":"https:\/\/ip217-154-147-205.pbiaas.com\/v80\/de\/wp-json\/wp\/v2\/media\/38568"}],"wp:attachment":[{"href":"https:\/\/ip217-154-147-205.pbiaas.com\/v80\/de\/wp-json\/wp\/v2\/media?parent=25843"}],"wp:term":[{"taxonomy":"post_tag","embeddable":true,"href":"https:\/\/ip217-154-147-205.pbiaas.com\/v80\/de\/wp-json\/wp\/v2\/tags?post=25843"},{"taxonomy":"publik","embeddable":true,"href":"https:\/\/ip217-154-147-205.pbiaas.com\/v80\/de\/wp-json\/wp\/v2\/publik?post=25843"},{"taxonomy":"projekt-art","embeddable":true,"href":"https:\/\/ip217-154-147-205.pbiaas.com\/v80\/de\/wp-json\/wp\/v2\/projekt-art?post=25843"},{"taxonomy":"projekt-land","embeddable":true,"href":"https:\/\/ip217-154-147-205.pbiaas.com\/v80\/de\/wp-json\/wp\/v2\/projekt-land?post=25843"},{"taxonomy":"projekt-status","embeddable":true,"href":"https:\/\/ip217-154-147-205.pbiaas.com\/v80\/de\/wp-json\/wp\/v2\/projekt-status?post=25843"},{"taxonomy":"projekt-kategorie","embeddable":true,"href":"https:\/\/ip217-154-147-205.pbiaas.com\/v80\/de\/wp-json\/wp\/v2\/projekt-kategorie?post=25843"},{"taxonomy":"projektphase","embeddable":true,"href":"https:\/\/ip217-154-147-205.pbiaas.com\/v80\/de\/wp-json\/wp\/v2\/projektphase?post=25843"}],"curies":[{"name":"wp","href":"https:\/\/api.w.org\/{rel}","templated":true}]}}