{"id":26031,"date":"2016-05-11T12:52:56","date_gmt":"2016-05-11T10:52:56","guid":{"rendered":"http:\/\/www.elmar-schmidinger.at\/hk5\/projekt\/wettbewerb-izm-illwerke-zentrum-montafon\/"},"modified":"2025-07-28T17:10:54","modified_gmt":"2025-07-28T15:10:54","slug":"wettbewerb-izm-illwerke-zentrum-montafon","status":"publish","type":"projekt","link":"https:\/\/ip217-154-147-205.pbiaas.com\/v80\/de\/projekt\/wettbewerb-izm-illwerke-zentrum-montafon\/","title":{"rendered":"IZM Illwerke Zentrum Montafon, Vandans"},"content":{"rendered":"<p><strong>\u00d6kologische Qualit\u00e4t<\/strong><br \/>\nHaupts\u00e4chliche Kriterien f\u00fcr die Beeinflussung der lokalen und globalen Umwelt sind der Ressourcenverbrauch und die Schadstoffemissionen. Die Besonderheit des vorliegenden Entwurfs ist die Verwendung von Holz im Tragwerk. Damit wird der massenintensivste Teil des Bauwerks aus einem nachwachsenden Rohstoff hergestellt. Der Ressourcenverbrauch ist damit nachhaltig optimiert und die CO<sub>2<\/sub>-Bilanz (= GWP entsprechend \u00d6GNI-\/DGNB-Steckbrief 1) ist um \u00fcber 90 % g\u00fcnstiger, als bei konventionellen Bauweisen. Der Ausbau und die Geb\u00e4udetechnik folgen, ebenso wie der Rohbau, einem schadstoffarmen und nachhaltigen Materialisierungskonzept.<\/p>\n<p>Dar\u00fcber hinaus ist das Geb\u00e4ude als Passivhaus geplant. Durch einen entsprechenden Aufbau der Au\u00dfenbauteile werden Transmissionsw\u00e4rmeverluste minimiert, passive Energiegewinne optimiert und sommerliche \u00dcberhitzung vermieden. Die technische Ausr\u00fcstung wird integral auf die Fassadenplanung abgestimmt und die W\u00e4rme- und K\u00e4lteversorgung erfolgt mit geringen Temperaturunterschieden zwischen Vor- und R\u00fccklauf. Der Passivhaus-Standard gew\u00e4hrleistet somit einen minimalen Bedarf an Prim\u00e4renergie. Erneuerbare Energiequellen sind einsetzbar.<br \/>\n~<\/p>\n<p><strong>\u00d6konomische Qualit\u00e4t<\/strong><br \/>\nEine \u00f6konomisch nachhaltige Planung hat zum Ziel, die Lebenszykluskosten zu optimieren. Au\u00dferdem spielt die Nutzungsflexibilit\u00e4t eine entscheidende Rolle f\u00fcr die langfristige und damit nachhaltige Verwendungsf\u00e4higkeit eines Geb\u00e4udes.<br \/>\nIm vorliegenden Entwurf liegt die Fl\u00e4cheneffizienz bei \u00fcber 0,80 (= Verh\u00e4ltnis von NF zu BGF). Die gesch\u00e4tzten Baukosten (Kostenbereiche 1-6) sind mit R\u00fccksicht auf den hohen Qualit\u00e4ts- und Energiestandard als g\u00fcnstig anzusehen. Der Passivhaus- Standard gew\u00e4hrleistet niedrige Energieverbrauchs- und Betriebskosten. Am Ende des Lebenszyklus\u2019 ist aufgrund der elementierten Bauweise mit einem vergleichsweise geringen R\u00fcckbauaufwand zu rechnen.<\/p>\n<p>Die vorgesehene Skelettbauweise erlaubt eine freie Innenraumteilung, die au\u00dferdem nachtr\u00e4glich mit geringen Eingriffen an ver\u00e4nderte Nutzungsanforderungen angepasst werden kann. Das Fassaden- und Ausbauraster unterstreicht diese Flexibilit\u00e4t und ist gleichzeitig f\u00fcr das gegenw\u00e4rtige Nutzungsprofil optimiert.<\/p>\n<p><strong>Soziokulturelle Qualit\u00e4t<\/strong><br \/>\nBereits im Masterplan wurde mit der Zusammenf\u00fchrung mehrerer Standorte auf dem Gel\u00e4nde des IZM der Grundstein f\u00fcr eine hohe soziokulturelle Qualit\u00e4t gelegt. Der vom Bauherrn initiierte Planungswettbewerb sichert dar\u00fcber hinaus einen hohen gestalterischen und st\u00e4dtebaulichen Wert.<\/p>\n<p>Im weiteren Projektverlauf werden mit der Ausf\u00fchrungsplanung weitere wesentliche soziokulturelle und funktionale Qualit\u00e4tsanspr\u00fcche umgesetzt werden, wie z. B.<\/p>\n<p>\u00b7\u00a0\u00a0\u00a0\u00a0\u00a0\u00a0\u00a0\u00a0die Einhaltung der Konfortkriterien nach \u00d6NORM EN 15251, Kategorie I<\/p>\n<p>\u00b7\u00a0\u00a0\u00a0\u00a0\u00a0\u00a0\u00a0\u00a0eine umfassende nat\u00fcrliche Belichtung (TQ mindestens 2 % auf 50 % der NF)<\/p>\n<p>\u00b7\u00a0\u00a0\u00a0\u00a0\u00a0\u00a0\u00a0\u00a0breite \u00f6ffentliche Zug\u00e4nglichkeit des Geb\u00e4udes in Teilbereichen etc.<\/p>\n<p>Au\u00dferdem verfolgt die Planung konsequent nachhaltige Ans\u00e4tze in den Bereichen Innenraumhygiene, Nutzereinflussm\u00f6glichkeiten, Sicherheit, Barrierefreiheit und insbesondere hinsichtlich Fahrradkomfort.<\/p>\n<p><strong>Technische Qualit\u00e4t<\/strong><br \/>\nDie geforderte Ausf\u00fchrung in Passivhausstandard f\u00fchrt automatisch zu einer optimalen technischen Qualit\u00e4t in den Bereichen W\u00e4rme- und Feuchteschutz.<\/p>\n<p>Eine Besonderheit stellt im vorliegenden Entwurf die Verwendung von Holz im Tragwerk dar. Dies erfordert Kompensationsma\u00dfnahmen zur Erf\u00fcllung der brandschutztechnischen Anforderungen, die entsprechend dem aktuellen Stand der Normung zu einem h\u00f6heren Brandschutzniveau f\u00fchren, als es konventionelle Bauten aufweisen.<\/p>\n<p>Die schallschutztechnischen Anforderungen sind mit erprobten Standarddetaill\u00f6sungen auch f\u00fcr eine Holzkonstruktion optimal erf\u00fcllbar. Dar\u00fcber hinaus wird in der Planung wesentliches Augenmerk auf eine einfache Reinigung, Wartung und Inspektion s\u00e4mtlicher Geb\u00e4udeteile gelegt.<\/p>\n","protected":false},"excerpt":{"rendered":"<p><b>Nachhaltiges Bauen &#8211; Green Building <\/b><br \/>\nDer Bauherr strebt f\u00fcr das Projekt IZM eine Zertifizierung als \u201eGreen Building\u201c nach dem \u00d6GNI-\/DGNB-System an.<br \/>\nZiel ist die Erf\u00fcllung der Nachhaltigkeitskriterien f\u00fcr eine Auszeichnung in \u201eGold\u201c, was die Erreichung von 80 % der Maximalanforderungen in den Bereichen \u00d6kologie und \u00d6konomie sowie soziokulturelle, technische und Prozessqualit\u00e4t voraussetzt. <br \/>\nDie M\u00f6glichkeiten zur Ber\u00fccksichtigung von Nachhaltigkeitsaspekten in der Planung sinken erfahrungsgem\u00e4\u00df mit deren Fortschritt. Deshalb hat das Planerteam f\u00fcr das IZM bereits in dieser fr\u00fchen Projektphase einen zertifizierten \u00d6GNI-\/DGNB-Auditor konsultiert. <br \/>\nFolgende planerische \u00dcberlegungen und Ma\u00dfnahmen bilden die Grundlage f\u00fcr eine erfolgreiche Zertifizierung des IZM mit dem \u201eGold\u201c-Zertifikat der \u00d6GNI\/DGNB.<\/p>\n<p>\n","protected":false},"featured_media":40256,"template":"","tags":[],"publik":[975],"projekt-art":[974,972],"projekt-land":[938],"projekt-status":[943],"projekt-kategorie":[920,949],"projektphase":[],"class_list":["post-26031","projekt","type-projekt","status-publish","has-post-thumbnail","hentry","publik-projektbeschreibung","projekt-art-preistraeger","projekt-art-wettbewerb","projekt-land-oesterreich","projekt-status-fertiggestellt","projekt-kategorie-arbeit","projekt-kategorie-buero","projektkategorie-wettbewerbe","projektbauherr-illwerke-vkw"],"acf":[],"_links":{"self":[{"href":"https:\/\/ip217-154-147-205.pbiaas.com\/v80\/de\/wp-json\/wp\/v2\/projekt\/26031","targetHints":{"allow":["GET"]}}],"collection":[{"href":"https:\/\/ip217-154-147-205.pbiaas.com\/v80\/de\/wp-json\/wp\/v2\/projekt"}],"about":[{"href":"https:\/\/ip217-154-147-205.pbiaas.com\/v80\/de\/wp-json\/wp\/v2\/types\/projekt"}],"wp:featuredmedia":[{"embeddable":true,"href":"https:\/\/ip217-154-147-205.pbiaas.com\/v80\/de\/wp-json\/wp\/v2\/media\/40256"}],"wp:attachment":[{"href":"https:\/\/ip217-154-147-205.pbiaas.com\/v80\/de\/wp-json\/wp\/v2\/media?parent=26031"}],"wp:term":[{"taxonomy":"post_tag","embeddable":true,"href":"https:\/\/ip217-154-147-205.pbiaas.com\/v80\/de\/wp-json\/wp\/v2\/tags?post=26031"},{"taxonomy":"publik","embeddable":true,"href":"https:\/\/ip217-154-147-205.pbiaas.com\/v80\/de\/wp-json\/wp\/v2\/publik?post=26031"},{"taxonomy":"projekt-art","embeddable":true,"href":"https:\/\/ip217-154-147-205.pbiaas.com\/v80\/de\/wp-json\/wp\/v2\/projekt-art?post=26031"},{"taxonomy":"projekt-land","embeddable":true,"href":"https:\/\/ip217-154-147-205.pbiaas.com\/v80\/de\/wp-json\/wp\/v2\/projekt-land?post=26031"},{"taxonomy":"projekt-status","embeddable":true,"href":"https:\/\/ip217-154-147-205.pbiaas.com\/v80\/de\/wp-json\/wp\/v2\/projekt-status?post=26031"},{"taxonomy":"projekt-kategorie","embeddable":true,"href":"https:\/\/ip217-154-147-205.pbiaas.com\/v80\/de\/wp-json\/wp\/v2\/projekt-kategorie?post=26031"},{"taxonomy":"projektphase","embeddable":true,"href":"https:\/\/ip217-154-147-205.pbiaas.com\/v80\/de\/wp-json\/wp\/v2\/projektphase?post=26031"}],"curies":[{"name":"wp","href":"https:\/\/api.w.org\/{rel}","templated":true}]}}