{"id":26062,"date":"2016-05-11T12:54:46","date_gmt":"2016-05-11T10:54:46","guid":{"rendered":"http:\/\/www.elmar-schmidinger.at\/hk5\/projekt\/kindergarten-zwischenwasser\/"},"modified":"2025-07-28T17:11:24","modified_gmt":"2025-07-28T15:11:24","slug":"kindergarten-zwischenwasser","status":"publish","type":"projekt","link":"https:\/\/ip217-154-147-205.pbiaas.com\/v80\/de\/projekt\/kindergarten-zwischenwasser\/","title":{"rendered":"Kindergarten, Zwischenwasser"},"content":{"rendered":"<p>Das Kindergartengeb\u00e4ude nimmt sich in seiner Ausdehnung, H\u00f6he und Platzierung etwas zur\u00fcck und kann sich somit in die vorhandene Struktur der Umgebungsbebauung harmonisch einf\u00fcgen. Bei der Materialwahl ist ein gro\u00dfes Augenmerk auf \u00f6kologische Baustoffe gerichtet. Die Fassade ist mit Schindeln aus heimischem Holz belegt. Eine D\u00e4mmung mit \u00f6kologischen D\u00e4mmstoffen und die Konstruktionsart der tragenden Teile in Massivholz-Bauweise erm\u00f6glichen einen W\u00e4rmeschutz in Passivhausqualit\u00e4t. Die Massivholz-Brettstapelw\u00e4nde k\u00f6nnen in heimischem Holz ausgef\u00fchrt werden und sparen somit Kosten, Ressourcen und unn\u00f6tige CO\u00b2 Emission. Sie sind innen s\u00e4gerauh ausgef\u00fchrt und bilden eine nat\u00fcrliche, weiche Holzoberfl\u00e4che.<\/p>\n<p>Die kindgerechten Fenster\u00f6ffnungen stellen einen freundlichen, nat\u00fcrlichen Aussenbezug her. Die Fensterfl\u00e4chen im S\u00fcden werden im Sommer vom Laub des, ins Beschattungskonzept integrierten, Baumbestandes vor zu Hoher Sonneneinstrahlung gesch\u00fctzt. Im Winter lassen die entlaubten B\u00e4ume, den erw\u00fcnschten w\u00e4rmenden Sonneneintrag zu. Indem man sich dieses nat\u00fcrliche Prinzip zunutze macht, kann ein einfacher Blendschutz an die Stelle eines komplizierten Sonnenschutzes treten. Somit ist f\u00fcr angenehme Temperaturen in den, wegen der Sichtbeziehungen zum Abholbereich nach S\u00fcden orientierten Gruppenr\u00e4umen, gesorgt.<\/p>\n<p><strong>Funktion<\/strong><\/p>\n<p>Bei der funktionalen Strukturierung des Geb\u00e4udes wurden im Besonderen die Ausf\u00fchrungen \u201eBeachtenswertes f\u00fcr den Neubau von Kinderg\u00e4rten\u201c in die Planung mit einbezogen. Die ganztags betreute Gruppe ist im Erdgeschoss untergebracht, wo sich auch die behindertengerechten Anlagen befinden. Damit kann vom Einbau eines kostenintensiven Aufzugs abgesehen werden. Die Zusammenfassung der kindergartenexternen Funktionen Jugendraum, Sch\u00fclermittagsbetreuung und Gemeindearchiv mit einer eigenen Stiege, erm\u00f6glicht zu jeder Zeit einen unbeeintr\u00e4chtigten Kindergartenbetrieb.<\/p>\n<p>Der Raum f\u00fcr die Sch\u00fclermittagsbetreuung dient zudem gleichzeitig als Reserveraum, da er von den Sch\u00fclern t\u00e4glich nur \u00fcber einen Kurzen Zeitraum genutzt wird und in der verbleibenden Zeit alternativ genutzt werden kann. Der Bewegungsraum kann flexibel dem Kindergarten oder dem Foyer zugeordnet werden und w\u00e4re damit auch zum Beispiel f\u00fcr kleinere \u00f6ffentliche Abendveranstaltungen ein passender Ort, wodurch die Vielseitigkeit der Nutzung und die Rentabilit\u00e4t des Geb\u00e4udes f\u00fcr die Gemeinde erh\u00f6ht werden kann. Das Geb\u00e4ude soll an die \u00f6rtliche Nahw\u00e4rmeversorgung angeschlossen werden.<\/p>\n","protected":false},"excerpt":{"rendered":"<p>Das Kindergartengeb\u00e4ude nimmt sich in seiner Ausdehnung, H\u00f6he und Platzierung etwas zur\u00fcck und kann sich somit in die vorhandene Struktur der Umgebungsbebauung harmonisch einf\u00fcgen. Bei der Materialwahl ist ein gro\u00dfes Augenmerk auf \u00f6kologische Baustoffe gerichtet. Die Fassade ist mit Schindeln aus heimischem Holz belegt. Eine D\u00e4mmung mit \u00f6kologischen D\u00e4mmstoffen und die Konstruktionsart der tragenden Teile [&hellip;]<\/p>\n","protected":false},"featured_media":40196,"template":"","tags":[],"publik":[975],"projekt-art":[972],"projekt-land":[938],"projekt-status":[943],"projekt-kategorie":[918],"projektphase":[],"class_list":["post-26062","projekt","type-projekt","status-publish","has-post-thumbnail","hentry","publik-projektbeschreibung","projekt-art-wettbewerb","projekt-land-oesterreich","projekt-status-fertiggestellt","projekt-kategorie-bildung","projektkategorie-wettbewerbe"],"acf":[],"_links":{"self":[{"href":"https:\/\/ip217-154-147-205.pbiaas.com\/v80\/de\/wp-json\/wp\/v2\/projekt\/26062","targetHints":{"allow":["GET"]}}],"collection":[{"href":"https:\/\/ip217-154-147-205.pbiaas.com\/v80\/de\/wp-json\/wp\/v2\/projekt"}],"about":[{"href":"https:\/\/ip217-154-147-205.pbiaas.com\/v80\/de\/wp-json\/wp\/v2\/types\/projekt"}],"wp:featuredmedia":[{"embeddable":true,"href":"https:\/\/ip217-154-147-205.pbiaas.com\/v80\/de\/wp-json\/wp\/v2\/media\/40196"}],"wp:attachment":[{"href":"https:\/\/ip217-154-147-205.pbiaas.com\/v80\/de\/wp-json\/wp\/v2\/media?parent=26062"}],"wp:term":[{"taxonomy":"post_tag","embeddable":true,"href":"https:\/\/ip217-154-147-205.pbiaas.com\/v80\/de\/wp-json\/wp\/v2\/tags?post=26062"},{"taxonomy":"publik","embeddable":true,"href":"https:\/\/ip217-154-147-205.pbiaas.com\/v80\/de\/wp-json\/wp\/v2\/publik?post=26062"},{"taxonomy":"projekt-art","embeddable":true,"href":"https:\/\/ip217-154-147-205.pbiaas.com\/v80\/de\/wp-json\/wp\/v2\/projekt-art?post=26062"},{"taxonomy":"projekt-land","embeddable":true,"href":"https:\/\/ip217-154-147-205.pbiaas.com\/v80\/de\/wp-json\/wp\/v2\/projekt-land?post=26062"},{"taxonomy":"projekt-status","embeddable":true,"href":"https:\/\/ip217-154-147-205.pbiaas.com\/v80\/de\/wp-json\/wp\/v2\/projekt-status?post=26062"},{"taxonomy":"projekt-kategorie","embeddable":true,"href":"https:\/\/ip217-154-147-205.pbiaas.com\/v80\/de\/wp-json\/wp\/v2\/projekt-kategorie?post=26062"},{"taxonomy":"projektphase","embeddable":true,"href":"https:\/\/ip217-154-147-205.pbiaas.com\/v80\/de\/wp-json\/wp\/v2\/projektphase?post=26062"}],"curies":[{"name":"wp","href":"https:\/\/api.w.org\/{rel}","templated":true}]}}