{"id":26140,"date":"2016-05-11T12:58:13","date_gmt":"2016-05-11T10:58:13","guid":{"rendered":"http:\/\/www.elmar-schmidinger.at\/hk5\/projekt\/betreutes-wohnen\/"},"modified":"2025-10-15T12:53:28","modified_gmt":"2025-10-15T10:53:28","slug":"betreutes-wohnen","status":"publish","type":"projekt","link":"https:\/\/ip217-154-147-205.pbiaas.com\/v80\/de\/projekt\/betreutes-wohnen\/","title":{"rendered":"Ellenbogen \u201eHaus mitanand\u201c, Bezau"},"content":{"rendered":"<p><strong>Im Gleichgewicht von Tradition und Wandel.<\/strong><\/p>\n<p>Seit mehr als hundert Jahren pr\u00e4gt das markante W\u00e4lderhaus den Ortsteil Ellenbogen. Um seinen Weiterbestand zu sichern, konnte der denkmalgesch\u00fctzte Hof zu einem zeitgem\u00e4\u00dfen Zentrum f\u00fcr betreutes Wohnen umgenutzt werden. Aus statischen Gr\u00fcnden und wegen des umfangreichen Raumprogrammes war es notwendig, den Wirtschaftsteil durch einen leicht verl\u00e4ngerten Neubau zu ersetzen.<\/p>\n<p>Da die traditionelle Zweiteilung des Geb\u00e4udetypus erhalten bleiben sollte, wurde dem geschindelten, durch Lochfenster rhythmisierten Bauk\u00f6rper des Vorderhauses ein kompaktes, senkrechtverschaltes Volumen als Hinterhaus angeschlossen. Dieser Geb\u00e4udeteil ist nach aktuellen \u00f6kologischen und bautechnischen Richtlinien als Mischbau im Passivhausstandard errichtet. Er fasst neun klar strukturierte, barrierefreie und gro\u00dfz\u00fcgig belichtete Wohneinheiten, die sich durch Gartenanteile oder Loggien zur nachhaltig bewirtschafteten Kulturlandschaft \u00f6ffnen.<\/p>\n<p>Der Bestand konnte behutsam renoviert und thermisch saniert werden, um verschiedenen sozialen Einrichtungen Raum zu bieten. Nach R\u00fccksprache mit dem Bundesdenkmalamt wurden originale T\u00fcren, Stubent\u00e4fer und Parkettb\u00f6den ausgebaut, restauriert und sorgf\u00e4ltig wieder an ihren Platz gef\u00fcgt, die Fenster hingegen durch Neuanfertigungen in Wei\u00dftanne ersetzt.<\/p>\n<h4>\u00bbUnser Ziel war es, den Charme des Alten zu bewahren und mit den funktionellen Anforderungen der heutigen Zeit in Einklang zu bringen.\u00ab<\/h4>\n<h5>Univ.-Prof. Arch. DI Hermann Kaufmann<\/h5>\n<p>|Zwei Drittel der Gewerke f\u00fchrten Handwerksbetriebe aus dem Bregenzerwald aus, da die regionale Wertsch\u00f6pfung einen wichtigen Faktor des Projektes darstellt. Das gesamte Volumen wird \u00fcber Fernw\u00e4rme aus erneuerbarer Energie beheizt, ein kontrolliertes L\u00fcftungssystem dient der W\u00e4rmer\u00fcckgewinnung und die gro\u00dffl\u00e4chige Solaranlage auf dem Dach unterst\u00fctzt die Warmwasseraufbereitung. Im Au\u00dfenbereich bietet ein kleiner Garten allen Bewohnern Naturbezug und Erholung, denn: \u201eA Burag\u00e4rtle kh\u00f6rt zu am geschieda W\u00e4lderhus\u201c, wie der Architekt erkl\u00e4rt.<\/p>\n","protected":false},"excerpt":{"rendered":"<p>Im Gleichgewicht von Tradition und Wandel. Seit mehr als hundert Jahren pr\u00e4gt das markante W\u00e4lderhaus den Ortsteil Ellenbogen. Um seinen Weiterbestand zu sichern, konnte der denkmalgesch\u00fctzte Hof zu einem zeitgem\u00e4\u00dfen Zentrum f\u00fcr betreutes Wohnen umgenutzt werden. Aus statischen Gr\u00fcnden und wegen des umfangreichen Raumprogrammes war es notwendig, den Wirtschaftsteil durch einen leicht verl\u00e4ngerten Neubau zu [&hellip;]<\/p>\n","protected":false},"featured_media":41865,"template":"","tags":[],"publik":[975],"projekt-art":[958],"projekt-land":[938],"projekt-status":[943],"projekt-kategorie":[929,919],"projektphase":[],"class_list":["post-26140","projekt","type-projekt","status-publish","has-post-thumbnail","hentry","publik-projektbeschreibung","projekt-art-bauen-im-bestand","projekt-land-oesterreich","projekt-status-fertiggestellt","projekt-kategorie-mehrfamilienhaus","projekt-kategorie-wohnen","projektkategorie-mehrfamilienhaus","projektkategorie-oeffentlich","projektkategorie-umbauten"],"acf":[],"_links":{"self":[{"href":"https:\/\/ip217-154-147-205.pbiaas.com\/v80\/de\/wp-json\/wp\/v2\/projekt\/26140","targetHints":{"allow":["GET"]}}],"collection":[{"href":"https:\/\/ip217-154-147-205.pbiaas.com\/v80\/de\/wp-json\/wp\/v2\/projekt"}],"about":[{"href":"https:\/\/ip217-154-147-205.pbiaas.com\/v80\/de\/wp-json\/wp\/v2\/types\/projekt"}],"wp:featuredmedia":[{"embeddable":true,"href":"https:\/\/ip217-154-147-205.pbiaas.com\/v80\/de\/wp-json\/wp\/v2\/media\/41865"}],"wp:attachment":[{"href":"https:\/\/ip217-154-147-205.pbiaas.com\/v80\/de\/wp-json\/wp\/v2\/media?parent=26140"}],"wp:term":[{"taxonomy":"post_tag","embeddable":true,"href":"https:\/\/ip217-154-147-205.pbiaas.com\/v80\/de\/wp-json\/wp\/v2\/tags?post=26140"},{"taxonomy":"publik","embeddable":true,"href":"https:\/\/ip217-154-147-205.pbiaas.com\/v80\/de\/wp-json\/wp\/v2\/publik?post=26140"},{"taxonomy":"projekt-art","embeddable":true,"href":"https:\/\/ip217-154-147-205.pbiaas.com\/v80\/de\/wp-json\/wp\/v2\/projekt-art?post=26140"},{"taxonomy":"projekt-land","embeddable":true,"href":"https:\/\/ip217-154-147-205.pbiaas.com\/v80\/de\/wp-json\/wp\/v2\/projekt-land?post=26140"},{"taxonomy":"projekt-status","embeddable":true,"href":"https:\/\/ip217-154-147-205.pbiaas.com\/v80\/de\/wp-json\/wp\/v2\/projekt-status?post=26140"},{"taxonomy":"projekt-kategorie","embeddable":true,"href":"https:\/\/ip217-154-147-205.pbiaas.com\/v80\/de\/wp-json\/wp\/v2\/projekt-kategorie?post=26140"},{"taxonomy":"projektphase","embeddable":true,"href":"https:\/\/ip217-154-147-205.pbiaas.com\/v80\/de\/wp-json\/wp\/v2\/projektphase?post=26140"}],"curies":[{"name":"wp","href":"https:\/\/api.w.org\/{rel}","templated":true}]}}