{"id":26148,"date":"2016-05-11T12:58:33","date_gmt":"2016-05-11T10:58:33","guid":{"rendered":"http:\/\/www.elmar-schmidinger.at\/hk5\/projekt\/wettbewerb-umweltbildungszentrum-britzer-garten\/"},"modified":"2025-07-28T17:16:07","modified_gmt":"2025-07-28T15:16:07","slug":"wettbewerb-umweltbildungszentrum-britzer-garten","status":"publish","type":"projekt","link":"https:\/\/ip217-154-147-205.pbiaas.com\/v80\/de\/projekt\/wettbewerb-umweltbildungszentrum-britzer-garten\/","title":{"rendered":"Umweltbildungszentrum Britzer Garten, Berlin"},"content":{"rendered":"<p>Der neue Pavillon des Umweltbildungszentrums liegt an selber Stelle im Britzer Garten wie sein Vorg\u00e4nger. Er zeigt sich als schwebender Pavillon zwischen dem alten Baumbestand. Beim N\u00e4hern f\u00e4llt als erstes\u00a0 die Vogelnestartige Struktur auf die sich wie ein Band um das Geb\u00e4ude zieht. Hinter den schr\u00e4g angeordneten Holzst\u00e4ben kann man die R\u00e4ume des Umweltbildungszentrums erahnen. Dieses Wechselspiel zwischen Fassade, Umgebung,\u00a0 Au\u00dfen-\u00a0 und Innenraum macht neugierig und lockt die Besucher des Britzer Gartens ins Innere.<\/p>\n<p>\u00dcber eine Rampe bzw. Treppe \u00fcberwindet man den H\u00f6henunterschied von 75 cm und tritt \u00fcber ein Podest in eine \u00fcberdachte Vorzone. Dieser Raum kann auch f\u00fcr Ausstellungen genutzt werden. Nach Osten\u00a0 hin zeigt sich eine einladende Glasfassade hinter der sich die neuen R\u00e4umlichkeiten des Umweltzentrums befinden. Direkt gegen\u00fcber des Podestes befindet sich der Eingang in das Foyer.<br \/>\n~<\/p>\n<p>Betritt man das Foyer findet man sich in einem gro\u00dfz\u00fcgigen Empfang wieder. Nach Norden hin erschlie\u00dft sich der Mehrzweckraum. Dieser ist an drei Seiten raumhoch verglast. Den Zugang zum Foyer kann man bei Bedarf \u00fcber Faltw\u00e4nde abtrennen. Zudem gibt es die M\u00f6glichkeit die Fenster zur Terrasse hin zu \u00f6ffnen, so kann man den \u00fcberdachten Au\u00dfenbereich bei Veranstaltungen mit einbeziehen.<\/p>\n<p>Gegen\u00fcber des Multifunktionsraumes liegt der gro\u00dfe Seminarraum. Auch diesen kann man \u00fcber Faltw\u00e4nde vom Foyer aus abtrennen. Dahinter schlie\u00dft sich der kleine Seminarraum an. Bei gro\u00dfen Veranstaltungen kann man alle Faltw\u00e4nde \u00f6ffnen, so erh\u00e4lt man einen gro\u00dfen Raum der sich \u00fcber\u00a0 beide Seminarr\u00e4ume, Foyer und Multifunktionsraum erstreckt. \u00a0Ebenso wie im Multifunktionsraum kann man die raumhohe Verglasung zur Terrasse hin \u00f6ffnen um Seminare im Freien stattfinden zu lassen ohne auf die vorhandene Infrastruktur verzichten zu m\u00fcssen.<\/p>\n<p>Die Prim\u00e4rstruktur des Pavillons wird gebildet durch 9x4m gro\u00dfe Boden- und Deckenelemente. Diese liegen jeweils in den Ecken auf St\u00fctzen auf \u2013 eine Tischkonstruktion bestehend aus filigranen Stahlst\u00fctzen und darauf aufgelagerte Hohlkastenelemente aus Holz. Die Bodenelemente liegen auf Schraubfundamenten auf und sind ausged\u00e4mmt, die Deckenelemente sind hinterl\u00fcftet und tragen ein begr\u00fcntes Dach. Vorgefertigte Wand-Fenster und Innenwandelemente, die zwischen die beiden Ebenen eingebaut werden, bilden die Innenr\u00e4ume und sind teilweise aussteifend konstruiert. Die Montage kann sehr rasch erfolgen. Aufgrund des hohen Vorfertigungsgrades kann der Pavillon in 2 Tagen regendicht errichtet werden, der Ausbau dauert nur wenige Wochen.<\/p>\n<p><strong>Modularit\u00e4t<\/strong><\/p>\n<p>Die Kerneinheit, 10 Elemente, kann auf 15 Elemente oder 20 Elemente erweitert werden, mit jeweils zus\u00e4tzlichen Seminar-, Schulungs- oder Multifunktionsr\u00e4umen. Eine hohe Flexibilit\u00e4t ist gegeben, eine Anpassung an diverse Standorte ist m\u00f6glich.<\/p>\n<p><strong>Nachhaltigkeit<\/strong><\/p>\n<p>Durch weitgehende Verwendung von nachwachsenden Rohstoffen (Holz, Flachs) und der Vermeidung aufw\u00e4ndiger Fundamente ist das CO<sub>2<\/sub>-Potential sowie der Prim\u00e4renergieverbrauch sehr niedrig, das hei\u00dft, ca. 70 \u2013 80 % niedriger als vergleichbare Bauten in mineralischer Bauweise. Eine hochwertige Geb\u00e4udeh\u00fclle sowie kompakte Bauweise erm\u00f6glichen einen reduzierten Energieverbrauch. Prinzipiell kann das Geb\u00e4ude den Passivhausstandard erreichen. Als Beheizung wird eine W\u00e4rmepumpe und Erdw\u00e4rme vorgeschlagen.<\/p>\n","protected":false},"excerpt":{"rendered":"<p>Der neue Pavillon des Umweltbildungszentrums liegt an selber Stelle im Britzer Garten wie sein Vorg\u00e4nger. Er zeigt sich als schwebender Pavillon zwischen dem alten Baumbestand. Beim N\u00e4hern f\u00e4llt als erstes\u00a0 die Vogelnestartige Struktur auf die sich wie ein Band um das Geb\u00e4ude zieht. Hinter den schr\u00e4g angeordneten Holzst\u00e4ben kann man die R\u00e4ume des Umweltbildungszentrums erahnen. [&hellip;]<\/p>\n","protected":false},"featured_media":40142,"template":"","tags":[],"publik":[975],"projekt-art":[973,974,972],"projekt-land":[939],"projekt-status":[943],"projekt-kategorie":[918],"projektphase":[],"class_list":["post-26148","projekt","type-projekt","status-publish","has-post-thumbnail","hentry","publik-projektbeschreibung","projekt-art-ausgefuehrt","projekt-art-preistraeger","projekt-art-wettbewerb","projekt-land-deutschland","projekt-status-fertiggestellt","projekt-kategorie-bildung","projektkategorie-wettbewerbe"],"acf":[],"_links":{"self":[{"href":"https:\/\/ip217-154-147-205.pbiaas.com\/v80\/de\/wp-json\/wp\/v2\/projekt\/26148","targetHints":{"allow":["GET"]}}],"collection":[{"href":"https:\/\/ip217-154-147-205.pbiaas.com\/v80\/de\/wp-json\/wp\/v2\/projekt"}],"about":[{"href":"https:\/\/ip217-154-147-205.pbiaas.com\/v80\/de\/wp-json\/wp\/v2\/types\/projekt"}],"wp:featuredmedia":[{"embeddable":true,"href":"https:\/\/ip217-154-147-205.pbiaas.com\/v80\/de\/wp-json\/wp\/v2\/media\/40142"}],"wp:attachment":[{"href":"https:\/\/ip217-154-147-205.pbiaas.com\/v80\/de\/wp-json\/wp\/v2\/media?parent=26148"}],"wp:term":[{"taxonomy":"post_tag","embeddable":true,"href":"https:\/\/ip217-154-147-205.pbiaas.com\/v80\/de\/wp-json\/wp\/v2\/tags?post=26148"},{"taxonomy":"publik","embeddable":true,"href":"https:\/\/ip217-154-147-205.pbiaas.com\/v80\/de\/wp-json\/wp\/v2\/publik?post=26148"},{"taxonomy":"projekt-art","embeddable":true,"href":"https:\/\/ip217-154-147-205.pbiaas.com\/v80\/de\/wp-json\/wp\/v2\/projekt-art?post=26148"},{"taxonomy":"projekt-land","embeddable":true,"href":"https:\/\/ip217-154-147-205.pbiaas.com\/v80\/de\/wp-json\/wp\/v2\/projekt-land?post=26148"},{"taxonomy":"projekt-status","embeddable":true,"href":"https:\/\/ip217-154-147-205.pbiaas.com\/v80\/de\/wp-json\/wp\/v2\/projekt-status?post=26148"},{"taxonomy":"projekt-kategorie","embeddable":true,"href":"https:\/\/ip217-154-147-205.pbiaas.com\/v80\/de\/wp-json\/wp\/v2\/projekt-kategorie?post=26148"},{"taxonomy":"projektphase","embeddable":true,"href":"https:\/\/ip217-154-147-205.pbiaas.com\/v80\/de\/wp-json\/wp\/v2\/projektphase?post=26148"}],"curies":[{"name":"wp","href":"https:\/\/api.w.org\/{rel}","templated":true}]}}