{"id":26180,"date":"2016-05-11T12:59:55","date_gmt":"2016-05-11T10:59:55","guid":{"rendered":"http:\/\/www.elmar-schmidinger.at\/hk5\/projekt\/haus-der-nachhaltigkeit\/"},"modified":"2025-07-28T17:16:25","modified_gmt":"2025-07-28T15:16:25","slug":"haus-der-nachhaltigkeit","status":"publish","type":"projekt","link":"https:\/\/ip217-154-147-205.pbiaas.com\/v80\/de\/projekt\/haus-der-nachhaltigkeit\/","title":{"rendered":"Haus der Nachhaltigkeit, Ruggel"},"content":{"rendered":"<p><strong>Ortsr\u00e4umliche Situation, Gestalt<\/strong><\/p>\n<p>Der Entwurf ist ein ortsspezifisches Passst\u00fcck.<br \/>\nDurch die Stellung an der Schellenbergstra\u00dfe und die Ausrichtung des Geb\u00e4udes werden mehrere Ziele gleichzeitig erreicht: Die Schaffung eines gemeinsamen Platzes f\u00fcr Pfarrhaus, Pfarrstall und Haus der Nachhaltigkeit; die Wahrung der n\u00f6tigen Distanz zwischen Neubau und Bestand; die Fortf\u00fchrung der vorhandenen Bebauungsstruktur mit starkem Bezug zur Dorfstra\u00dfe; und die r\u00e4umliche Abgrenzung des Parkplatzes.<br \/>\nDurch das asymmetrische Schr\u00e4gdach werden weitere Ziele erreicht: Die Optimierung von Besonnung und Ausblick; eine Differenzierung der Geb\u00e4udeh\u00f6he zwischen Stra\u00dfe und Nachbarbebauung; eine Reaktion auf die Dachlandschaft der Umgebung;\u00a0 und die Integration einer Ost-West Photovoltaikanlage f\u00fcr eine m\u00f6glichst netzautarke Energieversorgung.<\/p>\n<p><strong>Pfarrstall und Fahrradstellpl\u00e4tze<\/strong><\/p>\n<p>Auf Grund der Gr\u00f6\u00dfe und der vorhandenen Bausubstanz des Stalls, muss davon ausgegangen werden, dass durch einen gr\u00f6\u00dferen Umbau sein einzigartiger Charakter zwangsl\u00e4ufig verloren geht. Der Vorschlag ist den Stall in der Art zu nutzen wof\u00fcr er gebaut wurde: Der Stadel wird zum Fahrradstadel, der Stall wird zum frostgesch\u00fctzten Archiv; und die s\u00fcdseitige Laube wird zum sonnenverw\u00f6hnten und witterungsgesch\u00fctzten Sitzplatz f\u00fcr das Caf\u00e9. So wird der Stall wieder neu belebt und verleiht dem ganzen Areal etwas von seinem Charme. Die Tore des Stadels stehen immer offen und laden ein das Fahrrad hier zu parken. Zus\u00e4tzlich gibt es noch Fahrradstellpl\u00e4tze f\u00fcr Besucher im Bereich des Pfarrgartens.<br \/>\n~<\/p>\n<p><strong>Erdgeschosszone<\/strong><\/p>\n<p>Durch die gro\u00dfz\u00fcgigen Fassaden\u00f6ffnungen und die schwellenlosen Eing\u00e4nge wird ein flie\u00dfender \u00dcbergang zwischen Platz und Geb\u00e4ude geschaffen. Neben dem zentralen Haupteingang ist es m\u00f6glich Seminarraum, Caf\u00e9, Ausstellung und Allzweckraum direkt \u00fcber den Hof zu erschlie\u00dfen. Diese R\u00e4ume k\u00f6nnen bei gr\u00f6\u00dferen Veranstaltungen durch \u00f6ffnen der mobilen W\u00e4nde zusammengeschaltet werden. Der Allzweckraum liegt direkt an der Stra\u00dfe und erh\u00e4lt dadurch ein Schaufenster zum Ort \u2014 ideal f\u00fcr eine kleine Dorfwerkstatt.<br \/>\n\u00dcber den Haupteingang gelangt man direkt in ein gro\u00dfes Foyer welches die Ausstellung aufnimmt. Unmittelbar beim Eingang liegen zudem die gemeinsam genutzten WC-Anlagen und die Umkleiden. Es ist auch m\u00f6glich das Foyer \u00fcber eine mobile Glastrennwand vom Windfang abzutrennen.<br \/>\nAbtrennbare B\u00fcrofl\u00e4chen und die Nebenr\u00e4ume des Caf\u00e9s liegen im r\u00fcckw\u00e4rtigen Geb\u00e4udebereich. Die K\u00fcche kann \u00fcber den Parkplatz einfach beliefert werden und ist direkt an die Kr\u00e4uter-Hochbeete angebunden. Ein kleiner Mehrzweckraum kann dem Caf\u00e9 f\u00fcr besondere Anl\u00e4sse zugeschaltet werden.<\/p>\n<p><strong>Innere Organisation und B\u00fcrolandschaft<\/strong><\/p>\n<p>Die innere Organisation des Geb\u00e4udes ist v\u00f6llig wandelbar. Sie erm\u00f6glicht sowohl offene Raumkonzepte als auch kleinr\u00e4umige Strukturen. So kann sich das\u00a0 Geb\u00e4ude \u00fcber seinen Lebenszyklus immer wieder den wechselnden Bed\u00fcrfnissen anpassen \u2014 dies garantiert auch eine langanhaltende Wertstabilit\u00e4t.<br \/>\nDer Innenraum ist Ausdruck einer Unternehmenskultur der Transparenz. Es gibt Sichtverbindungen \u00fcber alle Etagen, man sieht wer ein- und ausgeht. Um Kommunikation zu f\u00f6rdern sind die Gemeinschaftszonen im 1. Obergeschoss um das zentrale Treppenhaus angeordnet und somit f\u00fcr alle Mieter auf kurzem Wege erreichbar. Diese Zonen haben auf Grund ihrer Bedeutung \u00fcberh\u00f6hte R\u00e4ume und nutzen so die Dachschr\u00e4ge optimal aus. Diese \u00dcberh\u00f6he garantiert bei gr\u00f6\u00dferen Besprechungen zudem eine h\u00f6here Raumluftqualit\u00e4t.<br \/>\nTrotz seiner Offenheit bietet der Entwurf vielf\u00e4ltige M\u00f6glichkeiten abgetrennte Bereiche f\u00fcr einzelne Mieter zu schaffen, welche bei Bedarf auch erweitert oder verkleinert werden k\u00f6nnen. Die geschoss\u00fcbergreifenden Luftr\u00e4ume k\u00f6nnten mittels Br\u00fcstungsverglasungen, akustisch einfach voneinander abgetrennt werden.<\/p>\n<p><strong>Akustik<\/strong><\/p>\n<p>Offene B\u00fcrokonzepte brauchen eine gute Raumakustik um von den Mitarbeitern angenommen zu werden. Durch die 50%-Belegung der Decke mit Schallschluckfilz in Kombination mit der s\u00e4gerauhen Holzoberfl\u00e4che und den versetzten Deckenbalken, k\u00f6nnen auch ohne Teppich gute akustische Werte erreicht werden.<\/p>\n<p><strong>Brandschutz<\/strong><\/p>\n<p>Auf Grund der geringen Geb\u00e4udeabmessungen kann das Geb\u00e4ude als sichtbare Holzkonstruktion realisiert werden. Der Entwurf garantiert zudem eine maximale Fluchtwegl\u00e4nge, von jeder Stelle des Geb\u00e4udes, kleiner 35m.\u00a0 Somit sind kein abgetrenntes Fluchttreppenhaus und keine zus\u00e4tzlichen Verkleidungen erforderlich. Das Caf\u00e9 kann \u00fcber mobile Brandschutzelemente abgetrennt werden. Der Rauch- und W\u00e4rmeabzug erfolgt \u00fcber die Dachfenster.<\/p>\n<p><strong>Tragstruktur<\/strong><\/p>\n<p>Die Tragstruktur ist wie das Geb\u00e4ude sehr einfach aufgebaut. Tragende W\u00e4nde und Decken werden aus Massivholzelementen errichtet. Die Elemente werden aus s\u00e4gerauhen Kanth\u00f6lzern leimfrei gef\u00fcgt (zB D\u00fcbelholz). Die Lastabtragung der Decken erfolgt \u00fcber die Au\u00dfenw\u00e4nde und einen Massivholztr\u00e4ger entlang der Geb\u00e4udel\u00e4ngsachse. Die Geb\u00e4udeaussteifung, insbesondere auf Grund der hohen Erdbebenkr\u00e4fte, erfolgt im Verbund der Massivholzelemente mit\u00a0 Holz-3S-Platten. Diese Lasten werden \u00fcber ein Streifenfundament, und einzelne Fundamenttr\u00e4ger aus Stahlbeton ins Erdreich \u00fcbertragen. Auf eine energieintensive Bodenplatte und Unterkellerung wurde bewusst verzichtet.<\/p>\n<p><strong>Materialkonzept<\/strong><\/p>\n<p>S\u00e4mtliche Materialen wurden nach den Kriterien der Nachhaltigkeit ausgew\u00e4hlt. Neben \u00f6kologischen und \u00f6konomischen Kriterien, welche separat beschrieben sind, betrifft das vor allem die sozialen Kriterien. In der Errichtung sind dies der Einbezug lokaler Ressourcen wie Handwerkstradition und Baustoffe, im Betrieb, Faktoren wie Materialhaptik und Lufthygiene. Die Materialsprache ist kr\u00e4ftig und puristisch, zugleich aber nat\u00fcrlich und zeitlos. Dies generiert im Innenraum eine Wohlf\u00fchlatmosph\u00e4re, welche bei Verwaltungsbauten zusehends gefragt ist. Denn nur Mitarbeiter die sich wohlf\u00fchlen, k\u00f6nnen ihre volle Leistungsf\u00e4higkeit abrufen. Architektur und Materialit\u00e4t leisten dazu einen gro\u00dfen Beitrag.<br \/>\nDie mineralisch beschichtete Holzfassade, integriert sich in die umgebende Bebauung und ist Ausdruck einer nachhaltigen und zukunftsweisenden Architektur.<\/p>\n<p><strong>Nutzungskonzept \u2013 m\u00f6gliche Varianten<\/strong><\/p>\n<p>Zum Beispiel f\u00fcr unterschiedliche \u00d6ffnungszeiten von Caf\u00e9 und B\u00fcrobereich. Bei steigendem Platzbedarf der B\u00fcrofl\u00e4chen oder f\u00fcr Workshops w\u00e4re es auch m\u00f6glich den Arbeitsbereich auf Allzweckraum und Foyer zu erweitern.<\/p>\n","protected":false},"excerpt":{"rendered":"<p>\u00bb  \u00ab<\/p>\n","protected":false},"featured_media":40051,"template":"","tags":[],"publik":[975],"projekt-art":[974,972],"projekt-land":[971],"projekt-status":[943],"projekt-kategorie":[918,922],"projektphase":[],"class_list":["post-26180","projekt","type-projekt","status-publish","has-post-thumbnail","hentry","publik-projektbeschreibung","projekt-art-preistraeger","projekt-art-wettbewerb","projekt-land-liechtenstein","projekt-status-fertiggestellt","projekt-kategorie-bildung","projekt-kategorie-kultur","projektkategorie-bildung","projektkategorie-wettbewerbe"],"acf":[],"_links":{"self":[{"href":"https:\/\/ip217-154-147-205.pbiaas.com\/v80\/de\/wp-json\/wp\/v2\/projekt\/26180","targetHints":{"allow":["GET"]}}],"collection":[{"href":"https:\/\/ip217-154-147-205.pbiaas.com\/v80\/de\/wp-json\/wp\/v2\/projekt"}],"about":[{"href":"https:\/\/ip217-154-147-205.pbiaas.com\/v80\/de\/wp-json\/wp\/v2\/types\/projekt"}],"wp:featuredmedia":[{"embeddable":true,"href":"https:\/\/ip217-154-147-205.pbiaas.com\/v80\/de\/wp-json\/wp\/v2\/media\/40051"}],"wp:attachment":[{"href":"https:\/\/ip217-154-147-205.pbiaas.com\/v80\/de\/wp-json\/wp\/v2\/media?parent=26180"}],"wp:term":[{"taxonomy":"post_tag","embeddable":true,"href":"https:\/\/ip217-154-147-205.pbiaas.com\/v80\/de\/wp-json\/wp\/v2\/tags?post=26180"},{"taxonomy":"publik","embeddable":true,"href":"https:\/\/ip217-154-147-205.pbiaas.com\/v80\/de\/wp-json\/wp\/v2\/publik?post=26180"},{"taxonomy":"projekt-art","embeddable":true,"href":"https:\/\/ip217-154-147-205.pbiaas.com\/v80\/de\/wp-json\/wp\/v2\/projekt-art?post=26180"},{"taxonomy":"projekt-land","embeddable":true,"href":"https:\/\/ip217-154-147-205.pbiaas.com\/v80\/de\/wp-json\/wp\/v2\/projekt-land?post=26180"},{"taxonomy":"projekt-status","embeddable":true,"href":"https:\/\/ip217-154-147-205.pbiaas.com\/v80\/de\/wp-json\/wp\/v2\/projekt-status?post=26180"},{"taxonomy":"projekt-kategorie","embeddable":true,"href":"https:\/\/ip217-154-147-205.pbiaas.com\/v80\/de\/wp-json\/wp\/v2\/projekt-kategorie?post=26180"},{"taxonomy":"projektphase","embeddable":true,"href":"https:\/\/ip217-154-147-205.pbiaas.com\/v80\/de\/wp-json\/wp\/v2\/projektphase?post=26180"}],"curies":[{"name":"wp","href":"https:\/\/api.w.org\/{rel}","templated":true}]}}