{"id":26196,"date":"2016-05-11T13:00:39","date_gmt":"2016-05-11T11:00:39","guid":{"rendered":"http:\/\/www.elmar-schmidinger.at\/hk5\/projekt\/martin-und-anne-n\/"},"modified":"2025-10-20T08:55:32","modified_gmt":"2025-10-20T06:55:32","slug":"martin-und-anne-n","status":"publish","type":"projekt","link":"https:\/\/ip217-154-147-205.pbiaas.com\/v80\/de\/projekt\/martin-und-anne-n\/","title":{"rendered":"Nigsch, Feldkirch-Tisis"},"content":{"rendered":"<p><strong>Plastischer Kubus mit Blick und Sonne.<\/strong><\/p>\n<p>Das kleine Domizil f\u00fcr eine Familie sitzt an einem weich nach Nordwesten abfallenden Hang, der Gel\u00e4ndesprung wird vom massiv ausgebildeten Sockelgeschoss aufgenommen. Die beiden oberen Stockwerke sind als pr\u00e4gnanter Holzkubus auf der leicht auskragenden Deckenplatte ausgebildet. Um sowohl den weiten Blick in die Appenzeller Alpen, als auch eine optimalen Besonnung zu gew\u00e4hren, orientieren sich die konsequent rhythmisierten \u00d6ffnungen in zwei Richtungen. Die klaren Linien des plastisch durchformten Bauvolumens werden von einer fein gezeichneten Schalung aus Weisstanne betont, auf der Wetterseite schimmert bereits ihre Patina im matten Silberglanz. Trotz des dichten Raumprogrammes etablieren lichte, helle Materialien im Inneren eine Atmosph\u00e4re von Leichtigkeit und Weite.<\/p>\n","protected":false},"excerpt":{"rendered":"<p>Plastischer Kubus mit Blick und Sonne. Das kleine Domizil f\u00fcr eine Familie sitzt an einem weich nach Nordwesten abfallenden Hang, der Gel\u00e4ndesprung wird vom massiv ausgebildeten Sockelgeschoss aufgenommen. Die beiden oberen Stockwerke sind als pr\u00e4gnanter Holzkubus auf der leicht auskragenden Deckenplatte ausgebildet. Um sowohl den weiten Blick in die Appenzeller Alpen, als auch eine optimalen [&hellip;]<\/p>\n","protected":false},"featured_media":30423,"template":"","tags":[],"publik":[975],"projekt-art":[957],"projekt-land":[938],"projekt-status":[943],"projekt-kategorie":[930,919],"projektphase":[],"class_list":["post-26196","projekt","type-projekt","status-publish","has-post-thumbnail","hentry","publik-projektbeschreibung","projekt-art-neubau","projekt-land-oesterreich","projekt-status-fertiggestellt","projekt-kategorie-einfamilienhaus","projekt-kategorie-wohnen","projektkategorie-einfamilienhaus"],"acf":[],"_links":{"self":[{"href":"https:\/\/ip217-154-147-205.pbiaas.com\/v80\/de\/wp-json\/wp\/v2\/projekt\/26196","targetHints":{"allow":["GET"]}}],"collection":[{"href":"https:\/\/ip217-154-147-205.pbiaas.com\/v80\/de\/wp-json\/wp\/v2\/projekt"}],"about":[{"href":"https:\/\/ip217-154-147-205.pbiaas.com\/v80\/de\/wp-json\/wp\/v2\/types\/projekt"}],"wp:featuredmedia":[{"embeddable":true,"href":"https:\/\/ip217-154-147-205.pbiaas.com\/v80\/de\/wp-json\/wp\/v2\/media\/30423"}],"wp:attachment":[{"href":"https:\/\/ip217-154-147-205.pbiaas.com\/v80\/de\/wp-json\/wp\/v2\/media?parent=26196"}],"wp:term":[{"taxonomy":"post_tag","embeddable":true,"href":"https:\/\/ip217-154-147-205.pbiaas.com\/v80\/de\/wp-json\/wp\/v2\/tags?post=26196"},{"taxonomy":"publik","embeddable":true,"href":"https:\/\/ip217-154-147-205.pbiaas.com\/v80\/de\/wp-json\/wp\/v2\/publik?post=26196"},{"taxonomy":"projekt-art","embeddable":true,"href":"https:\/\/ip217-154-147-205.pbiaas.com\/v80\/de\/wp-json\/wp\/v2\/projekt-art?post=26196"},{"taxonomy":"projekt-land","embeddable":true,"href":"https:\/\/ip217-154-147-205.pbiaas.com\/v80\/de\/wp-json\/wp\/v2\/projekt-land?post=26196"},{"taxonomy":"projekt-status","embeddable":true,"href":"https:\/\/ip217-154-147-205.pbiaas.com\/v80\/de\/wp-json\/wp\/v2\/projekt-status?post=26196"},{"taxonomy":"projekt-kategorie","embeddable":true,"href":"https:\/\/ip217-154-147-205.pbiaas.com\/v80\/de\/wp-json\/wp\/v2\/projekt-kategorie?post=26196"},{"taxonomy":"projektphase","embeddable":true,"href":"https:\/\/ip217-154-147-205.pbiaas.com\/v80\/de\/wp-json\/wp\/v2\/projektphase?post=26196"}],"curies":[{"name":"wp","href":"https:\/\/api.w.org\/{rel}","templated":true}]}}