{"id":26202,"date":"2016-05-11T13:00:53","date_gmt":"2016-05-11T11:00:53","guid":{"rendered":"http:\/\/www.elmar-schmidinger.at\/hk5\/projekt\/sutterluety-frastanz-2\/"},"modified":"2025-10-15T12:27:41","modified_gmt":"2025-10-15T10:27:41","slug":"sutterluety-frastanz-2","status":"publish","type":"projekt","link":"https:\/\/ip217-154-147-205.pbiaas.com\/v80\/de\/projekt\/sutterluety-frastanz-2\/","title":{"rendered":"Sutterl\u00fcty, Frastanz"},"content":{"rendered":"\n<p><strong>schlicht &amp; dicht<\/strong><\/p>\n\n\n\n<p>Am Saum zwischen den Gewerbefl\u00e4chen und Wohnquartieren der Marktgemeinde Frastanz markiert das zur\u00fcckhaltende Volumen den Kreuzungsbereich von zwei stark frequentierten Hauptverkehrsadern. Die Kunden des regionalen Nahversorgers betreten die doppelst\u00f6ckige Verkaufshalle vom Parkplatz aus \u00fcber eine gedeckte Vorzone und den behaglich gestalteten Bistro-Bereich, der sich zur Abendsonne \u00f6ffnet. Im Sinne einer st\u00e4dtebaulichen Verdichtung konzipierten die Planer im Obergescho\u00df zehn Wohnstudios. Diese werden durch einen schallabsorbierenden Laubengang auf der Stra\u00dfenseite erschlossen und orientieren sich \u00fcber gro\u00dfz\u00fcgig dimensionierte Loggien nach S\u00fcden. Die gesamte Anlage nutzt keine fossilen Energietr\u00e4ger; so erfolgt die Heizung des Marktes ausschlie\u00dflich \u00fcber die W\u00e4rmer\u00fcckgewinnung aus der K\u00fchlanlage.<\/p>\n","protected":false},"excerpt":{"rendered":"<p>schlicht &amp; dicht Am Saum zwischen den Gewerbefl\u00e4chen und Wohnquartieren der Marktgemeinde Frastanz markiert das zur\u00fcckhaltende Volumen den Kreuzungsbereich von zwei stark frequentierten Hauptverkehrsadern. Die Kunden des regionalen Nahversorgers betreten die doppelst\u00f6ckige Verkaufshalle vom Parkplatz aus \u00fcber eine gedeckte Vorzone und den behaglich gestalteten Bistro-Bereich, der sich zur Abendsonne \u00f6ffnet. Im Sinne einer st\u00e4dtebaulichen Verdichtung [&hellip;]<\/p>\n","protected":false},"featured_media":72604,"template":"","tags":[],"publik":[975],"projekt-art":[957],"projekt-land":[938],"projekt-status":[943],"projekt-kategorie":[946,919],"projektphase":[],"class_list":["post-26202","projekt","type-projekt","status-publish","has-post-thumbnail","hentry","publik-projektbeschreibung","projekt-art-neubau","projekt-land-oesterreich","projekt-status-fertiggestellt","projekt-kategorie-handel","projekt-kategorie-wohnen","projektkategorie-gewerbe-handel"],"acf":[],"_links":{"self":[{"href":"https:\/\/ip217-154-147-205.pbiaas.com\/v80\/de\/wp-json\/wp\/v2\/projekt\/26202","targetHints":{"allow":["GET"]}}],"collection":[{"href":"https:\/\/ip217-154-147-205.pbiaas.com\/v80\/de\/wp-json\/wp\/v2\/projekt"}],"about":[{"href":"https:\/\/ip217-154-147-205.pbiaas.com\/v80\/de\/wp-json\/wp\/v2\/types\/projekt"}],"wp:featuredmedia":[{"embeddable":true,"href":"https:\/\/ip217-154-147-205.pbiaas.com\/v80\/de\/wp-json\/wp\/v2\/media\/72604"}],"wp:attachment":[{"href":"https:\/\/ip217-154-147-205.pbiaas.com\/v80\/de\/wp-json\/wp\/v2\/media?parent=26202"}],"wp:term":[{"taxonomy":"post_tag","embeddable":true,"href":"https:\/\/ip217-154-147-205.pbiaas.com\/v80\/de\/wp-json\/wp\/v2\/tags?post=26202"},{"taxonomy":"publik","embeddable":true,"href":"https:\/\/ip217-154-147-205.pbiaas.com\/v80\/de\/wp-json\/wp\/v2\/publik?post=26202"},{"taxonomy":"projekt-art","embeddable":true,"href":"https:\/\/ip217-154-147-205.pbiaas.com\/v80\/de\/wp-json\/wp\/v2\/projekt-art?post=26202"},{"taxonomy":"projekt-land","embeddable":true,"href":"https:\/\/ip217-154-147-205.pbiaas.com\/v80\/de\/wp-json\/wp\/v2\/projekt-land?post=26202"},{"taxonomy":"projekt-status","embeddable":true,"href":"https:\/\/ip217-154-147-205.pbiaas.com\/v80\/de\/wp-json\/wp\/v2\/projekt-status?post=26202"},{"taxonomy":"projekt-kategorie","embeddable":true,"href":"https:\/\/ip217-154-147-205.pbiaas.com\/v80\/de\/wp-json\/wp\/v2\/projekt-kategorie?post=26202"},{"taxonomy":"projektphase","embeddable":true,"href":"https:\/\/ip217-154-147-205.pbiaas.com\/v80\/de\/wp-json\/wp\/v2\/projektphase?post=26202"}],"curies":[{"name":"wp","href":"https:\/\/api.w.org\/{rel}","templated":true}]}}