{"id":26215,"date":"2016-05-11T13:01:21","date_gmt":"2016-05-11T11:01:21","guid":{"rendered":"http:\/\/www.elmar-schmidinger.at\/hk5\/projekt\/wettbewerb-kath-kompetenzzentrum-salzburg-sued\/"},"modified":"2025-07-28T17:17:44","modified_gmt":"2025-07-28T15:17:44","slug":"wettbewerb-kath-kompetenzzentrum-salzburg-sued","status":"publish","type":"projekt","link":"https:\/\/ip217-154-147-205.pbiaas.com\/v80\/de\/projekt\/wettbewerb-kath-kompetenzzentrum-salzburg-sued\/","title":{"rendered":"Caritas Zentrale, Salzburg-Herrnau"},"content":{"rendered":"<p><strong>Grundlage<\/strong><\/p>\n<p>Die bestehende Klostermauer wurde an der Nord-Westseite durchbrochen, jedoch mit zwei neuen Bauk\u00f6rpern in ihrer Funktion als Pforten f\u00fcr soziale Anlaufstellen erg\u00e4nzt.<br \/>\nDer Kindergarten sowie das Verwaltungsgeb\u00e4ude \u00f6ffnen den Kirchengarten der Allgemeinheit. Die r\u00e4umliche Abgrenzung zum Kloster bzw. dem Pfarrgarten bleibt aber nach wie vor erhalten.<\/p>\n<p><strong>Ortsr\u00e4umliche Situation, St\u00e4dtebau<\/strong><\/p>\n<p>Der s\u00fcdlich gelegene Ausl\u00e4ufer der Stadt Salzburg ist gepr\u00e4gt von dicht gereihten Wohnbauten. Unter Ber\u00fccksichtigung dieser mittleren K\u00f6rnung ergibt sich die Trennung des Raumprogrammes auf zwei Bauvolumen.<br \/>\nDie in ihrer \u00e4u\u00dferen Erscheinung minimalistisch gehaltenen Bauk\u00f6rper f\u00fcgen sich dezent in den umgebenden Kontext.\u00a0 Abger\u00fcckt von der Kirche geben sie eben dieser genug Raum um ihrer pr\u00e4gnanten Architektur gerecht zu werden.<\/p>\n<p>Der geradlinige B\u00fcrobau erm\u00f6glicht eine vorgelagerte Pufferzone zur Stra\u00dfe hin. Diese Begegnungszone bildet\u00a0 einerseits die verkehrstechnische Anbindung als auch einen erweiterten Zugangsbereich f\u00fcr Verwaltung, CARLA und Kindergarten.<br \/>\nZentral bildet dieser Platz den aufgeweiteten Zugang zum Schwesternweg als auch das F\u00fcllst\u00fcck\u00a0 der Baumallee entlang der Friedensstra\u00dfe.<\/p>\n<p>Die geforderten Stellpl\u00e4tze f\u00fcr den Laden und Kindergarten werden vor dem Verwaltungsbau ausgewiesen.\u00a0 Ihre Stellung wurde so gew\u00e4hlt, dass bei einem sp\u00e4teren Anschluss an den geplanten Kreisverkehr die direkte Ausfahrt aus der Tiefgarage erfolgen kann.<\/p>\n<p>~<\/p>\n<p><strong>Geb\u00e4udeorganisation<\/strong><\/p>\n<p>Die zwei Volumen sind oberirdisch klar voneinander getrennt. Der Verwaltungsbau erfordert andere Raumh\u00f6hen als ein Kindergarten bzw. Wohnungen und l\u00e4sst so eine \u00f6konomische Nutzung der Kubatur zu. In Anbetracht der umliegenden Geb\u00e4ude und der geforderten kompakten Bauweise wurde das Raumprogramm auf 4 bzw. 5 Ebenen organisiert. Die\u00a0 gemeinsam genutzte Tiefgarage erm\u00f6glicht Synergien der Haustechnik und Stellpl\u00e4tze.<\/p>\n<p><strong>Verwaltungsbau Caritas und B\u00fcrolandschaft<\/strong><\/p>\n<p>Der monolithische Verwaltungsbau ist in seiner Erscheinung klar und pragmatisch strukturiert. Bis an die \u00f6stliche Grundst\u00fccksmauer heranger\u00fcckt bildet er den Anschlussbereich f\u00fcr eine sp\u00e4tere Erweiterung des Klosters. Fassade und Grundriss wurden zweckm\u00e4\u00dfig auf die Nutzung als B\u00fcro abgestimmt. Die abgeschr\u00e4gten Fensterlaibungen lockern den strengen Bauk\u00f6rper auf und erm\u00f6glichen einen hohen Tageslichteintrag. Gro\u00dfz\u00fcgige \u00d6ffnungen im Erdgeschoss erm\u00f6glichen neugierigen Passanten Einblicke und sollen den Weg zum vollverglasten Eingangsbereich f\u00fchren.<\/p>\n<p>Der eigentliche Zugang zum Hauptgeb\u00e4ude ist mittig angeordnet und wird \u00fcber die Nord-Fassade klar als solcher ausgewiesen. Ein zweiter Eingang auf der R\u00fcckseite erm\u00f6glicht den gesch\u00fctzten Zutritt zu den Sozialbetreuungsb\u00fcros.<br \/>\nDas zentrale R\u00fcckgrat des B\u00fcrogeb\u00e4udes beinhaltet alle infrastrukturellen Einrichtungen und kann auch nachtr\u00e4glich entsprechend erweitert werden. Kopierraum und Teek\u00fcche sind an zentrale Orte gelegt, so dass den Mitarbeitern im Arbeitsalltag ein informeller Austausch erm\u00f6glicht wird. Einzelne Abteilungen sind mit Glaselementen unterteilt. Die Privatsph\u00e4re der Arbeitspl\u00e4tze kann individuell \u00fcber Vorh\u00e4nge gesteuert werden. Bei entsprechenden Schnittstellen ist die r\u00e4umliche Trennung massiv ausgef\u00fchrt.<\/p>\n<p>Geb\u00e4udelasten werden \u00fcber den Kern bzw. die Au\u00dfenw\u00e4nde abgetragen, wodurch auch bei sp\u00e4teren Nutzungsanpassungen R\u00e4ume flexibel gestaltet werden k\u00f6nnen.<\/p>\n<p>Das OG4 bildet mit seiner erhabenen Lage den idealen Ort f\u00fcr die R\u00fcckzugs- und Erholungsbereiche. Besprechungsraum und K\u00fcche wurden in unmittelbarer N\u00e4he zu einander geplant und k\u00f6nnen bei entsprechenden Anl\u00e4ssen zusammen geschaltet werden. Gemeinsam mit dem vorgelagerten Gr\u00fcnraum bildet der Meditationsraum in der S\u00fcdwestlichen Geb\u00e4udeecke eine abgeschiedene Einheit der Ruhe.<\/p>\n<p>Alle R\u00e4umlichkeiten im OG4 wurden im Raster der darunterliegenden B\u00fcror\u00e4umlichkeiten gehalten. Eine sp\u00e4tere Erweiterung \u00fcber die Dachterrasse hinaus kann somit ohne wesentliche Abbruchma\u00dfnahmen durchgef\u00fchrt werden.<\/p>\n<p><strong>Kindergarten und Wohnungen, Nutzungssymbiose<\/strong><\/p>\n<p>Das Kindergarten- und Wohngeb\u00e4ude ist in seiner Gestaltung offen und verspielt ausformuliert. Das als Hybridbau konzipierte Geb\u00e4ude beinhaltet eine Tragstruktur aus Stahlbeton mit vorgeh\u00e4ngten Holzelementen als Fassade. Die liegende Holzverkleidung wird durch ihre Materialit\u00e4t der Nutzung als Kindergarten gerecht. Gleichzeitig gruppiert der wei\u00dfe Anstrich das Geb\u00e4ude zusammen mit dem Verwaltungsbau und den bestehenden Kirchen- bzw. Pfarrgeb\u00e4uden zu einem Ensemble.<\/p>\n<p>Der Kindergarten befindet sich im EG und 1. OG. Diese Aufteilung gew\u00e4hrleistet eine kompakte Grundfl\u00e4che und erm\u00f6glicht spannende Blickbeziehungen, sowohl in den Pfarrgarten als auch in die Spielfl\u00e4chen. Die im 1. OG gelegene Krabbelgruppe kann bei Bedarf auch in eine Kindergartengruppe erweitert werden. In der Planung wurden die daf\u00fcr ben\u00f6tigten Belichtungsfl\u00e4che sowie die Anordnung der Sanit\u00e4rr\u00e4ume bereits ber\u00fccksichtigt. Der Freibereich wird \u00fcber einen Windfang betreten, der auch die M\u00f6glichkeit einer Waschgelegenheit beinhaltet.<\/p>\n<p>Auf einen zweiten, Kindergarteninternen Lift kann bewusst verzichtet werden. Die barrierefreie Erschlie\u00dfung des 1. OG erfolgt \u00fcber einen eigenen, gesicherten Zugang vom Wohnungstreppenhaus aus.<\/p>\n<p>Die Wohnungen wurden im vorgegebenen Schl\u00fcssel von 6 \u2013 2 \u2013 1 verteilt. Sie sind alle S\u00fcdost bzw. Nordwest orientiert. Erschlossen werden sie \u00fcber einen zentralen Kern, welcher zugleich vom Kindergarten als 2. Fluchtweg genutzt wird.<\/p>\n","protected":false},"excerpt":{"rendered":"<p>\u00bb  \u00ab<\/p>\n","protected":false},"featured_media":40020,"template":"","tags":[],"publik":[975],"projekt-art":[973,974,972],"projekt-land":[938],"projekt-status":[943],"projekt-kategorie":[920,949,929,919],"projektphase":[1240],"class_list":["post-26215","projekt","type-projekt","status-publish","has-post-thumbnail","hentry","publik-projektbeschreibung","projekt-art-ausgefuehrt","projekt-art-preistraeger","projekt-art-wettbewerb","projekt-land-oesterreich","projekt-status-fertiggestellt","projekt-kategorie-arbeit","projekt-kategorie-buero","projekt-kategorie-mehrfamilienhaus","projekt-kategorie-wohnen","projektkategorie-wettbewerbe","projektphase-katholisches-kompetenzzentrum-salzburg"],"acf":[],"_links":{"self":[{"href":"https:\/\/ip217-154-147-205.pbiaas.com\/v80\/de\/wp-json\/wp\/v2\/projekt\/26215","targetHints":{"allow":["GET"]}}],"collection":[{"href":"https:\/\/ip217-154-147-205.pbiaas.com\/v80\/de\/wp-json\/wp\/v2\/projekt"}],"about":[{"href":"https:\/\/ip217-154-147-205.pbiaas.com\/v80\/de\/wp-json\/wp\/v2\/types\/projekt"}],"wp:featuredmedia":[{"embeddable":true,"href":"https:\/\/ip217-154-147-205.pbiaas.com\/v80\/de\/wp-json\/wp\/v2\/media\/40020"}],"wp:attachment":[{"href":"https:\/\/ip217-154-147-205.pbiaas.com\/v80\/de\/wp-json\/wp\/v2\/media?parent=26215"}],"wp:term":[{"taxonomy":"post_tag","embeddable":true,"href":"https:\/\/ip217-154-147-205.pbiaas.com\/v80\/de\/wp-json\/wp\/v2\/tags?post=26215"},{"taxonomy":"publik","embeddable":true,"href":"https:\/\/ip217-154-147-205.pbiaas.com\/v80\/de\/wp-json\/wp\/v2\/publik?post=26215"},{"taxonomy":"projekt-art","embeddable":true,"href":"https:\/\/ip217-154-147-205.pbiaas.com\/v80\/de\/wp-json\/wp\/v2\/projekt-art?post=26215"},{"taxonomy":"projekt-land","embeddable":true,"href":"https:\/\/ip217-154-147-205.pbiaas.com\/v80\/de\/wp-json\/wp\/v2\/projekt-land?post=26215"},{"taxonomy":"projekt-status","embeddable":true,"href":"https:\/\/ip217-154-147-205.pbiaas.com\/v80\/de\/wp-json\/wp\/v2\/projekt-status?post=26215"},{"taxonomy":"projekt-kategorie","embeddable":true,"href":"https:\/\/ip217-154-147-205.pbiaas.com\/v80\/de\/wp-json\/wp\/v2\/projekt-kategorie?post=26215"},{"taxonomy":"projektphase","embeddable":true,"href":"https:\/\/ip217-154-147-205.pbiaas.com\/v80\/de\/wp-json\/wp\/v2\/projektphase?post=26215"}],"curies":[{"name":"wp","href":"https:\/\/api.w.org\/{rel}","templated":true}]}}