{"id":40385,"date":"2017-07-11T15:50:49","date_gmt":"2017-07-11T13:50:49","guid":{"rendered":"http:\/\/www.hermann-kaufmann.at\/v5\/?post_type=projekt&#038;p=40385\/"},"modified":"2025-07-28T17:18:14","modified_gmt":"2025-07-28T15:18:14","slug":"wettbewerb-wa-jagdbergstrasse","status":"publish","type":"projekt","link":"https:\/\/ip217-154-147-205.pbiaas.com\/v80\/de\/projekt\/wettbewerb-wa-jagdbergstrasse\/","title":{"rendered":"Jagdbergstra\u00dfe, Schnifis"},"content":{"rendered":"<p><strong>Ortsr\u00e4umliche Situation<\/strong><\/p>\n<p>Das Baugrundst\u00fcck liegt im Randbereich des Hauptsiedlungsk\u00f6rpers von Schnifis, in unmittelbarer N\u00e4he zum Dorfzentrum. Der \u00f6stlich vom Bauplatz gelegene Skilift und das angrenzende Waldgrundst\u00fcck markieren einen lesbaren \u00dcbergang vom kompakten Dorfkern zum \u00e4u\u00dferen Siedlungsrand.<\/p>\n<p>Die differenzierte Setzung der beiden Bauk\u00f6rper reagiert auf diese spezifische Situation. Der \u00f6stliche Bauk\u00f6rper wird unmittelbar an die Jagdbergstra\u00dfe gestellt. Der Stra\u00dfenraum wird so nach Osten hin r\u00e4umlich verdichtet, wodurch der Auftakt zum Dorfzentrum als Torsituation wahrnehmbar wird. Wie in historisch gewachsenen Dorfkernen tr\u00e4gt dies zu einer nat\u00fcrlichen Entschleunigung und erh\u00f6hten Aufmerksamkeit der Verkehrsteilnehmer bei.<\/p>\n<p>Die versetzte Positionierung der beiden Bauk\u00f6rper ber\u00fccksichtigt auch die s\u00fcdliche Nachbarbebauung, welche vor der Osth\u00e4lfte des Grundst\u00fccks enger aneinandergebaut ist. Es ergeben sich somit gleicherma\u00dfen ausgewogene Freir\u00e4ume vor den beiden Wohnbauten.<\/p>\n<p>Die beiden Geb\u00e4ude sind behutsam in das nat\u00fcrliche Gel\u00e4nde gesetzt. Durch die dem Gel\u00e4ndeverlauf angepasste H\u00f6herentwicklung der Bauk\u00f6rper ergeben sich differenzierte Eingangsniveaus. Unterirdische Bauwerksteile treten kaum in Erscheinung.<\/p>\n<p>~<\/p>\n<p><strong>Au\u00dfenanlagen und Parkierung<\/strong><\/p>\n<p>Durch die leicht abfallende Hanglage ist es m\u00f6glich die Tiefgarage nahezu ebenerdig von der Jagdbergstra\u00dfe aus zu erschlie\u00dfen. Die Einfahrt erfolgt daher ganz im Westen des Baugrundst\u00fccks. Durch den leichten Versatz des westlichen Bauk\u00f6rpers nach S\u00fcden, k\u00f6nnen auch die erforderlichen Schleppkurven und Sichtfenster eingehalten werden. Auch die Besucherparkpl\u00e4tze k\u00f6nnen so entlang der Jagdbergstra\u00dfe angeordnet werden.<\/p>\n<p>Zwischen den beiden Bauk\u00f6rpern spannt sich somit eine verkehrsfreie Platzsituation mit hoher Aufenthaltsqualit\u00e4t auf. Die Eing\u00e4nge der beiden H\u00e4user orientieren sich direkt auf diesen gemeinsamen Vorplatz. Auch der Fahrrad- und M\u00fcllraum ist direkt mittels platzsparenden Schiebetoren erschlossen. Ein gedeckter Sitzplatz mit Blick auf den gro\u00dfz\u00fcgigen Kleinkinderspielplatz komplettiert diesen gemeinschaftlich genutzten Au\u00dfenbereich.<\/p>\n<p>Durch die minimierten Verkehrsfl\u00e4chen an der Geb\u00e4udenordseite k\u00f6nnen die Privatg\u00e4rten gro\u00dfz\u00fcgig und ungest\u00f6rt um die Geb\u00e4ude herum angeordnet werden.<\/p>\n<p><strong>Innere Organisation<\/strong><\/p>\n<p>Das westliche Wohnhaus hat 7, das \u00f6stliche 8 Wohneinheiten. Ein Aufzug ist nur im viergeschossigen Geb\u00e4udeteil vorgesehen. Dennoch k\u00f6nnen 12 von 15 Wohnungen barrierefrei erschlossen werden. Dies gilt auch f\u00fcr die zugeordneten Abstellr\u00e4ume und Parkpl\u00e4tze. Die drei nicht barrierefreien Wohnungen liegen lediglich zwei Gescho\u00dfe \u00fcber der Tiefgarage. Die Tiefgarage selbst bietet Platz f\u00fcr die 15 geforderten Stellpl\u00e4tze und einen Technikraum.<\/p>\n<p>Auf den ersten beiden Etagen sind jeweils nordseitig die Kellerr\u00e4ume angeordnet. Somit k\u00f6nnen die attraktiven Wohnseiten bestm\u00f6glich f\u00fcr Aufenthaltsr\u00e4ume genutzt werden.<\/p>\n<p>Die vier Gartenwohnungen verf\u00fcgen \u00fcber vorgelagerte Terrassen, w\u00e4hrend die oberirdischen Wohnungen \u00fcber eingeschnittene Loggien mit hoher Privatsph\u00e4re verf\u00fcgen. Durch den bewussten Verzicht auf vorstehende Balkone wird das schmale Grundst\u00fcck nicht weiter eingeengt, und es ergeben sich attraktive Ausblicke auf die s\u00fcdwestlich sichtbaren Bergketten. Loggien und Wohnr\u00e4ume sind folglich \u00fcberwiegend S\u00fcdwest orientiert. Ganz im Osten gibt es auch zwei S\u00fcdost orientierte Loggien mit einem zus\u00e4tzlichen Gartenabgang.<\/p>\n<p><strong>Konstruktion und Material<\/strong><\/p>\n<p>Der vorgegebene Wohnungsmix und die Raumeinteilung sind eingehalten. Trotz der differenzierten vertikalen Organisation und der unterschiedlichen Wohnungstypen k\u00f6nnen Tragachsen und Sch\u00e4chte \u00fcber alle Gescho\u00dfe durchgehend ausgef\u00fchrt werden.<\/p>\n<p>Es wird vorgeschlagen die Treppenr\u00e4ume und die Kellerabteile, welche \u00fcber der Tiefgarage liegen als thermischen Pufferraum auszubilden. Die s\u00fcdseitigen Wohnungen k\u00f6nnen daher relativ kompakt ged\u00e4mmt und beheizt werden.<\/p>\n<p>F\u00fcr die beiden Hanggescho\u00dfe wird jeweils ein Betonbau mit vorgeh\u00e4ngter Holzfassade vorgeschlagen. Die Loggien in den 1. Obergescho\u00dfen lassen sich durch Reduktion der Deckenst\u00e4rke von 25 auf 14cm problemlos noch unten d\u00e4mmen. F\u00fcr die beiden Obergescho\u00dfe wird auf Grund der geringen Spannweiten und der \u00f6kologischen Vorteile jeweils eine reine Holzkonstruktion vorgeschlagen.<\/p>\n<p>Die L\u00fcftung wird im Dachraum untergebracht. Die Verteilung erfolgt \u00fcber vertikale Steigzonen direkt in die einzelnen Wohnungen.<\/p>\n<p>F\u00fcr die Fassade ist eine s\u00e4gerauhe, vertikale Holzschalung angedacht, welche durch horizontale Leisten gegliedert wird. Die naturbelassene, zeitlose Fassade soll sich unaufgeregt in das Ortsbild einf\u00fcgen.<\/p>\n","protected":false},"excerpt":{"rendered":"<p>Ortsr\u00e4umliche Situation Das Baugrundst\u00fcck liegt im Randbereich des Hauptsiedlungsk\u00f6rpers von Schnifis, in unmittelbarer N\u00e4he zum Dorfzentrum. Der \u00f6stlich vom Bauplatz gelegene Skilift und das angrenzende Waldgrundst\u00fcck markieren einen lesbaren \u00dcbergang vom kompakten Dorfkern zum \u00e4u\u00dferen Siedlungsrand. Die differenzierte Setzung der beiden Bauk\u00f6rper reagiert auf diese spezifische Situation. Der \u00f6stliche Bauk\u00f6rper wird unmittelbar an die Jagdbergstra\u00dfe [&hellip;]<\/p>\n","protected":false},"featured_media":40387,"template":"","tags":[],"publik":[975],"projekt-art":[973,974,972],"projekt-land":[938],"projekt-status":[943],"projekt-kategorie":[929,919],"projektphase":[1238],"class_list":["post-40385","projekt","type-projekt","status-publish","has-post-thumbnail","hentry","publik-projektbeschreibung","projekt-art-ausgefuehrt","projekt-art-preistraeger","projekt-art-wettbewerb","projekt-land-oesterreich","projekt-status-fertiggestellt","projekt-kategorie-mehrfamilienhaus","projekt-kategorie-wohnen","projektkategorie-wettbewerbe","projektphase-jagdbergstrasse-schnifis"],"acf":[],"_links":{"self":[{"href":"https:\/\/ip217-154-147-205.pbiaas.com\/v80\/de\/wp-json\/wp\/v2\/projekt\/40385","targetHints":{"allow":["GET"]}}],"collection":[{"href":"https:\/\/ip217-154-147-205.pbiaas.com\/v80\/de\/wp-json\/wp\/v2\/projekt"}],"about":[{"href":"https:\/\/ip217-154-147-205.pbiaas.com\/v80\/de\/wp-json\/wp\/v2\/types\/projekt"}],"wp:featuredmedia":[{"embeddable":true,"href":"https:\/\/ip217-154-147-205.pbiaas.com\/v80\/de\/wp-json\/wp\/v2\/media\/40387"}],"wp:attachment":[{"href":"https:\/\/ip217-154-147-205.pbiaas.com\/v80\/de\/wp-json\/wp\/v2\/media?parent=40385"}],"wp:term":[{"taxonomy":"post_tag","embeddable":true,"href":"https:\/\/ip217-154-147-205.pbiaas.com\/v80\/de\/wp-json\/wp\/v2\/tags?post=40385"},{"taxonomy":"publik","embeddable":true,"href":"https:\/\/ip217-154-147-205.pbiaas.com\/v80\/de\/wp-json\/wp\/v2\/publik?post=40385"},{"taxonomy":"projekt-art","embeddable":true,"href":"https:\/\/ip217-154-147-205.pbiaas.com\/v80\/de\/wp-json\/wp\/v2\/projekt-art?post=40385"},{"taxonomy":"projekt-land","embeddable":true,"href":"https:\/\/ip217-154-147-205.pbiaas.com\/v80\/de\/wp-json\/wp\/v2\/projekt-land?post=40385"},{"taxonomy":"projekt-status","embeddable":true,"href":"https:\/\/ip217-154-147-205.pbiaas.com\/v80\/de\/wp-json\/wp\/v2\/projekt-status?post=40385"},{"taxonomy":"projekt-kategorie","embeddable":true,"href":"https:\/\/ip217-154-147-205.pbiaas.com\/v80\/de\/wp-json\/wp\/v2\/projekt-kategorie?post=40385"},{"taxonomy":"projektphase","embeddable":true,"href":"https:\/\/ip217-154-147-205.pbiaas.com\/v80\/de\/wp-json\/wp\/v2\/projektphase?post=40385"}],"curies":[{"name":"wp","href":"https:\/\/api.w.org\/{rel}","templated":true}]}}