{"id":53802,"date":"2018-11-21T14:20:26","date_gmt":"2018-11-21T13:20:26","guid":{"rendered":"http:\/\/www.hkarchitekten.at\/?post_type=projekt&#038;p=53802"},"modified":"2025-07-28T17:18:43","modified_gmt":"2025-07-28T15:18:43","slug":"headquarter-hans-kuenz-gmbh-hard","status":"publish","type":"projekt","link":"https:\/\/ip217-154-147-205.pbiaas.com\/v80\/de\/projekt\/headquarter-hans-kuenz-gmbh-hard\/","title":{"rendered":"K\u00fcnz, Hard"},"content":{"rendered":"<p>Die K\u00fcnz GmbH in Hard ist eines der \u00e4ltesten Unternehmen in der Vorarlberger Maschinenbauindustrie. Das Industrieareal am Standort Hard soll um ein B\u00fcrogeb\u00e4ude erweitert werden. Daf\u00fcr hat das Familienunternehmen einen Wettbewerb durchgef\u00fchrt.<\/p>\n<p>Die Herausforderung bestand darin, betrieblich effizient an die bestehende Anlage anzukn\u00fcpfen und gleicherma\u00dfen das Areal st\u00e4dtebaulich sinnvoll zu erg\u00e4nzen. Das Projekt sieht ein schlankes und hohes B\u00fcrogeb\u00e4ude vor, mit dem das Industrieensemble &nbsp;gegen Norden einen markanten Abschluss findet. Dank der Verlegung der Stellpl\u00e4tze in ein Parkhaus entsteht ein attraktiver Park mitten im Industriegebiet.<\/p>\n<p>Der neue Zugang befindet sich im Westen. Von dort gelangt man in eine gro\u00dfz\u00fcgige, zweigeschossige Eingangshalle. Ein begr\u00fcnter Innenhof zwischen B\u00fcro und Parkdeck erweitert die Halle r\u00e4umlich. Sie bietet Empfang, Wartebereich, Ausstellung sowie Erschlie\u00dfung f\u00fcr die Besprechungsr\u00e4ume im ersten Obergeschoss.<\/p>\n<p>Die Konstruktion pr\u00e4gt die Materialisierung des Innenraums: Stahltr\u00e4ger und &nbsp;Brettstapeldecken bleiben sichtbar. Schlitze in den Brettstapeln sorgen f\u00fcr eine gute Akustik, die h\u00f6lzerne Decke schafft eine warme, angenehme Atmosph\u00e4re und zugleich ein produktives Arbeitsklima. Die gro\u00dfz\u00fcgige Verglasung der Fassade bietet gut belichtete R\u00e4ume. Jalousien und Vord\u00e4cher im S\u00fcden sch\u00fctzen vor sommerlicher Hitze.<\/p>\n","protected":false},"excerpt":{"rendered":"<p>Die K\u00fcnz GmbH in Hard ist eines der \u00e4ltesten Unternehmen in der Vorarlberger Maschinenbauindustrie. Das Industrieareal am Standort Hard soll um ein B\u00fcrogeb\u00e4ude erweitert werden. Daf\u00fcr hat das Familienunternehmen einen Wettbewerb durchgef\u00fchrt. Die Herausforderung bestand darin, betrieblich effizient an die bestehende Anlage anzukn\u00fcpfen und gleicherma\u00dfen das Areal st\u00e4dtebaulich sinnvoll zu erg\u00e4nzen. Das Projekt sieht ein [&hellip;]<\/p>\n","protected":false},"featured_media":54000,"template":"","tags":[],"publik":[975],"projekt-art":[972],"projekt-land":[938],"projekt-status":[943],"projekt-kategorie":[920,948],"projektphase":[],"class_list":["post-53802","projekt","type-projekt","status-publish","has-post-thumbnail","hentry","publik-projektbeschreibung","projekt-art-wettbewerb","projekt-land-oesterreich","projekt-status-fertiggestellt","projekt-kategorie-arbeit","projekt-kategorie-gewerbe","projektkategorie-wettbewerbe"],"acf":[],"_links":{"self":[{"href":"https:\/\/ip217-154-147-205.pbiaas.com\/v80\/de\/wp-json\/wp\/v2\/projekt\/53802","targetHints":{"allow":["GET"]}}],"collection":[{"href":"https:\/\/ip217-154-147-205.pbiaas.com\/v80\/de\/wp-json\/wp\/v2\/projekt"}],"about":[{"href":"https:\/\/ip217-154-147-205.pbiaas.com\/v80\/de\/wp-json\/wp\/v2\/types\/projekt"}],"wp:featuredmedia":[{"embeddable":true,"href":"https:\/\/ip217-154-147-205.pbiaas.com\/v80\/de\/wp-json\/wp\/v2\/media\/54000"}],"wp:attachment":[{"href":"https:\/\/ip217-154-147-205.pbiaas.com\/v80\/de\/wp-json\/wp\/v2\/media?parent=53802"}],"wp:term":[{"taxonomy":"post_tag","embeddable":true,"href":"https:\/\/ip217-154-147-205.pbiaas.com\/v80\/de\/wp-json\/wp\/v2\/tags?post=53802"},{"taxonomy":"publik","embeddable":true,"href":"https:\/\/ip217-154-147-205.pbiaas.com\/v80\/de\/wp-json\/wp\/v2\/publik?post=53802"},{"taxonomy":"projekt-art","embeddable":true,"href":"https:\/\/ip217-154-147-205.pbiaas.com\/v80\/de\/wp-json\/wp\/v2\/projekt-art?post=53802"},{"taxonomy":"projekt-land","embeddable":true,"href":"https:\/\/ip217-154-147-205.pbiaas.com\/v80\/de\/wp-json\/wp\/v2\/projekt-land?post=53802"},{"taxonomy":"projekt-status","embeddable":true,"href":"https:\/\/ip217-154-147-205.pbiaas.com\/v80\/de\/wp-json\/wp\/v2\/projekt-status?post=53802"},{"taxonomy":"projekt-kategorie","embeddable":true,"href":"https:\/\/ip217-154-147-205.pbiaas.com\/v80\/de\/wp-json\/wp\/v2\/projekt-kategorie?post=53802"},{"taxonomy":"projektphase","embeddable":true,"href":"https:\/\/ip217-154-147-205.pbiaas.com\/v80\/de\/wp-json\/wp\/v2\/projektphase?post=53802"}],"curies":[{"name":"wp","href":"https:\/\/api.w.org\/{rel}","templated":true}]}}