{"id":56484,"date":"2019-08-02T09:22:33","date_gmt":"2019-08-02T07:22:33","guid":{"rendered":"http:\/\/www.hkarchitekten.at\/?post_type=projekt&#038;p=56484"},"modified":"2025-10-15T12:45:26","modified_gmt":"2025-10-15T10:45:26","slug":"sutterluety-landammanngasse-rankweil","status":"publish","type":"projekt","link":"https:\/\/www.hkarchitekten.at\/v80\/de\/projekt\/sutterluety-landammanngasse-rankweil\/","title":{"rendered":"Sutterl\u00fcty, Landammanngasse &#8211; Rankweil"},"content":{"rendered":"<p><strong>Unter Arkaden ruhen und genie\u00dfen.<\/strong><\/p>\n<p>Ein kompakter Bauk\u00f6rper ersetzt den nicht mehr zeitgem\u00e4\u00dfen gro\u00dffl\u00e4chigen Supermarkt in der Mischzone n\u00f6rdlich des Bahnhofs von Rankweil. Der frei gespielte Au\u00dfenraum wird durch sorgf\u00e4ltig gesetzte Bepflanzungen strukturiert, um \u00fcbersichtliche Erschlie\u00dfungswege und ebenerdige Parkm\u00f6glichkeiten zu schaffen.<\/p>\n<p>Im massiven Bestand des Untergeschosses sind Technikr\u00e4ume, Personalgarderoben sowie betriebsinterne Tiefgaragenpl\u00e4tze eingerichtet, welche eine Rampe an der Ostseite des Geb\u00e4udes erschlie\u00dft. Der dar\u00fcber errichtete Neubau ist in Hybridbauweise ausgef\u00fchrt. Das zentrale Volumen wurde als reine Holzkonstruktion mit weitspannendem Dachtragwerk gefertigt. Der Haupttr\u00e4ger l\u00e4uft in L\u00e4ngsrichtung durch die Mitte der Halle und verf\u00fcgt \u00fcber St\u00fctzweiten von etwa 9 Metern zwischen den Auflagern aus Stahl-Hohlprofilen. Die schlank dimensionierten Nebentr\u00e4ger sind in dichten Abst\u00e4nden auf der selben Ebene angeordnet und spannen \u00fcber 20 Meter zu den Umfassungsw\u00e4nden.<\/p>\n<p>Eine Servicezone legt sich als winkelf\u00f6rmiger Bauk\u00f6rper aus Sichtbeton um die R\u00fcckseite des Volumens. Ebenso massiv ausgef\u00fchrt und als Fertigteilkonstruktion vor das Geb\u00e4ude gestellt wurde der Arkadengang an der Hauptfassade. Dieses zeitlose Architekturmotiv gliedert den Raum| zwischen den Verkehrsfl\u00e4chen und der Verkaufs- und Gastronomiezone der Haupthalle. So entsteht ein Ort der Ruhe, der seine Besucher vor Witterungseinfl\u00fcssen oder zu starker Sonneneinstrahlung sch\u00fctzt und als Sitzbereich des Bistros zum Verweilen und Genie\u00dfen einl\u00e4dt.<\/p>\n<p>Da alle Au\u00dfenfl\u00e4chen des Hauptvolumens mit lasierten Fichtenbrettern belegt sind, erscheinen nur die Zwischenzone des Bogenganges sowie die feinen parabelf\u00f6rmigen Lisenen an der Fassade als Betonoberfl\u00e4chen. Der Innenraum ist mit Wandelementen aus Grobspanplatten ausgekleidet und wird so in Verbindung mit dem sichtbaren Dachtragwerk als geschlossener Holzk\u00f6rper wahrgenommen. Die gro\u00dfe Halle erf\u00e4hrt dadurch eine warme und behagliche Atmosph\u00e4re in der eine angenehme Akustik wirkt.<\/p>\n","protected":false},"excerpt":{"rendered":"<p>Unter Arkaden ruhen und genie\u00dfen. Ein kompakter Bauk\u00f6rper ersetzt den nicht mehr zeitgem\u00e4\u00dfen gro\u00dffl\u00e4chigen Supermarkt in der Mischzone n\u00f6rdlich des Bahnhofs von Rankweil. Der frei gespielte Au\u00dfenraum wird durch sorgf\u00e4ltig gesetzte Bepflanzungen strukturiert, um \u00fcbersichtliche Erschlie\u00dfungswege und ebenerdige Parkm\u00f6glichkeiten zu schaffen. Im massiven Bestand des Untergeschosses sind Technikr\u00e4ume, Personalgarderoben sowie betriebsinterne Tiefgaragenpl\u00e4tze eingerichtet, welche eine [&hellip;]<\/p>\n","protected":false},"featured_media":65293,"template":"","tags":[],"publik":[975],"projekt-art":[957],"projekt-land":[938],"projekt-status":[943],"projekt-kategorie":[946],"projektphase":[],"class_list":["post-56484","projekt","type-projekt","status-publish","has-post-thumbnail","hentry","publik-projektbeschreibung","projekt-art-neubau","projekt-land-oesterreich","projekt-status-fertiggestellt","projekt-kategorie-handel","projektkategorie-gewerbe-handel"],"acf":[],"_links":{"self":[{"href":"https:\/\/www.hkarchitekten.at\/v80\/de\/wp-json\/wp\/v2\/projekt\/56484","targetHints":{"allow":["GET"]}}],"collection":[{"href":"https:\/\/www.hkarchitekten.at\/v80\/de\/wp-json\/wp\/v2\/projekt"}],"about":[{"href":"https:\/\/www.hkarchitekten.at\/v80\/de\/wp-json\/wp\/v2\/types\/projekt"}],"wp:featuredmedia":[{"embeddable":true,"href":"https:\/\/www.hkarchitekten.at\/v80\/de\/wp-json\/wp\/v2\/media\/65293"}],"wp:attachment":[{"href":"https:\/\/www.hkarchitekten.at\/v80\/de\/wp-json\/wp\/v2\/media?parent=56484"}],"wp:term":[{"taxonomy":"post_tag","embeddable":true,"href":"https:\/\/www.hkarchitekten.at\/v80\/de\/wp-json\/wp\/v2\/tags?post=56484"},{"taxonomy":"publik","embeddable":true,"href":"https:\/\/www.hkarchitekten.at\/v80\/de\/wp-json\/wp\/v2\/publik?post=56484"},{"taxonomy":"projekt-art","embeddable":true,"href":"https:\/\/www.hkarchitekten.at\/v80\/de\/wp-json\/wp\/v2\/projekt-art?post=56484"},{"taxonomy":"projekt-land","embeddable":true,"href":"https:\/\/www.hkarchitekten.at\/v80\/de\/wp-json\/wp\/v2\/projekt-land?post=56484"},{"taxonomy":"projekt-status","embeddable":true,"href":"https:\/\/www.hkarchitekten.at\/v80\/de\/wp-json\/wp\/v2\/projekt-status?post=56484"},{"taxonomy":"projekt-kategorie","embeddable":true,"href":"https:\/\/www.hkarchitekten.at\/v80\/de\/wp-json\/wp\/v2\/projekt-kategorie?post=56484"},{"taxonomy":"projektphase","embeddable":true,"href":"https:\/\/www.hkarchitekten.at\/v80\/de\/wp-json\/wp\/v2\/projektphase?post=56484"}],"curies":[{"name":"wp","href":"https:\/\/api.w.org\/{rel}","templated":true}]}}