{"id":59501,"date":"2020-03-27T11:51:04","date_gmt":"2020-03-27T10:51:04","guid":{"rendered":"https:\/\/www.hkarchitekten.at\/?post_type=projekt&#038;p=59501"},"modified":"2025-10-15T12:33:15","modified_gmt":"2025-10-15T10:33:15","slug":"energie-campus-montafon-vandans","status":"publish","type":"projekt","link":"https:\/\/ip217-154-147-205.pbiaas.com\/v80\/de\/projekt\/energie-campus-montafon-vandans\/","title":{"rendered":"energie campus montafon, Vandans"},"content":{"rendered":"<p><strong>Schlichter Kubus voller Leben.<\/strong><\/p>\n<p>Das Betriebsgel\u00e4nde der Illwerke am S\u00fcdufer des Stausees in Vandans wird in einem kontinuierlichen Prozess erneuert und erg\u00e4nzt. Bestehende Fahrzeughallen und Werkst\u00e4tten weichen einem Geb\u00e4ude, das ganz der n\u00e4chsten Generation gewidmet ist und als Ausbildungszentrum f\u00fcr Lehrlinge dient. Der kompakte Bauk\u00f6rper f\u00fcgt sich in das wachsende Ensemble ein und ist durch einen sorgf\u00e4ltig angelegten Park mit dem zentralen Verwaltungsgeb\u00e4ude verbunden.<\/p>\n<p>Auf dem massiven Untergeschoss mit Technik- und Servicezonen wurden vier Etagen in Stahl-Beton Verbundbauweise errichtet. Die Arbeitsr\u00e4ume des Ausbildungszweiges Metalltechnik umfassen die beiden unteren Stockwerke. Ihr Herzst\u00fcck bildet eine doppelgeschossige Maschinenhalle, welche sich gro\u00dffl\u00e4chig nach Norden hin \u00f6ffnet und durch ausgedehnte Galeriebereiche Sichtverbindungen und Kommunikationsachsen schafft. Dar\u00fcber wurden die Schulungsr\u00e4ume der Fachgebiete Elektrotechnik, IT-Technik sowie der kaufm\u00e4nnischen Ausbildung angeordnet, die funktional gegliedert und \u00fcbersichtlich organisiert sind. Im obersten Geschoss legen sich lichte Gemeinschaftsfl\u00e4chen um eine weitl\u00e4ufige Dachterrasse, die freie Blicke in die Berglandschaft erlaubt.|<\/p>\n<p>Bei der Gestaltung der Innenbereiche betont die Wahl von qualitativ hochwertigen, robusten und best\u00e4ndigen Materialien den Werkstatt-Charakter des Geb\u00e4udes. Diese sind nach bester handwerklicher Tradition verarbeitet, teilweise jedoch roh und unbehandelt belassen, um Herstellungs- und Gebrauchsspuren bewusst zu zeigen.<\/p>\n<p>Die Au\u00dfenhaut ist aus Holzelementen gef\u00fcgt und mit einer vertikalen Schalung aus vorvergrauten Fichtenbrettern belegt. Durchlaufende Lisenen aus Brettschichtholz rhythmisieren die schlichten Fassaden, w\u00e4hrend der eingeschobene Sichtbetonk\u00f6rper die Erschlie\u00dfungszone hervorhebt und eine klare Adresse formuliert. Die Auszubildenden konnten bei kleineren Aufgaben eigenh\u00e4ndig an den Arbeiten mitwirken und wurden auch aktiv in das <a href=\"https:\/\/blog.illwerkevkw.at\/lehrlinge-verspruehen-kreativitat.htm\">Graffiti-Projekt<\/a> im Rahmen der Kunst am Bau miteinbezogen.<\/p>\n","protected":false},"excerpt":{"rendered":"<p>Schlichter Kubus voller Leben. Das Betriebsgel\u00e4nde der Illwerke am S\u00fcdufer des Stausees in Vandans wird in einem kontinuierlichen Prozess erneuert und erg\u00e4nzt. Bestehende Fahrzeughallen und Werkst\u00e4tten weichen einem Geb\u00e4ude, das ganz der n\u00e4chsten Generation gewidmet ist und als Ausbildungszentrum f\u00fcr Lehrlinge dient. Der kompakte Bauk\u00f6rper f\u00fcgt sich in das wachsende Ensemble ein und ist durch [&hellip;]<\/p>\n","protected":false},"featured_media":68565,"template":"","tags":[],"publik":[975],"projekt-art":[957],"projekt-land":[938],"projekt-status":[943],"projekt-kategorie":[918],"projektphase":[],"class_list":["post-59501","projekt","type-projekt","status-publish","has-post-thumbnail","hentry","publik-projektbeschreibung","projekt-art-neubau","projekt-land-oesterreich","projekt-status-fertiggestellt","projekt-kategorie-bildung","projektkategorie-gewerbe-handel","projektbauherr-illwerke-vkw"],"acf":[],"_links":{"self":[{"href":"https:\/\/ip217-154-147-205.pbiaas.com\/v80\/de\/wp-json\/wp\/v2\/projekt\/59501","targetHints":{"allow":["GET"]}}],"collection":[{"href":"https:\/\/ip217-154-147-205.pbiaas.com\/v80\/de\/wp-json\/wp\/v2\/projekt"}],"about":[{"href":"https:\/\/ip217-154-147-205.pbiaas.com\/v80\/de\/wp-json\/wp\/v2\/types\/projekt"}],"wp:featuredmedia":[{"embeddable":true,"href":"https:\/\/ip217-154-147-205.pbiaas.com\/v80\/de\/wp-json\/wp\/v2\/media\/68565"}],"wp:attachment":[{"href":"https:\/\/ip217-154-147-205.pbiaas.com\/v80\/de\/wp-json\/wp\/v2\/media?parent=59501"}],"wp:term":[{"taxonomy":"post_tag","embeddable":true,"href":"https:\/\/ip217-154-147-205.pbiaas.com\/v80\/de\/wp-json\/wp\/v2\/tags?post=59501"},{"taxonomy":"publik","embeddable":true,"href":"https:\/\/ip217-154-147-205.pbiaas.com\/v80\/de\/wp-json\/wp\/v2\/publik?post=59501"},{"taxonomy":"projekt-art","embeddable":true,"href":"https:\/\/ip217-154-147-205.pbiaas.com\/v80\/de\/wp-json\/wp\/v2\/projekt-art?post=59501"},{"taxonomy":"projekt-land","embeddable":true,"href":"https:\/\/ip217-154-147-205.pbiaas.com\/v80\/de\/wp-json\/wp\/v2\/projekt-land?post=59501"},{"taxonomy":"projekt-status","embeddable":true,"href":"https:\/\/ip217-154-147-205.pbiaas.com\/v80\/de\/wp-json\/wp\/v2\/projekt-status?post=59501"},{"taxonomy":"projekt-kategorie","embeddable":true,"href":"https:\/\/ip217-154-147-205.pbiaas.com\/v80\/de\/wp-json\/wp\/v2\/projekt-kategorie?post=59501"},{"taxonomy":"projektphase","embeddable":true,"href":"https:\/\/ip217-154-147-205.pbiaas.com\/v80\/de\/wp-json\/wp\/v2\/projektphase?post=59501"}],"curies":[{"name":"wp","href":"https:\/\/api.w.org\/{rel}","templated":true}]}}