{"id":59585,"date":"2020-03-30T10:34:31","date_gmt":"2020-03-30T08:34:31","guid":{"rendered":"https:\/\/www.hkarchitekten.at\/?post_type=projekt&#038;p=59585"},"modified":"2026-01-13T11:29:49","modified_gmt":"2026-01-13T10:29:49","slug":"in-der-mellen-mellau","status":"publish","type":"projekt","link":"https:\/\/ip217-154-147-205.pbiaas.com\/v80\/de\/projekt\/in-der-mellen-mellau\/","title":{"rendered":"In der Mellen, Mellau"},"content":{"rendered":"\n<p><strong>Entfaltungsr\u00e4ume f\u00fcr Leben und Arbeit<\/strong><\/p>\n\n\n\n<p>Am Fu\u00dfe des markanten Bergmassivs der Kanisfluh f\u00fcgt sich Mellau selbstbewusst in die landschaftliche, \u00f6konomische und kulturelle Textur des Bregenzerwaldes. Die vom Tourismus gepr\u00e4gte Gemeinde bietet eine ausgewogene Infrastruktur und breit gef\u00e4cherte Naherholungsangebote f\u00fcr Einheimische und G\u00e4ste. In ruhiger, doch verkehrsg\u00fcnstiger Lage n\u00f6rdlich des Dorfkerns wurde ein Bauensemble realisiert, das durch die ganzheitliche Verkn\u00fcpfung von Wohn-, B\u00fcro- und Gewerbenutzung den regionalen Wirtschaftsstandort st\u00e4rkt.<\/p>\n\n\n\n<p>Drei solit\u00e4re Geb\u00e4ude im Passivhaus-Standard erheben sich auf einem gemeinsamen Untergeschoss, das Parkfl\u00e4chen sowie Lager- und Technikr\u00e4ume integriert. Parallel zur Bundesstra\u00dfe entwickelt sich ein langgestrecktes Volumen, das im Parterre die lichten Verkaufs- und Ausstellungsbereiche eines Sportgesch\u00e4fts beherbergt; in den beiden dar\u00fcber liegenden Etagen sind B\u00fcros und Mitarbeiterapartments untergebracht.~<\/p>\n\n\n\n<p>Nach Westen erstrecken sich zwei leicht gegeneinander versetzte, dreigeschossige Bauk\u00f6rper, die als reine Wohngeb\u00e4ude konzipiert sind. Die klug geschnittenen 2- bis 4-Zimmer-Einheiten \u00fcberzeugen durch ihre hochwertige Ausstattung mit Parkettb\u00f6den, dreifach verglasten Fenstern und behaglich gestalteten Loggien, die auch an k\u00fchlen Tagen gesch\u00fctzte Aufenthaltsbereiche bieten. Liftanlagen, gro\u00dfz\u00fcgig dimensionierte Gang- und T\u00fcrbreiten sowie angepasste Wenderadien gew\u00e4hrleisten die barrierefreie Nutzung der gesamten Anlage.<\/p>\n\n\n\n<p>Der hohe Grundwasserstand erforderte die Ausf\u00fchrung des Untergeschosses in wasserdichtem Stahlbeton; verst\u00e4rkte, \u00fcberkragende Bodenplatten und massive W\u00e4nde sichern das Objekt gegen Auftrieb. Die dar\u00fcber liegenden Stockwerke wurden in Hybridbauweise gef\u00fcgt, mit Stahlbetondecken und hochged\u00e4mmten Holztafelelementen an den Fassaden. Oberfl\u00e4chennahe Ringgrabenkollektoren, die eine W\u00e4rmepumpe speisen, erg\u00e4nzt durch eine Exergiemaschine und eine thermische Solaranlage, komplettieren die ma\u00dfgeschneiderte L\u00f6sung innovativer Passivhaus-Technologie.<\/p>\n","protected":false},"excerpt":{"rendered":"<p>Entfaltungsr\u00e4ume f\u00fcr Leben und Arbeit Am Fu\u00dfe des markanten Bergmassivs der Kanisfluh f\u00fcgt sich Mellau selbstbewusst in die landschaftliche, \u00f6konomische und kulturelle Textur des Bregenzerwaldes. Die vom Tourismus gepr\u00e4gte Gemeinde bietet eine ausgewogene Infrastruktur und breit gef\u00e4cherte Naherholungsangebote f\u00fcr Einheimische und G\u00e4ste. In ruhiger, doch verkehrsg\u00fcnstiger Lage n\u00f6rdlich des Dorfkerns wurde ein Bauensemble realisiert, das [&hellip;]<\/p>\n","protected":false},"featured_media":78150,"template":"","tags":[],"publik":[975],"projekt-art":[957],"projekt-land":[938],"projekt-status":[943],"projekt-kategorie":[929,919],"projektphase":[],"class_list":["post-59585","projekt","type-projekt","status-publish","has-post-thumbnail","hentry","publik-projektbeschreibung","projekt-art-neubau","projekt-land-oesterreich","projekt-status-fertiggestellt","projekt-kategorie-mehrfamilienhaus","projekt-kategorie-wohnen","projektkategorie-gewerbe-handel","projektkategorie-mehrfamilienhaus","projektkategorie-sport","projektkategorie-verwaltung"],"acf":[],"_links":{"self":[{"href":"https:\/\/ip217-154-147-205.pbiaas.com\/v80\/de\/wp-json\/wp\/v2\/projekt\/59585","targetHints":{"allow":["GET"]}}],"collection":[{"href":"https:\/\/ip217-154-147-205.pbiaas.com\/v80\/de\/wp-json\/wp\/v2\/projekt"}],"about":[{"href":"https:\/\/ip217-154-147-205.pbiaas.com\/v80\/de\/wp-json\/wp\/v2\/types\/projekt"}],"wp:featuredmedia":[{"embeddable":true,"href":"https:\/\/ip217-154-147-205.pbiaas.com\/v80\/de\/wp-json\/wp\/v2\/media\/78150"}],"wp:attachment":[{"href":"https:\/\/ip217-154-147-205.pbiaas.com\/v80\/de\/wp-json\/wp\/v2\/media?parent=59585"}],"wp:term":[{"taxonomy":"post_tag","embeddable":true,"href":"https:\/\/ip217-154-147-205.pbiaas.com\/v80\/de\/wp-json\/wp\/v2\/tags?post=59585"},{"taxonomy":"publik","embeddable":true,"href":"https:\/\/ip217-154-147-205.pbiaas.com\/v80\/de\/wp-json\/wp\/v2\/publik?post=59585"},{"taxonomy":"projekt-art","embeddable":true,"href":"https:\/\/ip217-154-147-205.pbiaas.com\/v80\/de\/wp-json\/wp\/v2\/projekt-art?post=59585"},{"taxonomy":"projekt-land","embeddable":true,"href":"https:\/\/ip217-154-147-205.pbiaas.com\/v80\/de\/wp-json\/wp\/v2\/projekt-land?post=59585"},{"taxonomy":"projekt-status","embeddable":true,"href":"https:\/\/ip217-154-147-205.pbiaas.com\/v80\/de\/wp-json\/wp\/v2\/projekt-status?post=59585"},{"taxonomy":"projekt-kategorie","embeddable":true,"href":"https:\/\/ip217-154-147-205.pbiaas.com\/v80\/de\/wp-json\/wp\/v2\/projekt-kategorie?post=59585"},{"taxonomy":"projektphase","embeddable":true,"href":"https:\/\/ip217-154-147-205.pbiaas.com\/v80\/de\/wp-json\/wp\/v2\/projektphase?post=59585"}],"curies":[{"name":"wp","href":"https:\/\/api.w.org\/{rel}","templated":true}]}}