{"id":59696,"date":"2020-03-30T15:34:47","date_gmt":"2020-03-30T13:34:47","guid":{"rendered":"https:\/\/www.hkarchitekten.at\/?post_type=projekt&#038;p=59696"},"modified":"2025-07-28T17:19:41","modified_gmt":"2025-07-28T15:19:41","slug":"wettbewerb-schulen-sallerner-berg-regensburg","status":"publish","type":"projekt","link":"https:\/\/www.hkarchitekten.at\/v80\/de\/projekt\/wettbewerb-schulen-sallerner-berg-regensburg\/","title":{"rendered":"Bildungscampus am Sallerner Berg, Regensburg"},"content":{"rendered":"<p><strong>Schule an der Schnittstelle.<\/strong><\/p>\n<p>Am n\u00f6rdlichen Siedlungsrand der historischen Donaumetropole Regensburg soll ein ausgedehnter Schulcampus entstehen. Das Wettbewerbsgrundst\u00fcck liegt im Spannungsfeld zwischen offenem Landschaftsraum und st\u00e4dtischem Wohngebiet an einem S\u00fcdhang mit Orientierung zum Stadtzentrum.<\/p>\n<p>Die Reduktion der Entwurfsprinzipien auf zwei Grundmotive erm\u00f6glicht ein stringentes Projekt, welches sich stark in die urbanistische Situation einbindet. W\u00e4hrend der zentrale Schulhof als Hain mit lichtkronigen B\u00e4umen flie\u00dfend in den weitl\u00e4ufigen Aberdeen Park \u00fcbergeht, werden die architektonischen Schnittstellen durch die Positionierung der einzelnen Bauk\u00f6rper akzentuiert.<\/p>\n<p>Die Jakob-Muth-Schule steht als st\u00e4dtebauliche Kante in Verl\u00e4ngerung der angrenzenden Siedlungsstruktur an der Harzstra\u00dfe. Das langgestreckte, durch Loggien gegliederte Volumen bildet den \u00dcbergang vom Wohngebiet zum Schulareal. Ein weiter, torartiger Durchgang in den Innenhof formuliert eine klare Adresse und bietet eine \u00dcbersicht der verschiedenen Geb\u00e4udeerschlie\u00dfungen.<\/p>\n<p>Die Grundschule wird n\u00f6rdlich davon, parallel in den Hang gesetzt und liegt leicht erh\u00f6ht auf dem Niveau der Hundsr\u00fcckstra\u00dfe. Den \u00f6stlichen Abschluss des Ensembles markiert der rechtwinklig positionierte Bauk\u00f6rper in dem der Kinderhort sowie die SVE zusammengefasst sind. Durch seine Orientierung zur Morgensonne und den vorgelagerten Waldspielplatz bietet er ideale Entfaltungsm\u00f6glichkeiten f\u00fcr die Kleinkinder. Diese Teile des Schulgel\u00e4ndes werden durch einen bepflanzten \u00f6ffentlichen Vorplatz mit Bushaltestelle \u00fcbersichtlich erschlossen.<\/p>\n<p>Die Setzung der Volumina an den Rand des Areals erm\u00f6glicht im Innenraum einen durchgr\u00fcnten, park\u00e4hnlichen Campus. Die Sporthalle mit integrierter Mensa bildet das Herz der Anlage. Vielf\u00e4ltige Blickbeziehungen und gemeinsam nutzbare Aufenthaltsm\u00f6glichkeiten entstehen um den niederen Bauk\u00f6rper. Als gestalterisches Element zieht sich die vorgelagerte Sitztrib\u00fcne bis in die geschoss\u00fcbergreifenden Pausenhallen der beiden Schulen.<\/p>\n<p>&nbsp;<\/p>\n<p>&nbsp;<\/p>\n","protected":false},"excerpt":{"rendered":"<p>Schule an der Schnittstelle. Am n\u00f6rdlichen Siedlungsrand der historischen Donaumetropole Regensburg soll ein ausgedehnter Schulcampus entstehen. Das Wettbewerbsgrundst\u00fcck liegt im Spannungsfeld zwischen offenem Landschaftsraum und st\u00e4dtischem Wohngebiet an einem S\u00fcdhang mit Orientierung zum Stadtzentrum. Die Reduktion der Entwurfsprinzipien auf zwei Grundmotive erm\u00f6glicht ein stringentes Projekt, welches sich stark in die urbanistische Situation einbindet. W\u00e4hrend der [&hellip;]<\/p>\n","protected":false},"featured_media":66525,"template":"","tags":[],"publik":[975],"projekt-art":[972],"projekt-land":[939],"projekt-status":[943],"projekt-kategorie":[918],"projektphase":[],"class_list":["post-59696","projekt","type-projekt","status-publish","has-post-thumbnail","hentry","publik-projektbeschreibung","projekt-art-wettbewerb","projekt-land-deutschland","projekt-status-fertiggestellt","projekt-kategorie-bildung","projektkategorie-wettbewerbe"],"acf":[],"_links":{"self":[{"href":"https:\/\/www.hkarchitekten.at\/v80\/de\/wp-json\/wp\/v2\/projekt\/59696","targetHints":{"allow":["GET"]}}],"collection":[{"href":"https:\/\/www.hkarchitekten.at\/v80\/de\/wp-json\/wp\/v2\/projekt"}],"about":[{"href":"https:\/\/www.hkarchitekten.at\/v80\/de\/wp-json\/wp\/v2\/types\/projekt"}],"wp:featuredmedia":[{"embeddable":true,"href":"https:\/\/www.hkarchitekten.at\/v80\/de\/wp-json\/wp\/v2\/media\/66525"}],"wp:attachment":[{"href":"https:\/\/www.hkarchitekten.at\/v80\/de\/wp-json\/wp\/v2\/media?parent=59696"}],"wp:term":[{"taxonomy":"post_tag","embeddable":true,"href":"https:\/\/www.hkarchitekten.at\/v80\/de\/wp-json\/wp\/v2\/tags?post=59696"},{"taxonomy":"publik","embeddable":true,"href":"https:\/\/www.hkarchitekten.at\/v80\/de\/wp-json\/wp\/v2\/publik?post=59696"},{"taxonomy":"projekt-art","embeddable":true,"href":"https:\/\/www.hkarchitekten.at\/v80\/de\/wp-json\/wp\/v2\/projekt-art?post=59696"},{"taxonomy":"projekt-land","embeddable":true,"href":"https:\/\/www.hkarchitekten.at\/v80\/de\/wp-json\/wp\/v2\/projekt-land?post=59696"},{"taxonomy":"projekt-status","embeddable":true,"href":"https:\/\/www.hkarchitekten.at\/v80\/de\/wp-json\/wp\/v2\/projekt-status?post=59696"},{"taxonomy":"projekt-kategorie","embeddable":true,"href":"https:\/\/www.hkarchitekten.at\/v80\/de\/wp-json\/wp\/v2\/projekt-kategorie?post=59696"},{"taxonomy":"projektphase","embeddable":true,"href":"https:\/\/www.hkarchitekten.at\/v80\/de\/wp-json\/wp\/v2\/projektphase?post=59696"}],"curies":[{"name":"wp","href":"https:\/\/api.w.org\/{rel}","templated":true}]}}