{"id":61986,"date":"2020-11-17T09:07:49","date_gmt":"2020-11-17T08:07:49","guid":{"rendered":"https:\/\/www.hkarchitekten.at\/?post_type=projekt&#038;p=61986"},"modified":"2025-07-28T17:19:58","modified_gmt":"2025-07-28T15:19:58","slug":"icampus-werksviertel-muenchen","status":"publish","type":"projekt","link":"https:\/\/www.hkarchitekten.at\/v80\/de\/projekt\/icampus-werksviertel-muenchen\/","title":{"rendered":"iCampus Werksviertel, M\u00fcnchen"},"content":{"rendered":"<p><strong>Selbstbewusste Pr\u00e4senz im urbanen Gef\u00fcge.<\/strong><\/p>\n<p>Ein Stadtquartier f\u00fcr Wohnen, Arbeit und Kultur entsteht auf rund 40 Hektar im historischen Industriegebiet des Werksviertels in M\u00fcnchen. Im n\u00f6rdlichen Teil des Areals wird der iCampus entwickelt, in welchem das geplante B\u00fcrogeb\u00e4ude eine wichtige Position als st\u00e4dtebaulicher Abschluss und Verbindungsgelenk zum Bestand einnimmt.<\/p>\n<p>Das Einr\u00fccken der Erdgeschosszone erm\u00f6glicht einen gro\u00dfz\u00fcgigen \u00f6ffentlichen Durchgang von den Technologiezentren zum iCampus-Park und schafft qualit\u00e4tsvolle Freibereiche. Eine zentrale Lobby bindet als lichtdurchflutete Achse den Gr\u00fcnraum an das n\u00f6rdliche Kommunikationsband an und gew\u00e4hrt Zugang zu den drei Hauptstr\u00e4ngen der vertikalen Erschlie\u00dfung. Deren Anordnung erlaubt bis zu sechs voneinander unabh\u00e4ngige B\u00fcrostrukturen pro Regelgeschoss, die sowohl horizontal wie auch vertikal flexibel miteinander verbunden werden k\u00f6nnen. Die strukturelle Basis dieser in Holzbauweise gef\u00fcgten Stockwerke bilden zwei massive Tiefgaragenebenen und das Erdgeschoss aus Sichtbeton. In der Eingangshalle, die sich \u00fcber zwei Etagen erstreckt, wird der Materialwechsel bewusst thematisiert und inszeniert.<\/p>\n<p>Die Lasten der vorgefertigten Verbunddecken werden durch Unterz\u00fcge und St\u00fctzen aus Buchenholz weitergeleitet, w\u00e4hrend die Geb\u00e4udeaussteifung ausschlie\u00dflich \u00fcber die Erschlie\u00dfungskerne aus Stahlbeton erfolgt. Die Wahl einer Mischbauweise erlaubt schnelle Montagephasen ab der Fertigstellung der massiven Geb\u00e4udeteile, vermeidet jedoch komplexe Anschlussdetails der Holzkonstruktion ins Erdreich. Die fein strukturierte Fassade aus Metall und Glas gew\u00e4hrt freie Einblicke auf die sichtbar gef\u00fcgte Struktur im Inneren, deren warmer, nat\u00fcrlicher Farbton die selbstbewusste Pr\u00e4senz des Bauwerkes im dichten urbanen Gef\u00fcge der Umgebung st\u00e4rkt.<\/p>\n<p>Auf Grund die thermisch hochwertige Geb\u00e4udeh\u00fclle kann das Projekt im Passivhausstandard ausgef\u00fchrt werden. Es verf\u00fcgt \u00fcber eine kontrollierte Be- und Entl\u00fcftungsanlage, die W\u00e4rme- und Feuchte durch einen Rotationstauscher r\u00fcckgewinnt.<\/p>\n","protected":false},"excerpt":{"rendered":"<p>Selbstbewusste Pr\u00e4senz im urbanen Gef\u00fcge. Ein Stadtquartier f\u00fcr Wohnen, Arbeit und Kultur entsteht auf rund 40 Hektar im historischen Industriegebiet des Werksviertels in M\u00fcnchen. Im n\u00f6rdlichen Teil des Areals wird der iCampus entwickelt, in welchem das geplante B\u00fcrogeb\u00e4ude eine wichtige Position als st\u00e4dtebaulicher Abschluss und Verbindungsgelenk zum Bestand einnimmt. Das Einr\u00fccken der Erdgeschosszone erm\u00f6glicht einen [&hellip;]<\/p>\n","protected":false},"featured_media":61982,"template":"","tags":[],"publik":[975],"projekt-art":[972],"projekt-land":[939],"projekt-status":[943],"projekt-kategorie":[920,948,929,919],"projektphase":[],"class_list":["post-61986","projekt","type-projekt","status-publish","has-post-thumbnail","hentry","publik-projektbeschreibung","projekt-art-wettbewerb","projekt-land-deutschland","projekt-status-fertiggestellt","projekt-kategorie-arbeit","projekt-kategorie-gewerbe","projekt-kategorie-mehrfamilienhaus","projekt-kategorie-wohnen","projektkategorie-wettbewerbe"],"acf":[],"_links":{"self":[{"href":"https:\/\/www.hkarchitekten.at\/v80\/de\/wp-json\/wp\/v2\/projekt\/61986","targetHints":{"allow":["GET"]}}],"collection":[{"href":"https:\/\/www.hkarchitekten.at\/v80\/de\/wp-json\/wp\/v2\/projekt"}],"about":[{"href":"https:\/\/www.hkarchitekten.at\/v80\/de\/wp-json\/wp\/v2\/types\/projekt"}],"wp:featuredmedia":[{"embeddable":true,"href":"https:\/\/www.hkarchitekten.at\/v80\/de\/wp-json\/wp\/v2\/media\/61982"}],"wp:attachment":[{"href":"https:\/\/www.hkarchitekten.at\/v80\/de\/wp-json\/wp\/v2\/media?parent=61986"}],"wp:term":[{"taxonomy":"post_tag","embeddable":true,"href":"https:\/\/www.hkarchitekten.at\/v80\/de\/wp-json\/wp\/v2\/tags?post=61986"},{"taxonomy":"publik","embeddable":true,"href":"https:\/\/www.hkarchitekten.at\/v80\/de\/wp-json\/wp\/v2\/publik?post=61986"},{"taxonomy":"projekt-art","embeddable":true,"href":"https:\/\/www.hkarchitekten.at\/v80\/de\/wp-json\/wp\/v2\/projekt-art?post=61986"},{"taxonomy":"projekt-land","embeddable":true,"href":"https:\/\/www.hkarchitekten.at\/v80\/de\/wp-json\/wp\/v2\/projekt-land?post=61986"},{"taxonomy":"projekt-status","embeddable":true,"href":"https:\/\/www.hkarchitekten.at\/v80\/de\/wp-json\/wp\/v2\/projekt-status?post=61986"},{"taxonomy":"projekt-kategorie","embeddable":true,"href":"https:\/\/www.hkarchitekten.at\/v80\/de\/wp-json\/wp\/v2\/projekt-kategorie?post=61986"},{"taxonomy":"projektphase","embeddable":true,"href":"https:\/\/www.hkarchitekten.at\/v80\/de\/wp-json\/wp\/v2\/projektphase?post=61986"}],"curies":[{"name":"wp","href":"https:\/\/api.w.org\/{rel}","templated":true}]}}