{"id":65640,"date":"2021-11-09T08:46:08","date_gmt":"2021-11-09T07:46:08","guid":{"rendered":"https:\/\/www.hkarchitekten.at\/?post_type=projekt&#038;p=65640"},"modified":"2025-07-28T17:20:11","modified_gmt":"2025-07-28T15:20:11","slug":"wohnhochhaus-in-holz-grieser-auen-bozen","status":"publish","type":"projekt","link":"https:\/\/www.hkarchitekten.at\/v80\/de\/projekt\/wohnhochhaus-in-holz-grieser-auen-bozen\/","title":{"rendered":"Wohnhochhaus in Holz &#8211; Grieser Auen, Bozen"},"content":{"rendered":"<p><strong>Vertikaler Garten im Neubauquartier.<\/strong><\/p>\n<p>Am nordwestlichen Siedlungsraum von Bozen nimmt das neue Stadtviertel &#8218;Grieser Auen&#8216; Gestalt an. Hier soll ein kompaktes, 11-gescho\u00dfiges Wohnhochhaus mit verschiedenen Grundrisstypen entstehen. Die Parzelle grenzt an einen ausgedehnten Gr\u00fcnstreifen, in dem der Spielplatz des nahen Kindergartens sowie ein Fu\u00dfballfeld Platz finden. Auf dem einladend gestalteten Vorplatz sind schattige Pflanzeninseln angelegt, zu denen sich die zweist\u00f6ckig ausgebildeten Laubeng\u00e4nge orientieren, welche die Erschlie\u00dfungsbereiche im S\u00fcdosten des Bauk\u00f6rpers umfassen.<\/p>\n<p>Diese \u00fcberdachten Freir\u00e4ume bilden einen witterungsgesch\u00fctzten Ort der Begegnung und dienen als Filterzone f\u00fcr die Nutzer des Quartiertreffs, der in den beiden Sockelgescho\u00dfen eingerichtet ist. Sowohl der gemeinschaftliche Bewegungsraum, das Lesezimmer mit Verbindung zum dar\u00fcber liegenden Aufenthaltsbereich wie auch das B\u00fcro des K\u00fcmmerers sind f\u00fcr die Bewohner der gesamten Siedlung \u00f6ffentlich zug\u00e4nglich.<\/p>\n<p>Im Westen f\u00fchrt hingegen ein privater Eingang durch ein kleines Foyer ins Treppenhaus mit Lift, das die neun Regelgescho\u00dfe mit jeweils vier unterschiedlichen Wohnungstypen erschlie\u00dft. Jedes Apartment verfu\u0308gt u\u0308ber eine gro\u00dfz\u00fcgig ausgebildete Eckloggia mit Blumentr\u00f6gen, die bereits in die Br\u00fcstung eingelassen sind. Der \u00fcppig bepflanzte Dachgarten ist als gesch\u00fctzte Erholungszone der Hausgemeinschaft vorbehalten, er tritt jedoch in einen visuellen Dialog mit dem begr\u00fcnten Sockelbereich. Durch das Fugenbild der hinterl\u00fcfteten Aluminiumfassade und die stehenden Fensterformate wird die Vertikalit\u00e4t der Baustruktur betont.<\/p>\n<p>Die einzelnen Wohneinheiten sind in Holzbauweise ausgef\u00fchrt und entwickeln sich um den zentralen Erschlie\u00dfungskern aus Stahlbeton. Die u\u0308berwiegend vorgefertigten Bauteile \u00fcberzeugen durch ihre ressourcenschonende Herstellung wie auch durch eine signifikante Verk\u00fcrzung der Bauzeit. Die Module m\u00fcssen vor Ort nur mehr montiert werden, wodurch die L\u00e4rm- und Schmutzbelastung f\u00fcr das Umfeld minimiert wird.<\/p>\n","protected":false},"excerpt":{"rendered":"<p>Vertikaler Garten im Neubauquartier. Am nordwestlichen Siedlungsraum von Bozen nimmt das neue Stadtviertel &#8218;Grieser Auen&#8216; Gestalt an. Hier soll ein kompaktes, 11-gescho\u00dfiges Wohnhochhaus mit verschiedenen Grundrisstypen entstehen. Die Parzelle grenzt an einen ausgedehnten Gr\u00fcnstreifen, in dem der Spielplatz des nahen Kindergartens sowie ein Fu\u00dfballfeld Platz finden. Auf dem einladend gestalteten Vorplatz sind schattige Pflanzeninseln angelegt, [&hellip;]<\/p>\n","protected":false},"featured_media":65647,"template":"","tags":[],"publik":[975],"projekt-art":[972],"projekt-land":[1012],"projekt-status":[943],"projekt-kategorie":[929,919],"projektphase":[],"class_list":["post-65640","projekt","type-projekt","status-publish","has-post-thumbnail","hentry","publik-projektbeschreibung","projekt-art-wettbewerb","projekt-land-italien","projekt-status-fertiggestellt","projekt-kategorie-mehrfamilienhaus","projekt-kategorie-wohnen","projektkategorie-wettbewerbe"],"acf":[],"_links":{"self":[{"href":"https:\/\/www.hkarchitekten.at\/v80\/de\/wp-json\/wp\/v2\/projekt\/65640","targetHints":{"allow":["GET"]}}],"collection":[{"href":"https:\/\/www.hkarchitekten.at\/v80\/de\/wp-json\/wp\/v2\/projekt"}],"about":[{"href":"https:\/\/www.hkarchitekten.at\/v80\/de\/wp-json\/wp\/v2\/types\/projekt"}],"wp:featuredmedia":[{"embeddable":true,"href":"https:\/\/www.hkarchitekten.at\/v80\/de\/wp-json\/wp\/v2\/media\/65647"}],"wp:attachment":[{"href":"https:\/\/www.hkarchitekten.at\/v80\/de\/wp-json\/wp\/v2\/media?parent=65640"}],"wp:term":[{"taxonomy":"post_tag","embeddable":true,"href":"https:\/\/www.hkarchitekten.at\/v80\/de\/wp-json\/wp\/v2\/tags?post=65640"},{"taxonomy":"publik","embeddable":true,"href":"https:\/\/www.hkarchitekten.at\/v80\/de\/wp-json\/wp\/v2\/publik?post=65640"},{"taxonomy":"projekt-art","embeddable":true,"href":"https:\/\/www.hkarchitekten.at\/v80\/de\/wp-json\/wp\/v2\/projekt-art?post=65640"},{"taxonomy":"projekt-land","embeddable":true,"href":"https:\/\/www.hkarchitekten.at\/v80\/de\/wp-json\/wp\/v2\/projekt-land?post=65640"},{"taxonomy":"projekt-status","embeddable":true,"href":"https:\/\/www.hkarchitekten.at\/v80\/de\/wp-json\/wp\/v2\/projekt-status?post=65640"},{"taxonomy":"projekt-kategorie","embeddable":true,"href":"https:\/\/www.hkarchitekten.at\/v80\/de\/wp-json\/wp\/v2\/projekt-kategorie?post=65640"},{"taxonomy":"projektphase","embeddable":true,"href":"https:\/\/www.hkarchitekten.at\/v80\/de\/wp-json\/wp\/v2\/projektphase?post=65640"}],"curies":[{"name":"wp","href":"https:\/\/api.w.org\/{rel}","templated":true}]}}