{"id":65655,"date":"2021-11-15T13:59:34","date_gmt":"2021-11-15T12:59:34","guid":{"rendered":"https:\/\/www.hkarchitekten.at\/?post_type=projekt&#038;p=65655"},"modified":"2025-07-28T17:20:13","modified_gmt":"2025-07-28T15:20:13","slug":"erweiterung-bundeswehrkindergarten-ulm","status":"publish","type":"projekt","link":"https:\/\/www.hkarchitekten.at\/v80\/de\/projekt\/erweiterung-bundeswehrkindergarten-ulm\/","title":{"rendered":"Erweiterung Bundeswehrkindergarten, Ulm"},"content":{"rendered":"<p><strong>Erg\u00e4nzung in der Logik des Bestandes.<\/strong><\/p>\n<p>Am n\u00f6rdlichen Siedlungsrand der baden-w\u00fcrttembergischen Universit\u00e4tsstadt Ulm erstreckt sich das Gel\u00e4nde des Bundeswehrkrankenhauses. Die bestehende Kita mit 50 Betreuungspl\u00e4tzen wurde im Jahr 2015 als eingescho\u00dfiger Holzbau errichtet und soll nun f\u00fcr zwei weitere Gruppen mit jeweils 30 Kindern ausgebaut werden. Wichtige Kriterien f\u00fcr die Entwicklung des neuen Volumens waren, die st\u00e4dtebauliche Freiform des Bestandes innerhalb der orthogonalen Campusstruktur zu st\u00e4rken und die konsequente Fortf\u00fchrung des urspr\u00fcnglichen Entwurfsgedankens mit minimalen Eingriffen umzusetzen.<\/p>\n<p>Die bedachte Setzung der Erweiterung erm\u00f6glicht es, die Nordwestfassade zu einer ansprechenden Erschlie\u00dfungsspange umzugestalten. Die Vordachzone wird durch einfache Ma\u00dfnahmen zu einem einladenden Laubengang erg\u00e4nzt, dessen Abschluss eine Veranda mit Sitzm\u00f6glichkeiten bildet. Die B\u00fcndelung der Erschlie\u00dfungswege als R\u00fcckgrat der Baustruktur schafft die Voraussetzung, um den Au\u00dfenraum im S\u00fcdosten als ungest\u00f6rte Spielwiese zu nutzen. Dieser wird durch die gemeinsame Mitte mit sonnendurchfluteter Terrasse und schattenspendendem Hofbaum aufgewertet, um allen Kindern optimale Entfaltungsm\u00f6glichkeiten zu bieten.<\/p>\n<p>Die innere Wegf\u00fchrung und Organisation entsprechen der Logik des Bestandes. Eine zentrale Sichtachse vom Eingangsbereich zum Mehrzweckraum gew\u00e4hrt freie Durchblicke zum Gr\u00fcnraum im Osten der Anlage. Der Spielflur weitet sich zu einem lichten Essbereich und m\u00fcndet schlie\u00dflich in die Garderobenzone, von wo aus die Gruppen- und Nebenr\u00e4ume erschlossen werden. Die T\u00fcren und W\u00e4nde sind gro\u00dfz\u00fcgig verglast und mit Einbaum\u00f6beln kombiniert, wobei Fenster, Wandt\u00e4fer und Decken aus naturbelassenem Tannenholz f\u00fcr eine behagliche Atmosph\u00e4re sorgen.<\/p>\n<p>Eine Konstruktion aus leimfrei gef\u00fcgten Brettstapelelementen f\u00fcr W\u00e4nde und Decken gew\u00e4hrt einfache Bauprozesse, die Bodenplatte wird aus Recyclingbeton gegossen. Das Flachdach ist extensiv begr\u00fcnt und bildet gro\u00dfz\u00fcgige Auskragungen als konstruktiven Sonnenschutz.<\/p>\n","protected":false},"excerpt":{"rendered":"<p>Erg\u00e4nzung in der Logik des Bestandes. Am n\u00f6rdlichen Siedlungsrand der baden-w\u00fcrttembergischen Universit\u00e4tsstadt Ulm erstreckt sich das Gel\u00e4nde des Bundeswehrkrankenhauses. Die bestehende Kita mit 50 Betreuungspl\u00e4tzen wurde im Jahr 2015 als eingescho\u00dfiger Holzbau errichtet und soll nun f\u00fcr zwei weitere Gruppen mit jeweils 30 Kindern ausgebaut werden. Wichtige Kriterien f\u00fcr die Entwicklung des neuen Volumens waren, [&hellip;]<\/p>\n","protected":false},"featured_media":65882,"template":"","tags":[],"publik":[975],"projekt-art":[973,974,972],"projekt-land":[939],"projekt-status":[943],"projekt-kategorie":[918],"projektphase":[],"class_list":["post-65655","projekt","type-projekt","status-publish","has-post-thumbnail","hentry","publik-projektbeschreibung","projekt-art-ausgefuehrt","projekt-art-preistraeger","projekt-art-wettbewerb","projekt-land-deutschland","projekt-status-fertiggestellt","projekt-kategorie-bildung","projektkategorie-wettbewerbe"],"acf":[],"_links":{"self":[{"href":"https:\/\/www.hkarchitekten.at\/v80\/de\/wp-json\/wp\/v2\/projekt\/65655","targetHints":{"allow":["GET"]}}],"collection":[{"href":"https:\/\/www.hkarchitekten.at\/v80\/de\/wp-json\/wp\/v2\/projekt"}],"about":[{"href":"https:\/\/www.hkarchitekten.at\/v80\/de\/wp-json\/wp\/v2\/types\/projekt"}],"wp:featuredmedia":[{"embeddable":true,"href":"https:\/\/www.hkarchitekten.at\/v80\/de\/wp-json\/wp\/v2\/media\/65882"}],"wp:attachment":[{"href":"https:\/\/www.hkarchitekten.at\/v80\/de\/wp-json\/wp\/v2\/media?parent=65655"}],"wp:term":[{"taxonomy":"post_tag","embeddable":true,"href":"https:\/\/www.hkarchitekten.at\/v80\/de\/wp-json\/wp\/v2\/tags?post=65655"},{"taxonomy":"publik","embeddable":true,"href":"https:\/\/www.hkarchitekten.at\/v80\/de\/wp-json\/wp\/v2\/publik?post=65655"},{"taxonomy":"projekt-art","embeddable":true,"href":"https:\/\/www.hkarchitekten.at\/v80\/de\/wp-json\/wp\/v2\/projekt-art?post=65655"},{"taxonomy":"projekt-land","embeddable":true,"href":"https:\/\/www.hkarchitekten.at\/v80\/de\/wp-json\/wp\/v2\/projekt-land?post=65655"},{"taxonomy":"projekt-status","embeddable":true,"href":"https:\/\/www.hkarchitekten.at\/v80\/de\/wp-json\/wp\/v2\/projekt-status?post=65655"},{"taxonomy":"projekt-kategorie","embeddable":true,"href":"https:\/\/www.hkarchitekten.at\/v80\/de\/wp-json\/wp\/v2\/projekt-kategorie?post=65655"},{"taxonomy":"projektphase","embeddable":true,"href":"https:\/\/www.hkarchitekten.at\/v80\/de\/wp-json\/wp\/v2\/projektphase?post=65655"}],"curies":[{"name":"wp","href":"https:\/\/api.w.org\/{rel}","templated":true}]}}