{"id":68322,"date":"2022-07-20T11:16:52","date_gmt":"2022-07-20T09:16:52","guid":{"rendered":"https:\/\/www.hkarchitekten.at\/?post_type=projekt&#038;p=68322"},"modified":"2025-10-15T11:34:06","modified_gmt":"2025-10-15T09:34:06","slug":"neubaugasse-lauterach","status":"publish","type":"projekt","link":"https:\/\/www.hkarchitekten.at\/v80\/de\/projekt\/neubaugasse-lauterach\/","title":{"rendered":"Neubaugasse, Lauterach"},"content":{"rendered":"\n<p><strong>Verdichtung mit Augenma\u00df<\/strong><\/p>\n\n\n\n<p>Das engmaschig gewirkte Siedlungsgeflecht des Vorarlberger Rheintales wird von Ackerland, Obstwiesen und G\u00e4rten durchgr\u00fcnt. Im Rahmen einer nachhaltigen Raumplanung erfolgt die behutsame bauliche Verdichtung, um den urspr\u00fcnglichen Charakter der gewachsenen Mischquartiere zu bewahren. In diesem Sinne entstand im Nordwesten der Marktgemeinde Lauterach eine familienfreundliche und kosteng\u00fcnstige Wohnanlage auf dem Grund der Pfarre im Baurecht.<\/p>\n\n\n\n<p>Drei kompakt konzipierte Volumen f\u00fcgen sich als kleines Ensemble in die nachbarschaftliche Bebauungsstruktur zwischen der beschaulichen Neubaugasse und der Hauptverkehrsachse der Harderstra\u00dfe. Die Geb\u00e4ude wurden hinsichtlich der Besonnung wie auch der Erschlie\u00dfung und Durchwegung des Areals mit Bedacht gesetzt, um qualitativ hochwertige, verkehrsfreie Au\u00dfenr\u00e4ume zu schaffen.|<\/p>\n\n\n\n<p>Die Tragstruktur aus Stahlbeton wird von vorgefertigten Holzrahmenelementen umh\u00fcllt, die durch Stahlst\u00fctzen statisch verst\u00e4rkt und mit fein gearbeiteten Fichtenbrettern verschalt sind. Die Ausf\u00fchrung in Niedrigenergiebauweise mit Solaranlage und Grundwasser-W\u00e4rmepumpe garantiert nicht nur die Behaglichkeit der Bewohner, sondern auch die Zukunftsf\u00e4higkeit f\u00fcr nachfolgende Generationen.<br><\/p>\n","protected":false},"excerpt":{"rendered":"<p>Verdichtung mit Augenma\u00df Das engmaschig gewirkte Siedlungsgeflecht des Vorarlberger Rheintales wird von Ackerland, Obstwiesen und G\u00e4rten durchgr\u00fcnt. Im Rahmen einer nachhaltigen Raumplanung erfolgt die behutsame bauliche Verdichtung, um den urspr\u00fcnglichen Charakter der gewachsenen Mischquartiere zu bewahren. In diesem Sinne entstand im Nordwesten der Marktgemeinde Lauterach eine familienfreundliche und kosteng\u00fcnstige Wohnanlage auf dem Grund der Pfarre [&hellip;]<\/p>\n","protected":false},"featured_media":74262,"template":"","tags":[],"publik":[975],"projekt-art":[957],"projekt-land":[938],"projekt-status":[943],"projekt-kategorie":[929,919],"projektphase":[],"class_list":["post-68322","projekt","type-projekt","status-publish","has-post-thumbnail","hentry","publik-projektbeschreibung","projekt-art-neubau","projekt-land-oesterreich","projekt-status-fertiggestellt","projekt-kategorie-mehrfamilienhaus","projekt-kategorie-wohnen","projektkategorie-mehrfamilienhaus"],"acf":[],"_links":{"self":[{"href":"https:\/\/www.hkarchitekten.at\/v80\/de\/wp-json\/wp\/v2\/projekt\/68322","targetHints":{"allow":["GET"]}}],"collection":[{"href":"https:\/\/www.hkarchitekten.at\/v80\/de\/wp-json\/wp\/v2\/projekt"}],"about":[{"href":"https:\/\/www.hkarchitekten.at\/v80\/de\/wp-json\/wp\/v2\/types\/projekt"}],"wp:featuredmedia":[{"embeddable":true,"href":"https:\/\/www.hkarchitekten.at\/v80\/de\/wp-json\/wp\/v2\/media\/74262"}],"wp:attachment":[{"href":"https:\/\/www.hkarchitekten.at\/v80\/de\/wp-json\/wp\/v2\/media?parent=68322"}],"wp:term":[{"taxonomy":"post_tag","embeddable":true,"href":"https:\/\/www.hkarchitekten.at\/v80\/de\/wp-json\/wp\/v2\/tags?post=68322"},{"taxonomy":"publik","embeddable":true,"href":"https:\/\/www.hkarchitekten.at\/v80\/de\/wp-json\/wp\/v2\/publik?post=68322"},{"taxonomy":"projekt-art","embeddable":true,"href":"https:\/\/www.hkarchitekten.at\/v80\/de\/wp-json\/wp\/v2\/projekt-art?post=68322"},{"taxonomy":"projekt-land","embeddable":true,"href":"https:\/\/www.hkarchitekten.at\/v80\/de\/wp-json\/wp\/v2\/projekt-land?post=68322"},{"taxonomy":"projekt-status","embeddable":true,"href":"https:\/\/www.hkarchitekten.at\/v80\/de\/wp-json\/wp\/v2\/projekt-status?post=68322"},{"taxonomy":"projekt-kategorie","embeddable":true,"href":"https:\/\/www.hkarchitekten.at\/v80\/de\/wp-json\/wp\/v2\/projekt-kategorie?post=68322"},{"taxonomy":"projektphase","embeddable":true,"href":"https:\/\/www.hkarchitekten.at\/v80\/de\/wp-json\/wp\/v2\/projektphase?post=68322"}],"curies":[{"name":"wp","href":"https:\/\/api.w.org\/{rel}","templated":true}]}}