{"id":69287,"date":"2022-10-14T17:58:41","date_gmt":"2022-10-14T15:58:41","guid":{"rendered":"https:\/\/www.hkarchitekten.at\/v71\/?post_type=projekt&#038;p=69287"},"modified":"2026-01-20T11:16:44","modified_gmt":"2026-01-20T10:16:44","slug":"wohnquartier-haelin-langen-bei-bregenz","status":"publish","type":"projekt","link":"https:\/\/ip217-154-147-205.pbiaas.com\/v80\/de\/projekt\/wohnquartier-haelin-langen-bei-bregenz\/","title":{"rendered":"Wohnquartier H\u00e4lin, Langen bei Bregenz"},"content":{"rendered":"\n<p><strong>Herausforderungen und Potentiale<\/strong><\/p>\n\n\n\n<p>Am S\u00fcdhang des Pf\u00e4nderstocks erstreckt sich das Stra\u00dfendorf Langen bei Bregenz, an dessen \u00f6stlichem Siedlungsrand ein hochwertiges Wohnensemble errichtet werden soll. Die Herausforderungen, aber auch Potenziale des Baugrundes resultieren aus seiner spezifischen Lage und deren topografischen Gegebenheiten. Die angrenzende Hauptstra\u00dfe ist verkehrsreich, gew\u00e4hrt aber eine optimale Erschlie\u00dfung, w\u00e4hrend sich das steile Gef\u00e4lle zwar als bautechnisch anspruchsvoll erweist, jedoch eine privilegierte Panoramaperspektive er\u00f6ffnet.<br>Die Wertsch\u00e4tzung und Bewahrung des nat\u00fcrlichen Landschaftscharakters bilden eine Pr\u00e4misse des st\u00e4dtebaulichen Konzeptes. So wird das Bauvolumen auf drei ausgewogen proportionierte Geb\u00e4ude verteilt, deren Setzung dem Gela\u0308ndeverlauf folgt, wobei durchdacht choreografierte Zwischenr\u00e4ume die H\u00f6henentwicklung sp\u00fcrbar machen. Die Zufahrt verl\u00e4uft als klarer Einschnitt im Terrain, um eine deutliche Adressbildung fu\u0308r Bewohner und Besucher zu formulieren. Sie f\u00fchrt sowohl in die Tiefgarage als auch zu den \u00f6ffentlichen Parkpl\u00e4tzen, von welchen aus ein Wegenetz entlang sorgf\u00e4ltig gestalteter Begegnungsr\u00e4ume zu den Wohnh\u00e4usern verl\u00e4uft.<br>Die Grundrisse der einzelnen Stockwerke organisieren sich als Dreisp\u00e4nner mit spiegelbildlich angeordneten 2- bis 3-Zimmer-Wohnungen, die Erdgeschosse werden der Hanglage entsprechend angepasst. Jede Einheit orientiert sich \u00fcber gro\u00dfformatige \u00d6ffnungen nach S\u00fcden zu einem gedeckten privaten Au\u00dfenraum, von dem aus die Bewohner weite Blicke in die Berglandschaft genie\u00dfen. Die Positionierung und volumetrische Gestaltung der erdber\u00fchrten Geb\u00e4udeteile werden unter dem Gesichtspunkt gew\u00e4hlt, die erforderlichen Ma\u00dfnahmen zur Hangsicherung und zum Aushub zu minimieren. Die dar\u00fcber errichtete Struktur ist aus fl\u00e4chigen Massivholzelementen in Diagonal-D\u00fcbelholz-Bauweise mit einem Achsraster von maximal 4,40 Metern ausgef\u00fchrt, wobei auf eine konsequent durchdachte Organisation und Konstruktion der Komponenten Wert gelegt wird.<\/p>\n","protected":false},"excerpt":{"rendered":"<p>Herausforderungen und Potentiale Am S\u00fcdhang des Pf\u00e4nderstocks erstreckt sich das Stra\u00dfendorf Langen bei Bregenz, an dessen \u00f6stlichem Siedlungsrand ein hochwertiges Wohnensemble errichtet werden soll. Die Herausforderungen, aber auch Potenziale des Baugrundes resultieren aus seiner spezifischen Lage und deren topografischen Gegebenheiten. Die angrenzende Hauptstra\u00dfe ist verkehrsreich, gew\u00e4hrt aber eine optimale Erschlie\u00dfung, w\u00e4hrend sich das steile Gef\u00e4lle [&hellip;]<\/p>\n","protected":false},"featured_media":92630,"template":"","tags":[],"publik":[975],"projekt-art":[974,972],"projekt-land":[938],"projekt-status":[943],"projekt-kategorie":[929,919],"projektphase":[],"class_list":["post-69287","projekt","type-projekt","status-publish","has-post-thumbnail","hentry","publik-projektbeschreibung","projekt-art-preistraeger","projekt-art-wettbewerb","projekt-land-oesterreich","projekt-status-fertiggestellt","projekt-kategorie-mehrfamilienhaus","projekt-kategorie-wohnen","projektkategorie-wettbewerbe"],"acf":[],"_links":{"self":[{"href":"https:\/\/ip217-154-147-205.pbiaas.com\/v80\/de\/wp-json\/wp\/v2\/projekt\/69287","targetHints":{"allow":["GET"]}}],"collection":[{"href":"https:\/\/ip217-154-147-205.pbiaas.com\/v80\/de\/wp-json\/wp\/v2\/projekt"}],"about":[{"href":"https:\/\/ip217-154-147-205.pbiaas.com\/v80\/de\/wp-json\/wp\/v2\/types\/projekt"}],"wp:featuredmedia":[{"embeddable":true,"href":"https:\/\/ip217-154-147-205.pbiaas.com\/v80\/de\/wp-json\/wp\/v2\/media\/92630"}],"wp:attachment":[{"href":"https:\/\/ip217-154-147-205.pbiaas.com\/v80\/de\/wp-json\/wp\/v2\/media?parent=69287"}],"wp:term":[{"taxonomy":"post_tag","embeddable":true,"href":"https:\/\/ip217-154-147-205.pbiaas.com\/v80\/de\/wp-json\/wp\/v2\/tags?post=69287"},{"taxonomy":"publik","embeddable":true,"href":"https:\/\/ip217-154-147-205.pbiaas.com\/v80\/de\/wp-json\/wp\/v2\/publik?post=69287"},{"taxonomy":"projekt-art","embeddable":true,"href":"https:\/\/ip217-154-147-205.pbiaas.com\/v80\/de\/wp-json\/wp\/v2\/projekt-art?post=69287"},{"taxonomy":"projekt-land","embeddable":true,"href":"https:\/\/ip217-154-147-205.pbiaas.com\/v80\/de\/wp-json\/wp\/v2\/projekt-land?post=69287"},{"taxonomy":"projekt-status","embeddable":true,"href":"https:\/\/ip217-154-147-205.pbiaas.com\/v80\/de\/wp-json\/wp\/v2\/projekt-status?post=69287"},{"taxonomy":"projekt-kategorie","embeddable":true,"href":"https:\/\/ip217-154-147-205.pbiaas.com\/v80\/de\/wp-json\/wp\/v2\/projekt-kategorie?post=69287"},{"taxonomy":"projektphase","embeddable":true,"href":"https:\/\/ip217-154-147-205.pbiaas.com\/v80\/de\/wp-json\/wp\/v2\/projektphase?post=69287"}],"curies":[{"name":"wp","href":"https:\/\/api.w.org\/{rel}","templated":true}]}}