{"id":76042,"date":"2023-11-29T15:41:41","date_gmt":"2023-11-29T14:41:41","guid":{"rendered":"https:\/\/www.hkarchitekten.at\/?post_type=projekt&#038;p=76042"},"modified":"2026-01-13T13:47:19","modified_gmt":"2026-01-13T12:47:19","slug":"holzparkhaus-biz-nuernberg","status":"publish","type":"projekt","link":"https:\/\/ip217-154-147-205.pbiaas.com\/v80\/de\/projekt\/holzparkhaus-biz-nuernberg\/","title":{"rendered":"Holzparkhaus Bauindustriezentrum, N\u00fcrnberg"},"content":{"rendered":"\n<p><strong>Empfang in heiterer Atmosph\u00e4re<\/strong>.<\/p>\n\n\n\n<p>Der Verein f\u00fcr Bauforschung macht seinem Namen alle Ehre. Kein Parkhaus aus schn\u00f6dem Beton, sondern eine lichte Konstruktion in Fichtenholz empf\u00e4ngt die Besucher ihres Bildungszentrums. Am durchgr\u00fcnten Nordrand der bayrischen Kulturmetropole N\u00fcrnberg f\u00fcgt sich das zweist\u00f6ckige Volumen gelassen in das bestehende Ensemble aus Schulungsgeb\u00e4uden, Werkst\u00e4tten und Lagern.<\/p>\n\n\n\n<p>Die tragenden St\u00fctzen gr\u00fcnden auf massiven Fundamenten, die auch die leichte Modulierung des Gel\u00e4ndes aufnehmen. Das Erdgescho\u00df ist mit Betonsteinen ausgelegt, w\u00e4hrend der Asphaltbelag der Erschlie\u00dfungswege \u00fcber eine Betonrampe ins Obergescho\u00df gef\u00fchrt wird, wo D\u00e4mmelemente an der Decke die Schallemissionen d\u00e4mpfen. Die transluzente H\u00fclle aus honigfarbenen L\u00e4rchenh\u00f6lzern verleiht den Innenr\u00e4umen eine heitere Atmosph\u00e4re und sorgt f\u00fcr \u00dcberblick und Sicherheit.<\/p>\n\n\n\n<p><\/p>\n","protected":false},"excerpt":{"rendered":"<p>Empfang in heiterer Atmosph\u00e4re. Der Verein f\u00fcr Bauforschung macht seinem Namen alle Ehre. Kein Parkhaus aus schn\u00f6dem Beton, sondern eine lichte Konstruktion in Fichtenholz empf\u00e4ngt die Besucher ihres Bildungszentrums. Am durchgr\u00fcnten Nordrand der bayrischen Kulturmetropole N\u00fcrnberg f\u00fcgt sich das zweist\u00f6ckige Volumen gelassen in das bestehende Ensemble aus Schulungsgeb\u00e4uden, Werkst\u00e4tten und Lagern. Die tragenden St\u00fctzen gr\u00fcnden [&hellip;]<\/p>\n","protected":false},"featured_media":78408,"template":"","tags":[],"publik":[975],"projekt-art":[957],"projekt-land":[939],"projekt-status":[943],"projekt-kategorie":[954,1263],"projektphase":[],"class_list":["post-76042","projekt","type-projekt","status-publish","has-post-thumbnail","hentry","publik-projektbeschreibung","projekt-art-neubau","projekt-land-deutschland","projekt-status-fertiggestellt","projekt-kategorie-infrastruktur","projekt-kategorie-parkhaus","projektkategorie-gewerbe-handel"],"acf":[],"_links":{"self":[{"href":"https:\/\/ip217-154-147-205.pbiaas.com\/v80\/de\/wp-json\/wp\/v2\/projekt\/76042","targetHints":{"allow":["GET"]}}],"collection":[{"href":"https:\/\/ip217-154-147-205.pbiaas.com\/v80\/de\/wp-json\/wp\/v2\/projekt"}],"about":[{"href":"https:\/\/ip217-154-147-205.pbiaas.com\/v80\/de\/wp-json\/wp\/v2\/types\/projekt"}],"wp:featuredmedia":[{"embeddable":true,"href":"https:\/\/ip217-154-147-205.pbiaas.com\/v80\/de\/wp-json\/wp\/v2\/media\/78408"}],"wp:attachment":[{"href":"https:\/\/ip217-154-147-205.pbiaas.com\/v80\/de\/wp-json\/wp\/v2\/media?parent=76042"}],"wp:term":[{"taxonomy":"post_tag","embeddable":true,"href":"https:\/\/ip217-154-147-205.pbiaas.com\/v80\/de\/wp-json\/wp\/v2\/tags?post=76042"},{"taxonomy":"publik","embeddable":true,"href":"https:\/\/ip217-154-147-205.pbiaas.com\/v80\/de\/wp-json\/wp\/v2\/publik?post=76042"},{"taxonomy":"projekt-art","embeddable":true,"href":"https:\/\/ip217-154-147-205.pbiaas.com\/v80\/de\/wp-json\/wp\/v2\/projekt-art?post=76042"},{"taxonomy":"projekt-land","embeddable":true,"href":"https:\/\/ip217-154-147-205.pbiaas.com\/v80\/de\/wp-json\/wp\/v2\/projekt-land?post=76042"},{"taxonomy":"projekt-status","embeddable":true,"href":"https:\/\/ip217-154-147-205.pbiaas.com\/v80\/de\/wp-json\/wp\/v2\/projekt-status?post=76042"},{"taxonomy":"projekt-kategorie","embeddable":true,"href":"https:\/\/ip217-154-147-205.pbiaas.com\/v80\/de\/wp-json\/wp\/v2\/projekt-kategorie?post=76042"},{"taxonomy":"projektphase","embeddable":true,"href":"https:\/\/ip217-154-147-205.pbiaas.com\/v80\/de\/wp-json\/wp\/v2\/projektphase?post=76042"}],"curies":[{"name":"wp","href":"https:\/\/api.w.org\/{rel}","templated":true}]}}