{"id":77045,"date":"2024-03-11T14:07:22","date_gmt":"2024-03-11T13:07:22","guid":{"rendered":"https:\/\/www.hkarchitekten.at\/?post_type=projekt&#038;p=77045"},"modified":"2025-07-28T17:21:08","modified_gmt":"2025-07-28T15:21:08","slug":"ingeborg-pohl-kinderoase-tum-muenchen","status":"publish","type":"projekt","link":"https:\/\/ip217-154-147-205.pbiaas.com\/v80\/de\/projekt\/ingeborg-pohl-kinderoase-tum-muenchen\/","title":{"rendered":"Ingeborg Pohl Kinderoase an der TUM, M\u00fcnchen"},"content":{"rendered":"\n<p>Mitten auf dem dicht bebauten Campus der Technischen Universit\u00e4t M\u00fcnchen (TUM) gelegen, wird der Kindergarten den Kindern von Studierenden und Mitarbeitenden der TUM eine qualitativ hochwertige Betreuung bieten. Ab Ende 2025 wird es Platz f\u00fcr 60 Kinder geben, die sich auf 700 Quadratmetern entfalten k\u00f6nnen. K\u00e9r\u00e9 Architecture hat das gesamte Innere des Geb\u00e4udes gestaltet, in dem Kinder eine Reihe von R\u00e4umen in unterschiedlichen Gr\u00f6\u00dfen finden, die Kreativit\u00e4t anregen sollen. In Kooperation mit HK Architekten, die die Ausf\u00fchrungsplanung \u00fcbernehmen und auf Holzkonstruktionen spezialisiert sind, wird das Geb\u00e4ude realisiert. Mehrere Etagen sind durch Rutschen miteinander verbunden, und die Fassade des Geb\u00e4udes betont die spielerische Energie von Kindern.<\/p>\n\n\n\n<p>Das Geb\u00e4ude wird f\u00fcnf Etagen umfassen, wobei die Verwaltung im Erdgeschoss angesiedelt ist. Die Kinderbetreuungsr\u00e4ume sind nach Altersgruppen auf die mittleren drei Stockwerke verteilt. Das oberste Stockwerk ist eine \u00fcberdachte Dachterrasse, auf der die Kinder spielen und den gesch\u00fctzten Au\u00dfenbereich mit Panoramablick \u00fcber M\u00fcnchen genie\u00dfen k\u00f6nnen. Dieser Au\u00dfenbereich wird &#8222;Himmelswiese&#8220; genannt.<\/p>\n\n\n\n<p>Der Neubau auf dem TUM-Campus wird gr\u00f6\u00dftenteils aus Holz gebaut, wobei die lokalen Normen und Standards f\u00fcr Energieeffizienz, thermischen Komfort, Brandschutz und Akustik ber\u00fccksichtigt werden. Ziel ist es, den CO2-Fu\u00dfabdruck des Geb\u00e4udes zu minimieren und gleichzeitig eine einfache und hochwertige Konstruktion im Einklang mit der Philosophie von K\u00e9r\u00e9 Architecture zu gew\u00e4hrleisten.<\/p>\n\n\n\n<p>Spatenstich <a href=\"https:\/\/www.hkarchitekten.at\/v74\/ankuendigung\/spatenstich-muenchen-ingeborg-pohl-kinderoase-tum-kooperation-mit-francis-kere\/\">LINK<\/a><\/p>\n\n\n\n<div style=\"height:50px\" aria-hidden=\"true\" class=\"wp-block-spacer\"><\/div>\n\n\n\n<p><strong>Faktenbox<\/strong><\/p>\n\n\n\n<p>Entwurfsplanung: <a href=\"https:\/\/www.kerearchitecture.com\/\">K\u00e9r\u00e9 Architecture<\/a><br>Ausf\u00fchrungsplanung: HK Architekten<\/p>\n\n\n\n<p>Nutzung: Krippe und Kindergarten f\u00fcr die TU M\u00fcnchen<br>5 Stockwerke<br>Gesamt 60 Kinder, 12 &#8211; U3 \/ 48 &#8211; \u00dc3<\/p>\n","protected":false},"excerpt":{"rendered":"<p>Mitten auf dem dicht bebauten Campus der Technischen Universit\u00e4t M\u00fcnchen (TUM) gelegen, wird der Kindergarten den Kindern von Studierenden und Mitarbeitenden der TUM eine qualitativ hochwertige Betreuung bieten. Ab Ende 2025 wird es Platz f\u00fcr 60 Kinder geben, die sich auf 700 Quadratmetern entfalten k\u00f6nnen. K\u00e9r\u00e9 Architecture hat das gesamte Innere des Geb\u00e4udes gestaltet, in [&hellip;]<\/p>\n","protected":false},"featured_media":77372,"template":"","tags":[],"publik":[975],"projekt-art":[957],"projekt-land":[939],"projekt-status":[942],"projekt-kategorie":[918],"projektphase":[],"class_list":["post-77045","projekt","type-projekt","status-publish","has-post-thumbnail","hentry","publik-projektbeschreibung","projekt-art-neubau","projekt-land-deutschland","projekt-status-im-bau","projekt-kategorie-bildung","projektkategorie-bauphase"],"acf":[],"_links":{"self":[{"href":"https:\/\/ip217-154-147-205.pbiaas.com\/v80\/de\/wp-json\/wp\/v2\/projekt\/77045","targetHints":{"allow":["GET"]}}],"collection":[{"href":"https:\/\/ip217-154-147-205.pbiaas.com\/v80\/de\/wp-json\/wp\/v2\/projekt"}],"about":[{"href":"https:\/\/ip217-154-147-205.pbiaas.com\/v80\/de\/wp-json\/wp\/v2\/types\/projekt"}],"wp:featuredmedia":[{"embeddable":true,"href":"https:\/\/ip217-154-147-205.pbiaas.com\/v80\/de\/wp-json\/wp\/v2\/media\/77372"}],"wp:attachment":[{"href":"https:\/\/ip217-154-147-205.pbiaas.com\/v80\/de\/wp-json\/wp\/v2\/media?parent=77045"}],"wp:term":[{"taxonomy":"post_tag","embeddable":true,"href":"https:\/\/ip217-154-147-205.pbiaas.com\/v80\/de\/wp-json\/wp\/v2\/tags?post=77045"},{"taxonomy":"publik","embeddable":true,"href":"https:\/\/ip217-154-147-205.pbiaas.com\/v80\/de\/wp-json\/wp\/v2\/publik?post=77045"},{"taxonomy":"projekt-art","embeddable":true,"href":"https:\/\/ip217-154-147-205.pbiaas.com\/v80\/de\/wp-json\/wp\/v2\/projekt-art?post=77045"},{"taxonomy":"projekt-land","embeddable":true,"href":"https:\/\/ip217-154-147-205.pbiaas.com\/v80\/de\/wp-json\/wp\/v2\/projekt-land?post=77045"},{"taxonomy":"projekt-status","embeddable":true,"href":"https:\/\/ip217-154-147-205.pbiaas.com\/v80\/de\/wp-json\/wp\/v2\/projekt-status?post=77045"},{"taxonomy":"projekt-kategorie","embeddable":true,"href":"https:\/\/ip217-154-147-205.pbiaas.com\/v80\/de\/wp-json\/wp\/v2\/projekt-kategorie?post=77045"},{"taxonomy":"projektphase","embeddable":true,"href":"https:\/\/ip217-154-147-205.pbiaas.com\/v80\/de\/wp-json\/wp\/v2\/projektphase?post=77045"}],"curies":[{"name":"wp","href":"https:\/\/api.w.org\/{rel}","templated":true}]}}